{"id":9744,"date":"2023-09-25T16:34:15","date_gmt":"2023-09-25T14:34:15","guid":{"rendered":"https:\/\/litteraturbanken.se\/ljudochbild\/?page_id=9744"},"modified":"2023-12-13T15:41:21","modified_gmt":"2023-12-13T14:41:21","slug":"lyssna","status":"publish","type":"page","link":"https:\/\/litteraturbanken.se\/ljudochbild\/lyssna\/","title":{"rendered":"Lyssna p\u00e5 Litteraturbanken"},"content":{"rendered":"\n<p class=\"has-background\" style=\"background-color:#f2e582\">Nedanf\u00f6r finner du ett litet smakprov p\u00e5 Litteraturbankens ljudsamlingar. H\u00e4r listar vi i huvudsak historiska inl\u00e4sningar av f\u00f6rfattarna sj\u00e4lva, men h\u00e4r l\u00e4r du ocks\u00e5 st\u00f6ta p\u00e5 samtida inl\u00e4sare som Dan Berglund, Stina Ekblad och Agneta Pleijel.<br><br>Vill du lyssna mer p\u00e5 en s\u00e4rskild f\u00f6rfattare kan du klicka dig vidare till dennas f\u00f6rfattarsida. \u2013 Saknar du en s\u00e4rskild poet i listan? V\u00e5rt ljudbibliotek rymmer m\u00e5nga fler namn \u00e4n vad som f\u00e5r plats h\u00e4r nedanf\u00f6r. Klicka dig fram till resten av f\u00f6rfattarna med hj\u00e4lp av menyn till v\u00e4nster.<br><br><em>Inl\u00e4sningarna tillg\u00e4ngligg\u00f6rs h\u00e4r med tillst\u00e5nd fr\u00e5n r\u00e4ttighetshavarna och Sveriges Radio.<\/em><\/p>\n\n\n\n<div style=\"height:30px\" aria-hidden=\"true\" class=\"wp-block-spacer\"><\/div>\n\n\n\n<h2 class=\"wp-block-heading\">WERNER ASPENSTR\u00d6M<\/h2>\n\n\n\n<div style=\"height:10px\" aria-hidden=\"true\" class=\"wp-block-spacer\"><\/div>\n\n\n\n<div class=\"wp-playlist wp-audio-playlist wp-playlist-light\">\n\t\t\t<div class=\"wp-playlist-current-item\"><\/div>\n\t\t<audio controls=\"controls\" preload=\"none\" width=\"618\"\n\t\t\t><\/audio>\n\t<div class=\"wp-playlist-next\"><\/div>\n\t<div class=\"wp-playlist-prev\"><\/div>\n\t<noscript>\n\t<ol>\n\t\t<li><a href='https:\/\/litteraturbanken.se\/ljudochbild\/wp-content\/uploads\/2019\/11\/aspenstrom_forekristusefterkristus_aspenstrom.mp3'>F\u00f6re Kristus, efter Kristus<\/a><\/li><li><a href='https:\/\/litteraturbanken.se\/ljudochbild\/wp-content\/uploads\/2019\/11\/aspenstrom_bondestudentenssistabrev_aspenstrom.mp3'>Bondestudentens sista brev<\/a><\/li><li><a href='https:\/\/litteraturbanken.se\/ljudochbild\/wp-content\/uploads\/2019\/11\/aspenstrom_sjaleninorden_aspenstrom.mp3'>Sj\u00e4len i Norden<\/a><\/li><li><a href='https:\/\/litteraturbanken.se\/ljudochbild\/wp-content\/uploads\/2019\/11\/aspenstrom_varldsforklaring_aspenstrom.mp3'>V\u00e4rldsf\u00f6rklaring<\/a><\/li><li><a href='https:\/\/litteraturbanken.se\/ljudochbild\/wp-content\/uploads\/2019\/11\/aspenstrom_endagpalandet_aspenstrom.mp3'>En dag p\u00e5 landet<\/a><\/li><li><a href='https:\/\/litteraturbanken.se\/ljudochbild\/wp-content\/uploads\/2019\/11\/aspenstrom_klockorna_aspenstrom.mp3'>Klockorna<\/a><\/li><li><a href='https:\/\/litteraturbanken.se\/ljudochbild\/wp-content\/uploads\/2019\/11\/aspenstrom_trappan_aspenstrom.mp3'>Trappan<\/a><\/li><li><a href='https:\/\/litteraturbanken.se\/ljudochbild\/wp-content\/uploads\/2019\/11\/aspenstrom_poesi_aspenstrom.mp3'>Poesi<\/a><\/li><li><a href='https:\/\/litteraturbanken.se\/ljudochbild\/wp-content\/uploads\/2019\/11\/aspenstrom_karlekenochdoden_aspenstrom.mp3'>K\u00e4rleken och d\u00f6den<\/a><\/li><li><a href='https:\/\/litteraturbanken.se\/ljudochbild\/wp-content\/uploads\/2019\/11\/aspenstrom_ejblirdetnatt_aspenstrom.mp3'>Ej blir det natt<\/a><\/li>\t<\/ol>\n\t<\/noscript>\n\t<script type=\"application\/json\" class=\"wp-playlist-script\">{\"type\":\"audio\",\"tracklist\":true,\"tracknumbers\":true,\"images\":true,\"artists\":true,\"tracks\":[{\"src\":\"https:\/\/litteraturbanken.se\/ljudochbild\/wp-content\/uploads\/2019\/11\/aspenstrom_forekristusefterkristus_aspenstrom.mp3\",\"type\":\"audio\/mpeg\",\"title\":\"F\\u00f6re Kristus, efter Kristus\",\"caption\":\"\",\"description\":\"\\\"F\\u00f6re Kristus, efter Kristus\\\" fr\\u00e5n Werner Aspenstr\\u00f6m l\\u00e4ser egna dikter av Aspenstr\\u00f6m, Werner. Sl\\u00e4ppt: 1963. Sp\\u00e5r 1 av 10.\",\"meta\":{\"artist\":\"Werner Aspenstr\\u00f6m l\\u00e4ser egna dikter (1963)\",\"album\":\"Werner Aspenstr\\u00f6m\"},\"image\":{\"src\":\"https:\/\/litteraturbanken.se\/ljudochbild\/wp-content\/uploads\/2019\/09\/wide_gub_wide-mp3-image.png\",\"width\":580,\"height\":612},\"thumb\":{\"src\":\"https:\/\/litteraturbanken.se\/ljudochbild\/wp-content\/uploads\/2019\/09\/wide_gub_wide-mp3-image-150x150.png\",\"width\":150,\"height\":150}},{\"src\":\"https:\/\/litteraturbanken.se\/ljudochbild\/wp-content\/uploads\/2019\/11\/aspenstrom_bondestudentenssistabrev_aspenstrom.mp3\",\"type\":\"audio\/mpeg\",\"title\":\"Bondestudentens sista brev\",\"caption\":\"\",\"description\":\"\\\"Bondestudentens sista brev\\\" fr\\u00e5n Werner Aspenstr\\u00f6m l\\u00e4ser egna dikter av Aspenstr\\u00f6m, Werner. Sl\\u00e4ppt: 1963. Sp\\u00e5r 2 av 10.\",\"meta\":{\"artist\":\"Werner Aspenstr\\u00f6m l\\u00e4ser egna dikter (1963)\",\"album\":\"Werner Aspenstr\\u00f6m\"},\"image\":{\"src\":\"https:\/\/litteraturbanken.se\/ljudochbild\/wp-content\/uploads\/2019\/09\/wide_gub_wide-mp3-image.png\",\"width\":580,\"height\":612},\"thumb\":{\"src\":\"https:\/\/litteraturbanken.se\/ljudochbild\/wp-content\/uploads\/2019\/09\/wide_gub_wide-mp3-image-150x150.png\",\"width\":150,\"height\":150}},{\"src\":\"https:\/\/litteraturbanken.se\/ljudochbild\/wp-content\/uploads\/2019\/11\/aspenstrom_sjaleninorden_aspenstrom.mp3\",\"type\":\"audio\/mpeg\",\"title\":\"Sj\\u00e4len i Norden\",\"caption\":\"\",\"description\":\"\\\"Sj\\u00e4len i Norden\\\" fr\\u00e5n Werner Aspenstr\\u00f6m l\\u00e4ser egna dikter av Aspenstr\\u00f6m, Werner. Sl\\u00e4ppt: 1963. Sp\\u00e5r 3 av 10.\",\"meta\":{\"artist\":\"Werner Aspenstr\\u00f6m l\\u00e4ser egna dikter (1963)\",\"album\":\"Werner Aspenstr\\u00f6m\"},\"image\":{\"src\":\"https:\/\/litteraturbanken.se\/ljudochbild\/wp-content\/uploads\/2019\/09\/wide_gub_wide-mp3-image.png\",\"width\":580,\"height\":612},\"thumb\":{\"src\":\"https:\/\/litteraturbanken.se\/ljudochbild\/wp-content\/uploads\/2019\/09\/wide_gub_wide-mp3-image-150x150.png\",\"width\":150,\"height\":150}},{\"src\":\"https:\/\/litteraturbanken.se\/ljudochbild\/wp-content\/uploads\/2019\/11\/aspenstrom_varldsforklaring_aspenstrom.mp3\",\"type\":\"audio\/mpeg\",\"title\":\"V\\u00e4rldsf\\u00f6rklaring\",\"caption\":\"\",\"description\":\"\\\"V\\u00e4rldsf\\u00f6rklaring\\\" fr\\u00e5n Werner Aspenstr\\u00f6m l\\u00e4ser egna dikter av Aspenstr\\u00f6m, Werner. Sl\\u00e4ppt: 1963. Sp\\u00e5r 4 av 10.\",\"meta\":{\"artist\":\"Werner Aspenstr\\u00f6m l\\u00e4ser egna dikter (1963)\",\"album\":\"Werner Aspenstr\\u00f6m\"},\"image\":{\"src\":\"https:\/\/litteraturbanken.se\/ljudochbild\/wp-content\/uploads\/2019\/09\/wide_gub_wide-mp3-image.png\",\"width\":580,\"height\":612},\"thumb\":{\"src\":\"https:\/\/litteraturbanken.se\/ljudochbild\/wp-content\/uploads\/2019\/09\/wide_gub_wide-mp3-image-150x150.png\",\"width\":150,\"height\":150}},{\"src\":\"https:\/\/litteraturbanken.se\/ljudochbild\/wp-content\/uploads\/2019\/11\/aspenstrom_endagpalandet_aspenstrom.mp3\",\"type\":\"audio\/mpeg\",\"title\":\"En dag p\\u00e5 landet\",\"caption\":\"\",\"description\":\"\\\"En dag p\\u00e5 landet\\\" fr\\u00e5n Werner Aspenstr\\u00f6m l\\u00e4ser egna dikter av Aspenstr\\u00f6m, Werner. Sl\\u00e4ppt: 1963. Sp\\u00e5r 5 av 10.\",\"meta\":{\"artist\":\"Werner Aspenstr\\u00f6m l\\u00e4ser egna dikter (1963)\",\"album\":\"Werner Aspenstr\\u00f6m\"},\"image\":{\"src\":\"https:\/\/litteraturbanken.se\/ljudochbild\/wp-content\/uploads\/2019\/09\/wide_gub_wide-mp3-image.png\",\"width\":580,\"height\":612},\"thumb\":{\"src\":\"https:\/\/litteraturbanken.se\/ljudochbild\/wp-content\/uploads\/2019\/09\/wide_gub_wide-mp3-image-150x150.png\",\"width\":150,\"height\":150}},{\"src\":\"https:\/\/litteraturbanken.se\/ljudochbild\/wp-content\/uploads\/2019\/11\/aspenstrom_klockorna_aspenstrom.mp3\",\"type\":\"audio\/mpeg\",\"title\":\"Klockorna\",\"caption\":\"\",\"description\":\"\\\"Klockorna\\\" fr\\u00e5n Werner Aspenstr\\u00f6m l\\u00e4ser egna dikter av Aspenstr\\u00f6m, Werner. Sl\\u00e4ppt: 1963. Sp\\u00e5r 6 av 10.\",\"meta\":{\"artist\":\"Werner Aspenstr\\u00f6m l\\u00e4ser egna dikter (1963)\",\"album\":\"Werner Aspenstr\\u00f6m\"},\"image\":{\"src\":\"https:\/\/litteraturbanken.se\/ljudochbild\/wp-content\/uploads\/2019\/09\/wide_gub_wide-mp3-image.png\",\"width\":580,\"height\":612},\"thumb\":{\"src\":\"https:\/\/litteraturbanken.se\/ljudochbild\/wp-content\/uploads\/2019\/09\/wide_gub_wide-mp3-image-150x150.png\",\"width\":150,\"height\":150}},{\"src\":\"https:\/\/litteraturbanken.se\/ljudochbild\/wp-content\/uploads\/2019\/11\/aspenstrom_trappan_aspenstrom.mp3\",\"type\":\"audio\/mpeg\",\"title\":\"Trappan\",\"caption\":\"\",\"description\":\"\\\"Trappan\\\" fr\\u00e5n Werner Aspenstr\\u00f6m l\\u00e4ser egna dikter av Aspenstr\\u00f6m, Werner. Sl\\u00e4ppt: 1963. Sp\\u00e5r 7 av 10.\",\"meta\":{\"artist\":\"Werner Aspenstr\\u00f6m l\\u00e4ser egna dikter (1963)\",\"album\":\"Werner Aspenstr\\u00f6m\"},\"image\":{\"src\":\"https:\/\/litteraturbanken.se\/ljudochbild\/wp-content\/uploads\/2019\/09\/wide_gub_wide-mp3-image.png\",\"width\":580,\"height\":612},\"thumb\":{\"src\":\"https:\/\/litteraturbanken.se\/ljudochbild\/wp-content\/uploads\/2019\/09\/wide_gub_wide-mp3-image-150x150.png\",\"width\":150,\"height\":150}},{\"src\":\"https:\/\/litteraturbanken.se\/ljudochbild\/wp-content\/uploads\/2019\/11\/aspenstrom_poesi_aspenstrom.mp3\",\"type\":\"audio\/mpeg\",\"title\":\"Poesi\",\"caption\":\"\",\"description\":\"\\\"Poesi\\\" fr\\u00e5n Werner Aspenstr\\u00f6m l\\u00e4ser egna dikter av Aspenstr\\u00f6m, Werner. Sl\\u00e4ppt: 1963. Sp\\u00e5r 8 av 10.\",\"meta\":{\"artist\":\"Werner Aspenstr\\u00f6m l\\u00e4ser egna dikter (1963)\",\"album\":\"Werner Aspenstr\\u00f6m\"},\"image\":{\"src\":\"https:\/\/litteraturbanken.se\/ljudochbild\/wp-content\/uploads\/2019\/09\/wide_gub_wide-mp3-image.png\",\"width\":580,\"height\":612},\"thumb\":{\"src\":\"https:\/\/litteraturbanken.se\/ljudochbild\/wp-content\/uploads\/2019\/09\/wide_gub_wide-mp3-image-150x150.png\",\"width\":150,\"height\":150}},{\"src\":\"https:\/\/litteraturbanken.se\/ljudochbild\/wp-content\/uploads\/2019\/11\/aspenstrom_karlekenochdoden_aspenstrom.mp3\",\"type\":\"audio\/mpeg\",\"title\":\"K\\u00e4rleken och d\\u00f6den\",\"caption\":\"\",\"description\":\"\\\"K\\u00e4rleken och d\\u00f6den\\\" fr\\u00e5n Werner Aspenstr\\u00f6m l\\u00e4ser egna dikter av Aspenstr\\u00f6m, Werner. Sl\\u00e4ppt: 1963. Sp\\u00e5r 9 av 10.\",\"meta\":{\"artist\":\"Werner Aspenstr\\u00f6m l\\u00e4ser egna dikter (1963)\",\"album\":\"Werner Aspenstr\\u00f6m\"},\"image\":{\"src\":\"https:\/\/litteraturbanken.se\/ljudochbild\/wp-content\/uploads\/2019\/09\/wide_gub_wide-mp3-image.png\",\"width\":580,\"height\":612},\"thumb\":{\"src\":\"https:\/\/litteraturbanken.se\/ljudochbild\/wp-content\/uploads\/2019\/09\/wide_gub_wide-mp3-image-150x150.png\",\"width\":150,\"height\":150}},{\"src\":\"https:\/\/litteraturbanken.se\/ljudochbild\/wp-content\/uploads\/2019\/11\/aspenstrom_ejblirdetnatt_aspenstrom.mp3\",\"type\":\"audio\/mpeg\",\"title\":\"Ej blir det natt\",\"caption\":\"\",\"description\":\"\\\"Ej blir det natt\\\" fr\\u00e5n Werner Aspenstr\\u00f6m l\\u00e4ser egna dikter av Aspenstr\\u00f6m, Werner. Sl\\u00e4ppt: 1963. Sp\\u00e5r 10 av 10.\",\"meta\":{\"artist\":\"Werner Aspenstr\\u00f6m l\\u00e4ser egna dikter (1963)\",\"album\":\"Werner Aspenstr\\u00f6m\"},\"image\":{\"src\":\"https:\/\/litteraturbanken.se\/ljudochbild\/wp-content\/uploads\/2019\/09\/wide_gub_wide-mp3-image.png\",\"width\":580,\"height\":612},\"thumb\":{\"src\":\"https:\/\/litteraturbanken.se\/ljudochbild\/wp-content\/uploads\/2019\/09\/wide_gub_wide-mp3-image-150x150.png\",\"width\":150,\"height\":150}}]}<\/script>\n<\/div>\n\t\n\n\n\n<div style=\"height:1px\" aria-hidden=\"true\" class=\"wp-block-spacer\"><\/div>\n\n\n\n<h5 class=\"wp-block-heading\"><a href=\"https:\/\/litteraturbanken.se\/ljudochbild\/forfattare\/aspenstromw\/\">H\u00d6R FLER WERNER ASPENSTR\u00d6M-INL\u00c4SNINGAR H\u00c4R.<\/a><\/h5>\n\n\n\n<div style=\"height:20px\" aria-hidden=\"true\" class=\"wp-block-spacer\"><\/div>\n\n\n\n<figure class=\"wp-block-gallery has-nested-images columns-default is-cropped wp-block-gallery-1 is-layout-flex wp-block-gallery-is-layout-flex\">\n<figure class=\"wp-block-image size-large\"><img loading=\"lazy\" decoding=\"async\" width=\"600\" height=\"821\" data-id=\"9861\" src=\"https:\/\/litteraturbanken.se\/ljudochbild\/wp-content\/uploads\/2023\/09\/aspenstrom1.jpg\" alt=\"\" class=\"wp-image-9861\" srcset=\"https:\/\/litteraturbanken.se\/ljudochbild\/wp-content\/uploads\/2023\/09\/aspenstrom1.jpg 600w, https:\/\/litteraturbanken.se\/ljudochbild\/wp-content\/uploads\/2023\/09\/aspenstrom1-219x300.jpg 219w, https:\/\/litteraturbanken.se\/ljudochbild\/wp-content\/uploads\/2023\/09\/aspenstrom1-480x657.jpg 480w\" sizes=\"auto, (max-width: 600px) 100vw, 600px\" \/><\/figure>\n\n\n\n<figure class=\"wp-block-image size-large\"><img loading=\"lazy\" decoding=\"async\" width=\"600\" height=\"760\" data-id=\"9863\" src=\"https:\/\/litteraturbanken.se\/ljudochbild\/wp-content\/uploads\/2023\/09\/aspenstrom3.jpg\" alt=\"\" class=\"wp-image-9863\" srcset=\"https:\/\/litteraturbanken.se\/ljudochbild\/wp-content\/uploads\/2023\/09\/aspenstrom3.jpg 600w, https:\/\/litteraturbanken.se\/ljudochbild\/wp-content\/uploads\/2023\/09\/aspenstrom3-237x300.jpg 237w, https:\/\/litteraturbanken.se\/ljudochbild\/wp-content\/uploads\/2023\/09\/aspenstrom3-480x608.jpg 480w\" sizes=\"auto, (max-width: 600px) 100vw, 600px\" \/><\/figure>\n\n\n\n<figure class=\"wp-block-image size-large\"><img loading=\"lazy\" decoding=\"async\" width=\"600\" height=\"785\" data-id=\"9862\" src=\"https:\/\/litteraturbanken.se\/ljudochbild\/wp-content\/uploads\/2023\/09\/aspenstrom2.jpg\" alt=\"\" class=\"wp-image-9862\" srcset=\"https:\/\/litteraturbanken.se\/ljudochbild\/wp-content\/uploads\/2023\/09\/aspenstrom2.jpg 600w, https:\/\/litteraturbanken.se\/ljudochbild\/wp-content\/uploads\/2023\/09\/aspenstrom2-229x300.jpg 229w, https:\/\/litteraturbanken.se\/ljudochbild\/wp-content\/uploads\/2023\/09\/aspenstrom2-480x628.jpg 480w\" sizes=\"auto, (max-width: 600px) 100vw, 600px\" \/><\/figure>\n<\/figure>\n\n\n\n<div style=\"height:70px\" aria-hidden=\"true\" class=\"wp-block-spacer\"><\/div>\n\n\n\n<h2 class=\"wp-block-heading\">KARIN BOYE<\/h2>\n\n\n\n<div style=\"height:10px\" aria-hidden=\"true\" class=\"wp-block-spacer\"><\/div>\n\n\n\n<div class=\"wp-playlist wp-audio-playlist wp-playlist-light\">\n\t\t\t<div class=\"wp-playlist-current-item\"><\/div>\n\t\t<audio controls=\"controls\" preload=\"none\" width=\"618\"\n\t\t\t><\/audio>\n\t<div class=\"wp-playlist-next\"><\/div>\n\t<div class=\"wp-playlist-prev\"><\/div>\n\t<noscript>\n\t<ol>\n\t\t<li><a href='https:\/\/litteraturbanken.se\/ljudochbild\/wp-content\/uploads\/2019\/09\/boye_irorelse_boye.mp3'>I r\u00f6relse<\/a><\/li><li><a href='https:\/\/litteraturbanken.se\/ljudochbild\/wp-content\/uploads\/2019\/09\/boye_fordenstoraforodmjukelsenstimme_boye.mp3'>F\u00f6r den stora f\u00f6r\u00f6dmjukelsens timme<\/a><\/li><li><a href='https:\/\/litteraturbanken.se\/ljudochbild\/wp-content\/uploads\/2019\/09\/boye_osarbar_boye.mp3'>Os\u00e5rbar<\/a><\/li><li><a href='https:\/\/litteraturbanken.se\/ljudochbild\/wp-content\/uploads\/2019\/09\/boye_onskenatt_boye.mp3'>\u00d6nskenatt<\/a><\/li><li><a href='https:\/\/litteraturbanken.se\/ljudochbild\/wp-content\/uploads\/2019\/09\/boye_duarfroet_boye.mp3'>Du \u00e4r fr\u00f6et<\/a><\/li><li><a href='https:\/\/litteraturbanken.se\/ljudochbild\/wp-content\/uploads\/2019\/09\/boye_idyll_boye.mp3'>Idyll<\/a><\/li><li><a href='https:\/\/litteraturbanken.se\/ljudochbild\/wp-content\/uploads\/2019\/09\/boye_onskan_boye.mp3'>\u00d6nskan<\/a><\/li><li><a href='https:\/\/litteraturbanken.se\/ljudochbild\/wp-content\/uploads\/2019\/09\/boye_evighet_boye.mp3'>Evighet<\/a><\/li><li><a href='https:\/\/litteraturbanken.se\/ljudochbild\/wp-content\/uploads\/2019\/09\/boye_omkringossstortarallt_boye.mp3'>Hur kan f\u00f6rtr\u00f6stan leva?<\/a><\/li><li><a href='https:\/\/litteraturbanken.se\/ljudochbild\/wp-content\/uploads\/2019\/09\/boye_javisstgordetont_boye.mp3'>Ja visst g\u00f6r det ont<\/a><\/li><li><a href='https:\/\/litteraturbanken.se\/ljudochbild\/wp-content\/uploads\/2022\/02\/boye_jagvillmota_boye.mp3'>Jag vill m\u00f6ta ...<\/a><\/li>\t<\/ol>\n\t<\/noscript>\n\t<script type=\"application\/json\" class=\"wp-playlist-script\">{\"type\":\"audio\",\"tracklist\":true,\"tracknumbers\":true,\"images\":true,\"artists\":true,\"tracks\":[{\"src\":\"https:\/\/litteraturbanken.se\/ljudochbild\/wp-content\/uploads\/2019\/09\/boye_irorelse_boye.mp3\",\"type\":\"audio\/mpeg\",\"title\":\"I r\\u00f6relse\",\"caption\":\"\",\"description\":\"\\\"I r\\u00f6relse\\\" fr\\u00e5n Karin Boye l\\u00e4ser egna dikter av Boye, Karin. Sp\\u00e5r 5 av 10.\",\"meta\":{\"artist\":\"Karin Boye l\\u00e4ser egna dikter\",\"album\":\"Karin Boye\",\"length_formatted\":\"1:00\"},\"image\":{\"src\":\"https:\/\/litteraturbanken.se\/ljudochbild\/wp-content\/uploads\/2019\/09\/lb_albumart.png\",\"width\":580,\"height\":612},\"thumb\":{\"src\":\"https:\/\/litteraturbanken.se\/ljudochbild\/wp-content\/uploads\/2019\/09\/lb_albumart-150x150.png\",\"width\":150,\"height\":150}},{\"src\":\"https:\/\/litteraturbanken.se\/ljudochbild\/wp-content\/uploads\/2019\/09\/boye_fordenstoraforodmjukelsenstimme_boye.mp3\",\"type\":\"audio\/mpeg\",\"title\":\"F\\u00f6r den stora f\\u00f6r\\u00f6dmjukelsens timme\",\"caption\":\"\",\"description\":\"\\\"F\\u00f6r den stora f\\u00f6r\\u00f6dmjukelsens timme\\\" fr\\u00e5n Karin Boye l\\u00e4ser egna dikter av Boye, Karin. Sp\\u00e5r 4 av 10.\",\"meta\":{\"artist\":\"Karin Boye l\\u00e4ser egna dikter\",\"album\":\"Karin Boye\"},\"image\":{\"src\":\"https:\/\/litteraturbanken.se\/ljudochbild\/wp-content\/plugins\/media-library-assistant\/images\/crystal\/audio.png\",\"width\":48,\"height\":64},\"thumb\":{\"src\":\"https:\/\/litteraturbanken.se\/ljudochbild\/wp-content\/plugins\/media-library-assistant\/images\/crystal\/audio.png\",\"width\":48,\"height\":64}},{\"src\":\"https:\/\/litteraturbanken.se\/ljudochbild\/wp-content\/uploads\/2019\/09\/boye_osarbar_boye.mp3\",\"type\":\"audio\/mpeg\",\"title\":\"Os\\u00e5rbar\",\"caption\":\"\",\"description\":\"\\\"Os\\u00e5rbar\\\" fr\\u00e5n Karin Boye l\\u00e4ser egna dikter av Boye, Karin. Sp\\u00e5r 8 av 10.\",\"meta\":{\"artist\":\"Karin Boye l\\u00e4ser egna dikter\",\"album\":\"Karin Boye\",\"length_formatted\":\"1:10\"},\"image\":{\"src\":\"https:\/\/litteraturbanken.se\/ljudochbild\/wp-content\/plugins\/media-library-assistant\/images\/crystal\/audio.png\",\"width\":48,\"height\":64},\"thumb\":{\"src\":\"https:\/\/litteraturbanken.se\/ljudochbild\/wp-content\/plugins\/media-library-assistant\/images\/crystal\/audio.png\",\"width\":48,\"height\":64}},{\"src\":\"https:\/\/litteraturbanken.se\/ljudochbild\/wp-content\/uploads\/2019\/09\/boye_onskenatt_boye.mp3\",\"type\":\"audio\/mpeg\",\"title\":\"\\u00d6nskenatt\",\"caption\":\"\",\"description\":\"\\\"\\u00d6nskenatt\\\" fr\\u00e5n Karin Boye l\\u00e4ser egna dikter av Boye, Karin. Sp\\u00e5r 9 av 10.\",\"meta\":{\"artist\":\"Karin Boye l\\u00e4ser egna dikter\",\"album\":\"Karin Boye\",\"length_formatted\":\"1:11\"},\"image\":{\"src\":\"https:\/\/litteraturbanken.se\/ljudochbild\/wp-content\/plugins\/media-library-assistant\/images\/crystal\/audio.png\",\"width\":48,\"height\":64},\"thumb\":{\"src\":\"https:\/\/litteraturbanken.se\/ljudochbild\/wp-content\/plugins\/media-library-assistant\/images\/crystal\/audio.png\",\"width\":48,\"height\":64}},{\"src\":\"https:\/\/litteraturbanken.se\/ljudochbild\/wp-content\/uploads\/2019\/09\/boye_duarfroet_boye.mp3\",\"type\":\"audio\/mpeg\",\"title\":\"Du \\u00e4r fr\\u00f6et\",\"caption\":\"\",\"description\":\"\\\"Du \\u00e4r fr\\u00f6et\\\" fr\\u00e5n Karin Boye l\\u00e4ser egna dikter av Boye, Karin. Sp\\u00e5r 2 av 10.\",\"meta\":{\"artist\":\"Karin Boye l\\u00e4ser egna dikter\",\"album\":\"Karin Boye\"},\"image\":{\"src\":\"https:\/\/litteraturbanken.se\/ljudochbild\/wp-content\/plugins\/media-library-assistant\/images\/crystal\/audio.png\",\"width\":48,\"height\":64},\"thumb\":{\"src\":\"https:\/\/litteraturbanken.se\/ljudochbild\/wp-content\/plugins\/media-library-assistant\/images\/crystal\/audio.png\",\"width\":48,\"height\":64}},{\"src\":\"https:\/\/litteraturbanken.se\/ljudochbild\/wp-content\/uploads\/2019\/09\/boye_idyll_boye.mp3\",\"type\":\"audio\/mpeg\",\"title\":\"Idyll\",\"caption\":\"\",\"description\":\"\\\"Idyll\\\" fr\\u00e5n Karin Boye l\\u00e4ser egna dikter av Boye, Karin. Sp\\u00e5r 1 av 10.\",\"meta\":{\"artist\":\"Karin Boye l\\u00e4ser egna dikter\",\"album\":\"Karin Boye\"},\"image\":{\"src\":\"https:\/\/litteraturbanken.se\/ljudochbild\/wp-content\/uploads\/2019\/09\/lb_albumart-2.png\",\"width\":580,\"height\":612},\"thumb\":{\"src\":\"https:\/\/litteraturbanken.se\/ljudochbild\/wp-content\/uploads\/2019\/09\/lb_albumart-2-150x150.png\",\"width\":150,\"height\":150}},{\"src\":\"https:\/\/litteraturbanken.se\/ljudochbild\/wp-content\/uploads\/2019\/09\/boye_onskan_boye.mp3\",\"type\":\"audio\/mpeg\",\"title\":\"\\u00d6nskan\",\"caption\":\"\",\"description\":\"\\\"\\u00d6nskan\\\" fr\\u00e5n Karin Boye l\\u00e4ser egna dikter av Boye, Karin. Sp\\u00e5r 10 av 10.\",\"meta\":{\"artist\":\"Karin Boye l\\u00e4ser egna dikter\",\"album\":\"Karin Boye\",\"length_formatted\":\"1:29\"},\"image\":{\"src\":\"https:\/\/litteraturbanken.se\/ljudochbild\/wp-content\/plugins\/media-library-assistant\/images\/crystal\/audio.png\",\"width\":48,\"height\":64},\"thumb\":{\"src\":\"https:\/\/litteraturbanken.se\/ljudochbild\/wp-content\/plugins\/media-library-assistant\/images\/crystal\/audio.png\",\"width\":48,\"height\":64}},{\"src\":\"https:\/\/litteraturbanken.se\/ljudochbild\/wp-content\/uploads\/2019\/09\/boye_evighet_boye.mp3\",\"type\":\"audio\/mpeg\",\"title\":\"Evighet\",\"caption\":\"\",\"description\":\"\\\"Evighet\\\" fr\\u00e5n Karin Boye l\\u00e4ser egna dikter av Boye, Karin. Sp\\u00e5r 3 av 10.\",\"meta\":{\"artist\":\"Karin Boye l\\u00e4ser egna dikter\",\"album\":\"Karin Boye\"},\"image\":{\"src\":\"https:\/\/litteraturbanken.se\/ljudochbild\/wp-content\/plugins\/media-library-assistant\/images\/crystal\/audio.png\",\"width\":48,\"height\":64},\"thumb\":{\"src\":\"https:\/\/litteraturbanken.se\/ljudochbild\/wp-content\/plugins\/media-library-assistant\/images\/crystal\/audio.png\",\"width\":48,\"height\":64}},{\"src\":\"https:\/\/litteraturbanken.se\/ljudochbild\/wp-content\/uploads\/2019\/09\/boye_omkringossstortarallt_boye.mp3\",\"type\":\"audio\/mpeg\",\"title\":\"Hur kan f\\u00f6rtr\\u00f6stan leva?\",\"caption\":\"\",\"description\":\"\\\"Omkring oss st\\u00f6rtar allt\\\" fr\\u00e5n Karin Boye l\\u00e4ser egna dikter av Boye, Karin. Sp\\u00e5r 7 av 10.\",\"meta\":{\"artist\":\"Karin Boye l\\u00e4ser egna dikter\",\"album\":\"Karin Boye\",\"length_formatted\":\"2:02\"},\"image\":{\"src\":\"https:\/\/litteraturbanken.se\/ljudochbild\/wp-content\/plugins\/media-library-assistant\/images\/crystal\/audio.png\",\"width\":48,\"height\":64},\"thumb\":{\"src\":\"https:\/\/litteraturbanken.se\/ljudochbild\/wp-content\/plugins\/media-library-assistant\/images\/crystal\/audio.png\",\"width\":48,\"height\":64}},{\"src\":\"https:\/\/litteraturbanken.se\/ljudochbild\/wp-content\/uploads\/2019\/09\/boye_javisstgordetont_boye.mp3\",\"type\":\"audio\/mpeg\",\"title\":\"Ja visst g\\u00f6r det ont\",\"caption\":\"\",\"description\":\"\\\"Ja visst g\\u00f6r det ont \\u2026\\\" fr\\u00e5n Karin Boye l\\u00e4ser egna dikter av Boye, Karin. Sp\\u00e5r 6 av 10.\",\"meta\":{\"artist\":\"Karin Boye l\\u00e4ser egna dikter\",\"album\":\"Karin Boye\"},\"image\":{\"src\":\"https:\/\/litteraturbanken.se\/ljudochbild\/wp-content\/plugins\/media-library-assistant\/images\/crystal\/audio.png\",\"width\":48,\"height\":64},\"thumb\":{\"src\":\"https:\/\/litteraturbanken.se\/ljudochbild\/wp-content\/plugins\/media-library-assistant\/images\/crystal\/audio.png\",\"width\":48,\"height\":64}},{\"src\":\"https:\/\/litteraturbanken.se\/ljudochbild\/wp-content\/uploads\/2022\/02\/boye_jagvillmota_boye.mp3\",\"type\":\"audio\/mpeg\",\"title\":\"Jag vill m\\u00f6ta ...\",\"caption\":\"\",\"description\":\"\\u201dboye_jagvillmota_boye\\u201d.\",\"meta\":{\"artist\":\"Karin Boye l\\u00e4ser egna dikter\",\"album\":\"Karin Boye\",\"length_formatted\":\"1:02\"},\"image\":{\"src\":\"https:\/\/litteraturbanken.se\/ljudochbild\/wp-content\/uploads\/2021\/02\/lb_albumart.png\",\"width\":580,\"height\":612},\"thumb\":{\"src\":\"https:\/\/litteraturbanken.se\/ljudochbild\/wp-content\/uploads\/2021\/02\/lb_albumart-150x150.png\",\"width\":150,\"height\":150}}]}<\/script>\n<\/div>\n\t\n\n\n\n<div style=\"height:1px\" aria-hidden=\"true\" class=\"wp-block-spacer\"><\/div>\n\n\n\n<h5 class=\"wp-block-heading\"><a href=\"https:\/\/litteraturbanken.se\/ljudochbild\/forfattare\/boyek\/\">H\u00d6R FLER KARIN BOYE-INL\u00c4SNINGAR H\u00c4R.<\/a><\/h5>\n\n\n\n<div style=\"height:20px\" aria-hidden=\"true\" class=\"wp-block-spacer\"><\/div>\n\n\n\n<figure class=\"wp-block-gallery has-nested-images columns-5 is-cropped wp-block-gallery-2 is-layout-flex wp-block-gallery-is-layout-flex\">\n<figure class=\"wp-block-image size-large\"><img loading=\"lazy\" decoding=\"async\" width=\"600\" height=\"633\" data-id=\"562\" src=\"https:\/\/litteraturbanken.se\/ljudochbild\/wp-content\/uploads\/2019\/06\/boye-e1560495626277.png\" alt=\"\" class=\"wp-image-562\" srcset=\"https:\/\/litteraturbanken.se\/ljudochbild\/wp-content\/uploads\/2019\/06\/boye-e1560495626277.png 600w, https:\/\/litteraturbanken.se\/ljudochbild\/wp-content\/uploads\/2019\/06\/boye-e1560495626277-284x300.png 284w, https:\/\/litteraturbanken.se\/ljudochbild\/wp-content\/uploads\/2019\/06\/boye-e1560495626277-480x506.png 480w\" sizes=\"auto, (max-width: 600px) 100vw, 600px\" \/><\/figure>\n\n\n\n<figure class=\"wp-block-image size-large\"><img loading=\"lazy\" decoding=\"async\" width=\"1200\" height=\"813\" data-id=\"9271\" src=\"https:\/\/litteraturbanken.se\/ljudochbild\/wp-content\/uploads\/2023\/05\/karinboye_sandbergmcguinne.jpg\" alt=\"Karin Boye\" class=\"wp-image-9271\" srcset=\"https:\/\/litteraturbanken.se\/ljudochbild\/wp-content\/uploads\/2023\/05\/karinboye_sandbergmcguinne.jpg 1200w, https:\/\/litteraturbanken.se\/ljudochbild\/wp-content\/uploads\/2023\/05\/karinboye_sandbergmcguinne-300x203.jpg 300w, https:\/\/litteraturbanken.se\/ljudochbild\/wp-content\/uploads\/2023\/05\/karinboye_sandbergmcguinne-1024x694.jpg 1024w, https:\/\/litteraturbanken.se\/ljudochbild\/wp-content\/uploads\/2023\/05\/karinboye_sandbergmcguinne-768x520.jpg 768w, https:\/\/litteraturbanken.se\/ljudochbild\/wp-content\/uploads\/2023\/05\/karinboye_sandbergmcguinne-480x325.jpg 480w\" sizes=\"auto, (max-width: 1200px) 100vw, 1200px\" \/><\/figure>\n\n\n\n<figure class=\"wp-block-image size-large\"><img loading=\"lazy\" decoding=\"async\" width=\"1200\" height=\"1259\" data-id=\"6493\" src=\"https:\/\/litteraturbanken.se\/ljudochbild\/wp-content\/uploads\/2022\/02\/boye2_lundh.jpg\" alt=\"\" class=\"wp-image-6493\" srcset=\"https:\/\/litteraturbanken.se\/ljudochbild\/wp-content\/uploads\/2022\/02\/boye2_lundh.jpg 1200w, https:\/\/litteraturbanken.se\/ljudochbild\/wp-content\/uploads\/2022\/02\/boye2_lundh-286x300.jpg 286w, https:\/\/litteraturbanken.se\/ljudochbild\/wp-content\/uploads\/2022\/02\/boye2_lundh-976x1024.jpg 976w, https:\/\/litteraturbanken.se\/ljudochbild\/wp-content\/uploads\/2022\/02\/boye2_lundh-768x806.jpg 768w, https:\/\/litteraturbanken.se\/ljudochbild\/wp-content\/uploads\/2022\/02\/boye2_lundh-480x504.jpg 480w\" sizes=\"auto, (max-width: 1200px) 100vw, 1200px\" \/><\/figure>\n\n\n\n<figure class=\"wp-block-image size-large\"><img loading=\"lazy\" decoding=\"async\" width=\"600\" height=\"1012\" data-id=\"201\" src=\"https:\/\/litteraturbanken.se\/ljudochbild\/wp-content\/uploads\/2019\/06\/BoyeK_large-e1559812521752.jpeg\" alt=\"\" class=\"wp-image-201\" srcset=\"https:\/\/litteraturbanken.se\/ljudochbild\/wp-content\/uploads\/2019\/06\/BoyeK_large-e1559812521752.jpeg 600w, https:\/\/litteraturbanken.se\/ljudochbild\/wp-content\/uploads\/2019\/06\/BoyeK_large-e1559812521752-178x300.jpeg 178w, https:\/\/litteraturbanken.se\/ljudochbild\/wp-content\/uploads\/2019\/06\/BoyeK_large-e1559812521752-480x810.jpeg 480w\" sizes=\"auto, (max-width: 600px) 100vw, 600px\" \/><\/figure>\n<\/figure>\n\n\n\n<div style=\"height:70px\" aria-hidden=\"true\" class=\"wp-block-spacer\"><\/div>\n\n\n\n<h2 class=\"wp-block-heading\">STIG DAGERMAN<\/h2>\n\n\n\n<div style=\"height:10px\" aria-hidden=\"true\" class=\"wp-block-spacer\"><\/div>\n\n\n<div class=\"wp-playlist wp-audio-playlist wp-playlist-light\">\n\t\t\t<div class=\"wp-playlist-current-item\"><\/div>\n\t\t<audio controls=\"controls\" preload=\"none\" width=\"618\"\n\t\t\t><\/audio>\n\t<div class=\"wp-playlist-next\"><\/div>\n\t<div class=\"wp-playlist-prev\"><\/div>\n\t<noscript>\n\t<ol>\n\t\t<li><a href='https:\/\/litteraturbanken.se\/ljudochbild\/wp-content\/uploads\/2021\/10\/dagerman_attdodaettbarn_dagerman.mp3'>Att d\u00f6da ett barn (1952)<\/a><\/li><li><a href='https:\/\/litteraturbanken.se\/ljudochbild\/wp-content\/uploads\/2022\/03\/dagerman_birgittasvit_dagerman.mp3'>Birgitta svit (1950)<\/a><\/li><li><a href='https:\/\/litteraturbanken.se\/ljudochbild\/wp-content\/uploads\/2022\/03\/dagerman_overraskningen_dagerman.mp3'>\u00d6verraskningen (1954)<\/a><\/li><li><a href='https:\/\/litteraturbanken.se\/ljudochbild\/wp-content\/uploads\/2022\/03\/dagerman_tvaiklara_dagerman.mp3'>Tv\u00e5 i Klara (1953)<\/a><\/li><li><a href='https:\/\/litteraturbanken.se\/ljudochbild\/wp-content\/uploads\/2022\/03\/dagerman_urbrantbarn_dagerman.mp3'>Stig Dagerman l\u00e4ser ur Br\u00e4nt barn (1949)<\/a><\/li><li><a href='https:\/\/litteraturbanken.se\/ljudochbild\/wp-content\/uploads\/2022\/03\/dagerman_efterat_dagerman.mp3'>Efter\u00e5t (1953)<\/a><\/li><li><a href='https:\/\/litteraturbanken.se\/ljudochbild\/wp-content\/uploads\/2022\/03\/dagerman_endagomaret_dagerman.mp3'>En dag om \u00e5ret (1954)<\/a><\/li><li><a href='https:\/\/litteraturbanken.se\/ljudochbild\/wp-content\/uploads\/2022\/03\/dagerman_frokensaga_dagerman.mp3'>Fr\u00f6ken Saga (1953)<\/a><\/li><li><a href='https:\/\/litteraturbanken.se\/ljudochbild\/wp-content\/uploads\/2022\/03\/dagerman_samlarna_dagerman.mp3'>Samlarna (1953)<\/a><\/li><li><a href='https:\/\/litteraturbanken.se\/ljudochbild\/wp-content\/uploads\/2022\/03\/dagerman_tillenhast_dagerman.mp3'>Till en h\u00e4st (1953)<\/a><\/li>\t<\/ol>\n\t<\/noscript>\n\t<script type=\"application\/json\" class=\"wp-playlist-script\">{\"type\":\"audio\",\"tracklist\":true,\"tracknumbers\":true,\"images\":true,\"artists\":true,\"tracks\":[{\"src\":\"https:\/\/litteraturbanken.se\/ljudochbild\/wp-content\/uploads\/2021\/10\/dagerman_attdodaettbarn_dagerman.mp3\",\"type\":\"audio\/mpeg\",\"title\":\"Att d\\u00f6da ett barn (1952)\",\"caption\":\"\",\"description\":\"\\u201dAtt d\\u00f6da ett barn (1952)\\u201d fr\\u00e5n Stig Dagerman i Sveriges Radio (1949\\u20131954) av Dagerman, Stig. Sl\\u00e4ppt: 1952. Sp\\u00e5r 4.\",\"meta\":{\"artist\":\"Stig Dagerman i Sveriges Radio (1949\\u20131954)\",\"album\":\"Stig Dagerman\",\"year\":\"1952\",\"length_formatted\":\"7:57\"},\"image\":{\"src\":\"https:\/\/litteraturbanken.se\/ljudochbild\/wp-content\/uploads\/2019\/09\/wide_gub_wide-mp3-image.png\",\"width\":580,\"height\":612},\"thumb\":{\"src\":\"https:\/\/litteraturbanken.se\/ljudochbild\/wp-content\/uploads\/2019\/09\/wide_gub_wide-mp3-image-150x150.png\",\"width\":150,\"height\":150}},{\"src\":\"https:\/\/litteraturbanken.se\/ljudochbild\/wp-content\/uploads\/2022\/03\/dagerman_birgittasvit_dagerman.mp3\",\"type\":\"audio\/mpeg\",\"title\":\"Birgitta svit (1950)\",\"caption\":\"\",\"description\":\"\\u201dBirgitta svit (1950)\\u201d fr\\u00e5n Stig Dagerman i Sveriges Radio (1949\\u20131954) av Dagerman, Stig. Sl\\u00e4ppt: 1950. Sp\\u00e5r 3.\",\"meta\":{\"artist\":\"Stig Dagerman i Sveriges Radio (1949\\u20131954)\",\"album\":\"Stig Dagerman\",\"year\":\"1950\",\"length_formatted\":\"8:21\"},\"image\":{\"src\":\"https:\/\/litteraturbanken.se\/ljudochbild\/wp-content\/uploads\/2019\/09\/wide_gub_wide-mp3-image.png\",\"width\":580,\"height\":612},\"thumb\":{\"src\":\"https:\/\/litteraturbanken.se\/ljudochbild\/wp-content\/uploads\/2019\/09\/wide_gub_wide-mp3-image-150x150.png\",\"width\":150,\"height\":150}},{\"src\":\"https:\/\/litteraturbanken.se\/ljudochbild\/wp-content\/uploads\/2022\/03\/dagerman_overraskningen_dagerman.mp3\",\"type\":\"audio\/mpeg\",\"title\":\"\\u00d6verraskningen (1954)\",\"caption\":\"\",\"description\":\"\\u201d\\u00d6verraskningen (1954)\\u201d fr\\u00e5n Stig Dagerman i Sveriges Radio (1949\\u20131954) av Dagerman, Stig. Sl\\u00e4ppt: 1954. Sp\\u00e5r 8.\",\"meta\":{\"artist\":\"Stig Dagerman i Sveriges Radio (1949\\u20131954)\",\"album\":\"Stig Dagerman\",\"year\":\"1954\",\"length_formatted\":\"15:07\"},\"image\":{\"src\":\"https:\/\/litteraturbanken.se\/ljudochbild\/wp-content\/uploads\/2019\/09\/wide_gub_wide-mp3-image.png\",\"width\":580,\"height\":612},\"thumb\":{\"src\":\"https:\/\/litteraturbanken.se\/ljudochbild\/wp-content\/uploads\/2019\/09\/wide_gub_wide-mp3-image-150x150.png\",\"width\":150,\"height\":150}},{\"src\":\"https:\/\/litteraturbanken.se\/ljudochbild\/wp-content\/uploads\/2022\/03\/dagerman_tvaiklara_dagerman.mp3\",\"type\":\"audio\/mpeg\",\"title\":\"Tv\\u00e5 i Klara (1953)\",\"caption\":\"\",\"description\":\"\\u201dTv\\u00e5 i Klara (1953)\\u201d fr\\u00e5n Stig Dagerman i Sveriges Radio (1949\\u20131954) av Dagerman, Stig. Sl\\u00e4ppt: 1953. Sp\\u00e5r 7.\",\"meta\":{\"artist\":\"Stig Dagerman i Sveriges Radio (1949\\u20131954)\",\"album\":\"Stig Dagerman\",\"year\":\"1953\",\"length_formatted\":\"3:43\"},\"image\":{\"src\":\"https:\/\/litteraturbanken.se\/ljudochbild\/wp-content\/uploads\/2019\/09\/wide_gub_wide-mp3-image.png\",\"width\":580,\"height\":612},\"thumb\":{\"src\":\"https:\/\/litteraturbanken.se\/ljudochbild\/wp-content\/uploads\/2019\/09\/wide_gub_wide-mp3-image-150x150.png\",\"width\":150,\"height\":150}},{\"src\":\"https:\/\/litteraturbanken.se\/ljudochbild\/wp-content\/uploads\/2022\/03\/dagerman_urbrantbarn_dagerman.mp3\",\"type\":\"audio\/mpeg\",\"title\":\"Stig Dagerman l\\u00e4ser ur Br\\u00e4nt barn (1949)\",\"caption\":\"\",\"description\":\"\\u201dF\\u00f6rspel till en dr\\u00f6m ur \\u201dBr\\u00e4nt barn\\u201d (1949)\\u201d fr\\u00e5n Stig Dagerman i Sveriges Radio (1949\\u20131954) av Dagerman, Stig. Sl\\u00e4ppt: 1949. Sp\\u00e5r 1.\",\"meta\":{\"artist\":\"Stig Dagerman i Sveriges Radio (1949\\u20131954)\",\"album\":\"Stig Dagerman\",\"year\":\"1949\",\"length_formatted\":\"30:54\"},\"image\":{\"src\":\"https:\/\/litteraturbanken.se\/ljudochbild\/wp-content\/uploads\/2019\/09\/wide_gub_wide-mp3-image.png\",\"width\":580,\"height\":612},\"thumb\":{\"src\":\"https:\/\/litteraturbanken.se\/ljudochbild\/wp-content\/uploads\/2019\/09\/wide_gub_wide-mp3-image-150x150.png\",\"width\":150,\"height\":150}},{\"src\":\"https:\/\/litteraturbanken.se\/ljudochbild\/wp-content\/uploads\/2022\/03\/dagerman_efterat_dagerman.mp3\",\"type\":\"audio\/mpeg\",\"title\":\"Efter\\u00e5t (1953)\",\"caption\":\"\",\"description\":\"\\u201dEfter\\u00e5t (1953)\\u201d fr\\u00e5n Dagsedlar (1953\\u20131954) av Dagerman, Stig. Sl\\u00e4ppt: 1953. Sp\\u00e5r 2.\",\"meta\":{\"artist\":\"Dagsedlar (1953\\u20131954)\",\"album\":\"Stig Dagerman\",\"year\":\"1953\",\"length_formatted\":\"1:18\"},\"image\":{\"src\":\"https:\/\/litteraturbanken.se\/ljudochbild\/wp-content\/uploads\/2019\/09\/wide_gub_wide-mp3-image.png\",\"width\":580,\"height\":612},\"thumb\":{\"src\":\"https:\/\/litteraturbanken.se\/ljudochbild\/wp-content\/uploads\/2019\/09\/wide_gub_wide-mp3-image-150x150.png\",\"width\":150,\"height\":150}},{\"src\":\"https:\/\/litteraturbanken.se\/ljudochbild\/wp-content\/uploads\/2022\/03\/dagerman_endagomaret_dagerman.mp3\",\"type\":\"audio\/mpeg\",\"title\":\"En dag om \\u00e5ret (1954)\",\"caption\":\"\",\"description\":\"\\u201dEn dag om \\u00e5ret (1954)\\u201d fr\\u00e5n Dagsedlar (1953\\u20131954) av Dagerman, Stig. Sl\\u00e4ppt: 1954. Sp\\u00e5r 5.\",\"meta\":{\"artist\":\"Dagsedlar (1953\\u20131954)\",\"album\":\"Stig Dagerman\",\"year\":\"1954\",\"length_formatted\":\"0:46\"},\"image\":{\"src\":\"https:\/\/litteraturbanken.se\/ljudochbild\/wp-content\/uploads\/2019\/09\/wide_gub_wide-mp3-image.png\",\"width\":580,\"height\":612},\"thumb\":{\"src\":\"https:\/\/litteraturbanken.se\/ljudochbild\/wp-content\/uploads\/2019\/09\/wide_gub_wide-mp3-image-150x150.png\",\"width\":150,\"height\":150}},{\"src\":\"https:\/\/litteraturbanken.se\/ljudochbild\/wp-content\/uploads\/2022\/03\/dagerman_frokensaga_dagerman.mp3\",\"type\":\"audio\/mpeg\",\"title\":\"Fr\\u00f6ken Saga (1953)\",\"caption\":\"\",\"description\":\"\\u201dFr\\u00f6ken Saga (1953)\\u201d fr\\u00e5n Dagsedlar (1953\\u20131954) av Dagerman, Stig. Sl\\u00e4ppt: 1953. Sp\\u00e5r 4.\",\"meta\":{\"artist\":\"Dagsedlar (1953\\u20131954)\",\"album\":\"Stig Dagerman\",\"year\":\"1953\",\"length_formatted\":\"1:11\"},\"image\":{\"src\":\"https:\/\/litteraturbanken.se\/ljudochbild\/wp-content\/uploads\/2019\/09\/wide_gub_wide-mp3-image.png\",\"width\":580,\"height\":612},\"thumb\":{\"src\":\"https:\/\/litteraturbanken.se\/ljudochbild\/wp-content\/uploads\/2019\/09\/wide_gub_wide-mp3-image-150x150.png\",\"width\":150,\"height\":150}},{\"src\":\"https:\/\/litteraturbanken.se\/ljudochbild\/wp-content\/uploads\/2022\/03\/dagerman_samlarna_dagerman.mp3\",\"type\":\"audio\/mpeg\",\"title\":\"Samlarna (1953)\",\"caption\":\"\",\"description\":\"\\u201dSamlarna (1953)\\u201d fr\\u00e5n Dagsedlar (1953\\u20131954) av Dagerman, Stig. Sl\\u00e4ppt: 1953. Sp\\u00e5r 3.\",\"meta\":{\"artist\":\"Dagsedlar (1953\\u20131954)\",\"album\":\"Stig Dagerman\",\"year\":\"1953\",\"length_formatted\":\"0:57\"},\"image\":{\"src\":\"https:\/\/litteraturbanken.se\/ljudochbild\/wp-content\/uploads\/2019\/09\/wide_gub_wide-mp3-image.png\",\"width\":580,\"height\":612},\"thumb\":{\"src\":\"https:\/\/litteraturbanken.se\/ljudochbild\/wp-content\/uploads\/2019\/09\/wide_gub_wide-mp3-image-150x150.png\",\"width\":150,\"height\":150}},{\"src\":\"https:\/\/litteraturbanken.se\/ljudochbild\/wp-content\/uploads\/2022\/03\/dagerman_tillenhast_dagerman.mp3\",\"type\":\"audio\/mpeg\",\"title\":\"Till en h\\u00e4st (1953)\",\"caption\":\"\",\"description\":\"\\u201dTill en h\\u00e4st (1953)\\u201d fr\\u00e5n Dagsedlar (1953\\u20131954) av Dagerman, Stig. Sl\\u00e4ppt: 1953. Sp\\u00e5r 1.\",\"meta\":{\"artist\":\"Dagsedlar (1953\\u20131954)\",\"album\":\"Stig Dagerman\",\"year\":\"1953\",\"length_formatted\":\"0:58\"},\"image\":{\"src\":\"https:\/\/litteraturbanken.se\/ljudochbild\/wp-content\/uploads\/2019\/09\/wide_gub_wide-mp3-image.png\",\"width\":580,\"height\":612},\"thumb\":{\"src\":\"https:\/\/litteraturbanken.se\/ljudochbild\/wp-content\/uploads\/2019\/09\/wide_gub_wide-mp3-image-150x150.png\",\"width\":150,\"height\":150}}]}<\/script>\n<\/div>\n\t\n\n\n\n<div style=\"height:1px\" aria-hidden=\"true\" class=\"wp-block-spacer\"><\/div>\n\n\n\n<h5 class=\"wp-block-heading\"><a href=\"https:\/\/litteraturbanken.se\/ljudochbild\/forfattare\/dagermans\/\">H\u00d6R FLER STIG DAGERMAN-INL\u00c4SNINGAR H\u00c4R.<\/a><\/h5>\n\n\n\n<div style=\"height:20px\" aria-hidden=\"true\" class=\"wp-block-spacer\"><\/div>\n\n\n\n<figure class=\"wp-block-gallery has-nested-images columns-4 is-cropped wp-block-gallery-3 is-layout-flex wp-block-gallery-is-layout-flex\">\n<figure class=\"wp-block-image size-large\"><img loading=\"lazy\" decoding=\"async\" width=\"1200\" height=\"1685\" data-id=\"5625\" src=\"https:\/\/litteraturbanken.se\/ljudochbild\/wp-content\/uploads\/2021\/10\/dagerman_stig.jpg\" alt=\"Stig Dagerman\" class=\"wp-image-5625\" srcset=\"https:\/\/litteraturbanken.se\/ljudochbild\/wp-content\/uploads\/2021\/10\/dagerman_stig.jpg 1200w, https:\/\/litteraturbanken.se\/ljudochbild\/wp-content\/uploads\/2021\/10\/dagerman_stig-214x300.jpg 214w, https:\/\/litteraturbanken.se\/ljudochbild\/wp-content\/uploads\/2021\/10\/dagerman_stig-729x1024.jpg 729w, https:\/\/litteraturbanken.se\/ljudochbild\/wp-content\/uploads\/2021\/10\/dagerman_stig-768x1078.jpg 768w, https:\/\/litteraturbanken.se\/ljudochbild\/wp-content\/uploads\/2021\/10\/dagerman_stig-1094x1536.jpg 1094w, https:\/\/litteraturbanken.se\/ljudochbild\/wp-content\/uploads\/2021\/10\/dagerman_stig-480x674.jpg 480w\" sizes=\"auto, (max-width: 1200px) 100vw, 1200px\" \/><\/figure>\n\n\n\n<figure class=\"wp-block-image size-large\"><img loading=\"lazy\" decoding=\"async\" width=\"800\" height=\"922\" data-id=\"7066\" src=\"https:\/\/litteraturbanken.se\/ljudochbild\/wp-content\/uploads\/2022\/05\/dagerman_bok.jpg\" alt=\"Stig Dagerman\" class=\"wp-image-7066\" srcset=\"https:\/\/litteraturbanken.se\/ljudochbild\/wp-content\/uploads\/2022\/05\/dagerman_bok.jpg 800w, https:\/\/litteraturbanken.se\/ljudochbild\/wp-content\/uploads\/2022\/05\/dagerman_bok-260x300.jpg 260w, https:\/\/litteraturbanken.se\/ljudochbild\/wp-content\/uploads\/2022\/05\/dagerman_bok-768x885.jpg 768w, https:\/\/litteraturbanken.se\/ljudochbild\/wp-content\/uploads\/2022\/05\/dagerman_bok-480x553.jpg 480w\" sizes=\"auto, (max-width: 800px) 100vw, 800px\" \/><\/figure>\n\n\n\n<figure class=\"wp-block-image size-large\"><img loading=\"lazy\" decoding=\"async\" width=\"1200\" height=\"1977\" data-id=\"6838\" src=\"https:\/\/litteraturbanken.se\/ljudochbild\/wp-content\/uploads\/2022\/04\/dagerman_brantbarn-1.jpg\" alt=\"Stig Dagerman\" class=\"wp-image-6838\" srcset=\"https:\/\/litteraturbanken.se\/ljudochbild\/wp-content\/uploads\/2022\/04\/dagerman_brantbarn-1.jpg 1200w, https:\/\/litteraturbanken.se\/ljudochbild\/wp-content\/uploads\/2022\/04\/dagerman_brantbarn-1-182x300.jpg 182w, https:\/\/litteraturbanken.se\/ljudochbild\/wp-content\/uploads\/2022\/04\/dagerman_brantbarn-1-622x1024.jpg 622w, https:\/\/litteraturbanken.se\/ljudochbild\/wp-content\/uploads\/2022\/04\/dagerman_brantbarn-1-768x1265.jpg 768w, https:\/\/litteraturbanken.se\/ljudochbild\/wp-content\/uploads\/2022\/04\/dagerman_brantbarn-1-932x1536.jpg 932w, https:\/\/litteraturbanken.se\/ljudochbild\/wp-content\/uploads\/2022\/04\/dagerman_brantbarn-1-480x791.jpg 480w\" sizes=\"auto, (max-width: 1200px) 100vw, 1200px\" \/><\/figure>\n\n\n\n<figure class=\"wp-block-image size-large\"><img loading=\"lazy\" decoding=\"async\" width=\"1200\" height=\"2155\" data-id=\"6805\" src=\"https:\/\/litteraturbanken.se\/ljudochbild\/wp-content\/uploads\/2022\/04\/dagerman_katt.jpg\" alt=\"Stig Dagerman\" class=\"wp-image-6805\" srcset=\"https:\/\/litteraturbanken.se\/ljudochbild\/wp-content\/uploads\/2022\/04\/dagerman_katt.jpg 1200w, https:\/\/litteraturbanken.se\/ljudochbild\/wp-content\/uploads\/2022\/04\/dagerman_katt-167x300.jpg 167w, https:\/\/litteraturbanken.se\/ljudochbild\/wp-content\/uploads\/2022\/04\/dagerman_katt-570x1024.jpg 570w, https:\/\/litteraturbanken.se\/ljudochbild\/wp-content\/uploads\/2022\/04\/dagerman_katt-768x1379.jpg 768w, https:\/\/litteraturbanken.se\/ljudochbild\/wp-content\/uploads\/2022\/04\/dagerman_katt-855x1536.jpg 855w, https:\/\/litteraturbanken.se\/ljudochbild\/wp-content\/uploads\/2022\/04\/dagerman_katt-1140x2048.jpg 1140w, https:\/\/litteraturbanken.se\/ljudochbild\/wp-content\/uploads\/2022\/04\/dagerman_katt-480x862.jpg 480w\" sizes=\"auto, (max-width: 1200px) 100vw, 1200px\" \/><\/figure>\n<\/figure>\n\n\n\n<div style=\"height:70px\" aria-hidden=\"true\" class=\"wp-block-spacer\"><\/div>\n\n\n\n<h2 class=\"wp-block-heading\">GUNNAR EKEL\u00d6F<\/h2>\n\n\n\n<div style=\"height:10px\" aria-hidden=\"true\" class=\"wp-block-spacer\"><\/div>\n\n\n\n<div class=\"wp-playlist wp-audio-playlist wp-playlist-light\">\n\t\t\t<div class=\"wp-playlist-current-item\"><\/div>\n\t\t<audio controls=\"controls\" preload=\"none\" width=\"618\"\n\t\t\t><\/audio>\n\t<div class=\"wp-playlist-next\"><\/div>\n\t<div class=\"wp-playlist-prev\"><\/div>\n\t<noscript>\n\t<ol>\n\t\t<li><a href='https:\/\/litteraturbanken.se\/ljudochbild\/wp-content\/uploads\/2019\/09\/ekelof_blommornasoverifonstret_ekelof.mp3'>blommorna sover i f\u00f6nstret<\/a><\/li><li><a href='https:\/\/litteraturbanken.se\/ljudochbild\/wp-content\/uploads\/2023\/08\/ekelof_detfinnsnagonting_ekelof.mp3'>Det finns n\u00e5gonting som ingenstans passar<\/a><\/li><li><a href='https:\/\/litteraturbanken.se\/ljudochbild\/wp-content\/uploads\/2023\/08\/ekelof_jagtrorpadenensammamanniskan_1963b_ekelof.mp3'>Jag tror p\u00e5 den ensamma m\u00e4nniskan<\/a><\/li><li><a href='https:\/\/litteraturbanken.se\/ljudochbild\/wp-content\/uploads\/2023\/08\/ekelof_tagochskriv1_1951_ekelof.mp3'>Tag och skriv I. Om livet, om de levande<\/a><\/li><li><a href='https:\/\/litteraturbanken.se\/ljudochbild\/wp-content\/uploads\/2023\/08\/ekelof_tagochskriv2_1951_ekelof.mp3'>Tag och skriv II. Jag reser mig ur min aska<\/a><\/li><li><a href='https:\/\/litteraturbanken.se\/ljudochbild\/wp-content\/uploads\/2023\/08\/ekelof_tagochskriv3_1951_ekelof.mp3'>Tag och skriv III. Du s\u00e4ger \u2019jag\u2019 och \u2019det g\u00e4ller mig\u2019<\/a><\/li><li><a href='https:\/\/litteraturbanken.se\/ljudochbild\/wp-content\/uploads\/2023\/08\/ekelof_tagochskriv4_1951_ekelof.mp3'>Tag och skriv IV. Den sk\u00f6nhet jag hittills har s\u00f6kt var trampolinens gungning<\/a><\/li><li><a href='https:\/\/litteraturbanken.se\/ljudochbild\/wp-content\/uploads\/2023\/08\/ekelof_tagochskriv5_1951_ekelof.mp3'>Tag och skriv V. Jungfruns \u00e4ngslan och flykt \u00e4r sv\u00e4rdet och klorna<\/a><\/li>\t<\/ol>\n\t<\/noscript>\n\t<script type=\"application\/json\" class=\"wp-playlist-script\">{\"type\":\"audio\",\"tracklist\":true,\"tracknumbers\":true,\"images\":true,\"artists\":true,\"tracks\":[{\"src\":\"https:\/\/litteraturbanken.se\/ljudochbild\/wp-content\/uploads\/2019\/09\/ekelof_blommornasoverifonstret_ekelof.mp3\",\"type\":\"audio\/mpeg\",\"title\":\"blommorna sover i f\\u00f6nstret\",\"caption\":\"\",\"description\":\"\\\"blommorna sover i f\\u00f6nstret\\\" fr\\u00e5n Svenska diktarr\\u00f6ster II av Gunnar Ekel\\u00f6f. Sl\\u00e4ppt: 1955. Sp\\u00e5r 1 av 1.\",\"meta\":{\"artist\":\"Gunnar Ekel\\u00f6f l\\u00e4ser egna dikter\",\"album\":\"Gunnar Ekel\\u00f6f\",\"year\":\"1955\",\"length_formatted\":\"1:43\"},\"image\":{\"src\":\"https:\/\/litteraturbanken.se\/ljudochbild\/wp-content\/uploads\/2019\/09\/lb_albumart.png\",\"width\":580,\"height\":612},\"thumb\":{\"src\":\"https:\/\/litteraturbanken.se\/ljudochbild\/wp-content\/uploads\/2019\/09\/lb_albumart-150x150.png\",\"width\":150,\"height\":150}},{\"src\":\"https:\/\/litteraturbanken.se\/ljudochbild\/wp-content\/uploads\/2023\/08\/ekelof_detfinnsnagonting_ekelof.mp3\",\"type\":\"audio\/mpeg\",\"title\":\"Det finns n\\u00e5gonting som ingenstans passar\",\"caption\":\"\",\"description\":\"\\u201dDet finns n\\u00e5gonting som ingenstans passar\\u201d fr\\u00e5n Gunnar Ekel\\u00f6f l\\u00e4ser dikter (1955) av Gunnar Ekel\\u00f6f. Sl\\u00e4ppt: 1955.\",\"meta\":{\"artist\":\"Gunnar Ekel\\u00f6f l\\u00e4ser dikter (1955)\",\"album\":\"Gunnar Ekel\\u00f6f\",\"year\":\"1955\",\"length_formatted\":\"2:44\"},\"image\":{\"src\":\"https:\/\/litteraturbanken.se\/ljudochbild\/wp-content\/uploads\/2019\/09\/wide_gub_wide-mp3-image.png\",\"width\":580,\"height\":612},\"thumb\":{\"src\":\"https:\/\/litteraturbanken.se\/ljudochbild\/wp-content\/uploads\/2019\/09\/wide_gub_wide-mp3-image-150x150.png\",\"width\":150,\"height\":150}},{\"src\":\"https:\/\/litteraturbanken.se\/ljudochbild\/wp-content\/uploads\/2023\/08\/ekelof_jagtrorpadenensammamanniskan_1963b_ekelof.mp3\",\"type\":\"audio\/mpeg\",\"title\":\"Jag tror p\\u00e5 den ensamma m\\u00e4nniskan\",\"caption\":\"\",\"description\":\"\\u201dJag tror p\\u00e5 den ensamma m\\u00e4nniskan \\u201d fr\\u00e5n Gunnar Ekel\\u00f6f l\\u00e4ser dikter (1963) av Gunnar Ekel\\u00f6f. Sl\\u00e4ppt: 1963.\",\"meta\":{\"artist\":\"Gunnar Ekel\\u00f6f l\\u00e4ser dikter (1963)\",\"album\":\"Gunnar Ekel\\u00f6f\",\"year\":\"1963\",\"length_formatted\":\"1:39\"},\"image\":{\"src\":\"https:\/\/litteraturbanken.se\/ljudochbild\/wp-content\/uploads\/2019\/09\/wide_gub_wide-mp3-image.png\",\"width\":580,\"height\":612},\"thumb\":{\"src\":\"https:\/\/litteraturbanken.se\/ljudochbild\/wp-content\/uploads\/2019\/09\/wide_gub_wide-mp3-image-150x150.png\",\"width\":150,\"height\":150}},{\"src\":\"https:\/\/litteraturbanken.se\/ljudochbild\/wp-content\/uploads\/2023\/08\/ekelof_tagochskriv1_1951_ekelof.mp3\",\"type\":\"audio\/mpeg\",\"title\":\"Tag och skriv I. Om livet, om de levande\",\"caption\":\"\",\"description\":\"\\u201dTag och skriv I. Om livet, om de levande\\u201d fr\\u00e5n Gunnar Ekel\\u00f6f l\\u00e4ser dikter (1951) av Gunnar Ekel\\u00f6f. Sl\\u00e4ppt: 1951.\",\"meta\":{\"artist\":\"Gunnar Ekel\\u00f6f l\\u00e4ser dikter (1951)\",\"album\":\"Gunnar Ekel\\u00f6f\",\"year\":\"1951\",\"length_formatted\":\"1:00\"},\"image\":{\"src\":\"https:\/\/litteraturbanken.se\/ljudochbild\/wp-content\/uploads\/2019\/09\/wide_gub_wide-mp3-image.png\",\"width\":580,\"height\":612},\"thumb\":{\"src\":\"https:\/\/litteraturbanken.se\/ljudochbild\/wp-content\/uploads\/2019\/09\/wide_gub_wide-mp3-image-150x150.png\",\"width\":150,\"height\":150}},{\"src\":\"https:\/\/litteraturbanken.se\/ljudochbild\/wp-content\/uploads\/2023\/08\/ekelof_tagochskriv2_1951_ekelof.mp3\",\"type\":\"audio\/mpeg\",\"title\":\"Tag och skriv II. Jag reser mig ur min aska\",\"caption\":\"\",\"description\":\"\\u201dTag och skriv II. Jag reser mig ur min aska\\u201d fr\\u00e5n Gunnar Ekel\\u00f6f l\\u00e4ser dikter (1951) av Gunnar Ekel\\u00f6f. Sl\\u00e4ppt: 1951.\",\"meta\":{\"artist\":\"Gunnar Ekel\\u00f6f l\\u00e4ser dikter (1951)\",\"album\":\"Gunnar Ekel\\u00f6f\",\"year\":\"1951\",\"length_formatted\":\"1:52\"},\"image\":{\"src\":\"https:\/\/litteraturbanken.se\/ljudochbild\/wp-content\/uploads\/2019\/09\/wide_gub_wide-mp3-image.png\",\"width\":580,\"height\":612},\"thumb\":{\"src\":\"https:\/\/litteraturbanken.se\/ljudochbild\/wp-content\/uploads\/2019\/09\/wide_gub_wide-mp3-image-150x150.png\",\"width\":150,\"height\":150}},{\"src\":\"https:\/\/litteraturbanken.se\/ljudochbild\/wp-content\/uploads\/2023\/08\/ekelof_tagochskriv3_1951_ekelof.mp3\",\"type\":\"audio\/mpeg\",\"title\":\"Tag och skriv III. Du s\\u00e4ger \\u2019jag\\u2019 och \\u2019det g\\u00e4ller mig\\u2019\",\"caption\":\"\",\"description\":\"\\u201dTag och skriv III. Du s\\u00e4ger \\u2019jag\\u2019 och \\u2019det g\\u00e4ller mig\\u2019\\u201d fr\\u00e5n Gunnar Ekel\\u00f6f l\\u00e4ser dikter (1951) av Gunnar Ekel\\u00f6f. Sl\\u00e4ppt: 1951.\",\"meta\":{\"artist\":\"Gunnar Ekel\\u00f6f l\\u00e4ser dikter (1951)\",\"album\":\"Gunnar Ekel\\u00f6f\",\"year\":\"1951\",\"length_formatted\":\"2:18\"},\"image\":{\"src\":\"https:\/\/litteraturbanken.se\/ljudochbild\/wp-content\/uploads\/2019\/09\/wide_gub_wide-mp3-image.png\",\"width\":580,\"height\":612},\"thumb\":{\"src\":\"https:\/\/litteraturbanken.se\/ljudochbild\/wp-content\/uploads\/2019\/09\/wide_gub_wide-mp3-image-150x150.png\",\"width\":150,\"height\":150}},{\"src\":\"https:\/\/litteraturbanken.se\/ljudochbild\/wp-content\/uploads\/2023\/08\/ekelof_tagochskriv4_1951_ekelof.mp3\",\"type\":\"audio\/mpeg\",\"title\":\"Tag och skriv IV. Den sk\\u00f6nhet jag hittills har s\\u00f6kt var trampolinens gungning\",\"caption\":\"\",\"description\":\"\\u201dTag och skriv IV. Den sk\\u00f6nhet jag hittills har s\\u00f6kt var trampolinens gungning [1951]\\u201d fr\\u00e5n Gunnar Ekel\\u00f6f l\\u00e4ser dikter (1951) av Gunnar Ekel\\u00f6f. Sl\\u00e4ppt: 1951.\",\"meta\":{\"artist\":\"Gunnar Ekel\\u00f6f l\\u00e4ser dikter (1951)\",\"album\":\"Gunnar Ekel\\u00f6f\",\"year\":\"1951\",\"length_formatted\":\"2:41\"},\"image\":{\"src\":\"https:\/\/litteraturbanken.se\/ljudochbild\/wp-content\/uploads\/2019\/09\/wide_gub_wide-mp3-image.png\",\"width\":580,\"height\":612},\"thumb\":{\"src\":\"https:\/\/litteraturbanken.se\/ljudochbild\/wp-content\/uploads\/2019\/09\/wide_gub_wide-mp3-image-150x150.png\",\"width\":150,\"height\":150}},{\"src\":\"https:\/\/litteraturbanken.se\/ljudochbild\/wp-content\/uploads\/2023\/08\/ekelof_tagochskriv5_1951_ekelof.mp3\",\"type\":\"audio\/mpeg\",\"title\":\"Tag och skriv V. Jungfruns \\u00e4ngslan och flykt \\u00e4r sv\\u00e4rdet och klorna\",\"caption\":\"\",\"description\":\"\\u201dTag och skriv V. Jungfruns \\u00e4ngslan och flykt \\u00e4r sv\\u00e4rdet och klorna [1951]\\u201d fr\\u00e5n Gunnar Ekel\\u00f6f l\\u00e4ser dikter (1951) av Gunnar Ekel\\u00f6f. Sl\\u00e4ppt: 1951.\",\"meta\":{\"artist\":\"Gunnar Ekel\\u00f6f l\\u00e4ser dikter (1951)\",\"album\":\"Gunnar Ekel\\u00f6f\",\"year\":\"1951\",\"length_formatted\":\"1:42\"},\"image\":{\"src\":\"https:\/\/litteraturbanken.se\/ljudochbild\/wp-content\/uploads\/2019\/09\/wide_gub_wide-mp3-image.png\",\"width\":580,\"height\":612},\"thumb\":{\"src\":\"https:\/\/litteraturbanken.se\/ljudochbild\/wp-content\/uploads\/2019\/09\/wide_gub_wide-mp3-image-150x150.png\",\"width\":150,\"height\":150}}]}<\/script>\n<\/div>\n\t\n\n\n\n<div style=\"height:1px\" aria-hidden=\"true\" class=\"wp-block-spacer\"><\/div>\n\n\n\n<h5 class=\"wp-block-heading\"><a href=\"https:\/\/litteraturbanken.se\/ljudochbild\/forfattare\/ekelofg\/\">H\u00d6R FLER GUNNAR EKEL\u00d6F-INL\u00c4SNINGAR H\u00c4R.<\/a><\/h5>\n\n\n\n<div style=\"height:20px\" aria-hidden=\"true\" class=\"wp-block-spacer\"><\/div>\n\n\n\n<figure class=\"wp-block-gallery has-nested-images columns-4 is-cropped wp-block-gallery-4 is-layout-flex wp-block-gallery-is-layout-flex\">\n<figure class=\"wp-block-image size-large\"><img loading=\"lazy\" decoding=\"async\" width=\"213\" height=\"320\" data-id=\"1842\" src=\"https:\/\/litteraturbanken.se\/ljudochbild\/wp-content\/uploads\/2019\/09\/EkelofG_large-1.jpeg\" alt=\"Gunnar Ekel\u00f6f\" class=\"wp-image-1842\" srcset=\"https:\/\/litteraturbanken.se\/ljudochbild\/wp-content\/uploads\/2019\/09\/EkelofG_large-1.jpeg 213w, https:\/\/litteraturbanken.se\/ljudochbild\/wp-content\/uploads\/2019\/09\/EkelofG_large-1-200x300.jpeg 200w\" sizes=\"auto, (max-width: 213px) 100vw, 213px\" \/><\/figure>\n\n\n\n<figure class=\"wp-block-image size-large\"><img loading=\"lazy\" decoding=\"async\" width=\"1200\" height=\"687\" data-id=\"9550\" src=\"https:\/\/litteraturbanken.se\/ljudochbild\/wp-content\/uploads\/2023\/08\/gunnarekelof_socmed.jpg\" alt=\"Gunnar Ekel\u00f6f\" class=\"wp-image-9550\" srcset=\"https:\/\/litteraturbanken.se\/ljudochbild\/wp-content\/uploads\/2023\/08\/gunnarekelof_socmed.jpg 1200w, https:\/\/litteraturbanken.se\/ljudochbild\/wp-content\/uploads\/2023\/08\/gunnarekelof_socmed-300x172.jpg 300w, https:\/\/litteraturbanken.se\/ljudochbild\/wp-content\/uploads\/2023\/08\/gunnarekelof_socmed-1024x586.jpg 1024w, https:\/\/litteraturbanken.se\/ljudochbild\/wp-content\/uploads\/2023\/08\/gunnarekelof_socmed-768x440.jpg 768w, https:\/\/litteraturbanken.se\/ljudochbild\/wp-content\/uploads\/2023\/08\/gunnarekelof_socmed-480x275.jpg 480w\" sizes=\"auto, (max-width: 1200px) 100vw, 1200px\" \/><\/figure>\n\n\n\n<figure class=\"wp-block-image size-large\"><img loading=\"lazy\" decoding=\"async\" width=\"1200\" height=\"775\" data-id=\"5416\" src=\"https:\/\/litteraturbanken.se\/ljudochbild\/wp-content\/uploads\/2021\/10\/Ferlinboken_EngEkel\u00f6fBethutanf\u00f6rGyldeneFreden.jpg\" alt=\"\" class=\"wp-image-5416\" srcset=\"https:\/\/litteraturbanken.se\/ljudochbild\/wp-content\/uploads\/2021\/10\/Ferlinboken_EngEkel\u00f6fBethutanf\u00f6rGyldeneFreden.jpg 1200w, https:\/\/litteraturbanken.se\/ljudochbild\/wp-content\/uploads\/2021\/10\/Ferlinboken_EngEkel\u00f6fBethutanf\u00f6rGyldeneFreden-300x194.jpg 300w, https:\/\/litteraturbanken.se\/ljudochbild\/wp-content\/uploads\/2021\/10\/Ferlinboken_EngEkel\u00f6fBethutanf\u00f6rGyldeneFreden-1024x661.jpg 1024w, https:\/\/litteraturbanken.se\/ljudochbild\/wp-content\/uploads\/2021\/10\/Ferlinboken_EngEkel\u00f6fBethutanf\u00f6rGyldeneFreden-768x496.jpg 768w, https:\/\/litteraturbanken.se\/ljudochbild\/wp-content\/uploads\/2021\/10\/Ferlinboken_EngEkel\u00f6fBethutanf\u00f6rGyldeneFreden-480x310.jpg 480w\" sizes=\"auto, (max-width: 1200px) 100vw, 1200px\" \/><\/figure>\n\n\n\n<figure class=\"wp-block-image size-large\"><img loading=\"lazy\" decoding=\"async\" width=\"640\" height=\"1007\" data-id=\"9777\" src=\"https:\/\/litteraturbanken.se\/ljudochbild\/wp-content\/uploads\/2023\/09\/ekelof_bokmassan-1.jpg\" alt=\"\" class=\"wp-image-9777\" srcset=\"https:\/\/litteraturbanken.se\/ljudochbild\/wp-content\/uploads\/2023\/09\/ekelof_bokmassan-1.jpg 640w, https:\/\/litteraturbanken.se\/ljudochbild\/wp-content\/uploads\/2023\/09\/ekelof_bokmassan-1-191x300.jpg 191w, https:\/\/litteraturbanken.se\/ljudochbild\/wp-content\/uploads\/2023\/09\/ekelof_bokmassan-1-480x755.jpg 480w\" sizes=\"auto, (max-width: 640px) 100vw, 640px\" \/><\/figure>\n<\/figure>\n\n\n\n<div style=\"height:70px\" aria-hidden=\"true\" class=\"wp-block-spacer\"><\/div>\n\n\n\n<h2 class=\"wp-block-heading\">NILS FERLIN<\/h2>\n\n\n\n<div style=\"height:10px\" aria-hidden=\"true\" class=\"wp-block-spacer\"><\/div>\n\n\n\n<div class=\"wp-playlist wp-audio-playlist wp-playlist-light\">\n\t\t\t<div class=\"wp-playlist-current-item\"><\/div>\n\t\t<audio controls=\"controls\" preload=\"none\" width=\"618\"\n\t\t\t><\/audio>\n\t<div class=\"wp-playlist-next\"><\/div>\n\t<div class=\"wp-playlist-prev\"><\/div>\n\t<noscript>\n\t<ol>\n\t\t<li><a href='https:\/\/litteraturbanken.se\/ljudochbild\/wp-content\/uploads\/2020\/12\/ferlin_eninneboende_1939_ferlin.mp3'>En inneboende<\/a><\/li><li><a href='https:\/\/litteraturbanken.se\/ljudochbild\/wp-content\/uploads\/2020\/12\/ferlin_envalsmelodi_1939_ferlin.mp3'>En valsmelodi<\/a><\/li><li><a href='https:\/\/litteraturbanken.se\/ljudochbild\/wp-content\/uploads\/2020\/11\/ferlin_jagmotte_1944_ferlin.mp3'>Jag m\u00f6tte \u2013<\/a><\/li><li><a href='https:\/\/litteraturbanken.se\/ljudochbild\/wp-content\/uploads\/2020\/12\/ferlin_narskonhetenkomtillbyn_1939_ferlin.mp3'>N\u00e4r sk\u00f6nheten kom till byn \u2013<\/a><\/li><li><a href='https:\/\/litteraturbanken.se\/ljudochbild\/wp-content\/uploads\/2020\/11\/ferlin_stjarnornakvittardetlika_1948_ferlin.mp3'>Stj\u00e4rnorna kvittar det lika<\/a><\/li><li><a href='https:\/\/litteraturbanken.se\/ljudochbild\/wp-content\/uploads\/2020\/12\/ferlin_getsemane_1958_ferlin.mp3'>Getsemane<\/a><\/li><li><a href='https:\/\/litteraturbanken.se\/ljudochbild\/wp-content\/uploads\/2020\/12\/ferlin_duhartappatdittord_1958_ferlin.mp3'>Du har tappat ditt ord<\/a><\/li><li><a href='https:\/\/litteraturbanken.se\/ljudochbild\/wp-content\/uploads\/2020\/11\/ferlin_avstandigoro_1950_ferlin.mp3'>Av st\u00e4ndig oro<\/a><\/li><li><a href='https:\/\/litteraturbanken.se\/ljudochbild\/wp-content\/uploads\/2020\/11\/ferlin_jagsagduforstod_1951_ferlin.mp3'>Jag s\u00e5g du f\u00f6rstod \u2013<\/a><\/li><li><a href='https:\/\/litteraturbanken.se\/ljudochbild\/wp-content\/uploads\/2020\/12\/ferlin_seans_1958_ferlin.mp3'>Seans<\/a><\/li>\t<\/ol>\n\t<\/noscript>\n\t<script type=\"application\/json\" class=\"wp-playlist-script\">{\"type\":\"audio\",\"tracklist\":true,\"tracknumbers\":true,\"images\":true,\"artists\":true,\"tracks\":[{\"src\":\"https:\/\/litteraturbanken.se\/ljudochbild\/wp-content\/uploads\/2020\/12\/ferlin_eninneboende_1939_ferlin.mp3\",\"type\":\"audio\/mpeg\",\"title\":\"En inneboende\",\"caption\":\"\",\"description\":\"\\\"En inneboende\\\" fr\\u00e5n Ung lyrik. Nils Ferlin l\\u00e4ser egna dikter (1939) av Ferlin, Nils. Sl\\u00e4ppt: 1939. Sp\\u00e5r 1.\",\"meta\":{\"artist\":\"Ung lyrik. Nils Ferlin l\\u00e4ser egna dikter (1939)\",\"album\":\"Nils Ferlin\",\"year\":\"1939\",\"length_formatted\":\"1:11\"},\"image\":{\"src\":\"https:\/\/litteraturbanken.se\/ljudochbild\/wp-content\/uploads\/2019\/09\/wide_gub_wide-mp3-image.png\",\"width\":580,\"height\":612},\"thumb\":{\"src\":\"https:\/\/litteraturbanken.se\/ljudochbild\/wp-content\/uploads\/2019\/09\/wide_gub_wide-mp3-image-150x150.png\",\"width\":150,\"height\":150}},{\"src\":\"https:\/\/litteraturbanken.se\/ljudochbild\/wp-content\/uploads\/2020\/12\/ferlin_envalsmelodi_1939_ferlin.mp3\",\"type\":\"audio\/mpeg\",\"title\":\"En valsmelodi\",\"caption\":\"\",\"description\":\"\\\"En valsmelodi\\\" fr\\u00e5n Ung lyrik. Nils Ferlin l\\u00e4ser egna dikter (1939) av Ferlin, Nils. Sl\\u00e4ppt: 1939. Sp\\u00e5r 3.\",\"meta\":{\"artist\":\"Ung lyrik. Nils Ferlin l\\u00e4ser egna dikter (1939)\",\"album\":\"Nils Ferlin\",\"year\":\"1939\",\"length_formatted\":\"1:41\"},\"image\":{\"src\":\"https:\/\/litteraturbanken.se\/ljudochbild\/wp-content\/uploads\/2019\/09\/wide_gub_wide-mp3-image.png\",\"width\":580,\"height\":612},\"thumb\":{\"src\":\"https:\/\/litteraturbanken.se\/ljudochbild\/wp-content\/uploads\/2019\/09\/wide_gub_wide-mp3-image-150x150.png\",\"width\":150,\"height\":150}},{\"src\":\"https:\/\/litteraturbanken.se\/ljudochbild\/wp-content\/uploads\/2020\/11\/ferlin_jagmotte_1944_ferlin.mp3\",\"type\":\"audio\/mpeg\",\"title\":\"Jag m\\u00f6tte \\u2013\",\"caption\":\"\",\"description\":\"\\\"Jag m\\u00f6tte \\u2013\\\" fr\\u00e5n Nils Ferlin l\\u00e4ser ur sin nya diktsamling (1944) av Ferlin, Nils. Sl\\u00e4ppt: 1944. Sp\\u00e5r 4.\",\"meta\":{\"artist\":\"Nils Ferlin l\\u00e4ser ur sin nya diktsamling (1944)\",\"album\":\"Nils Ferlin\",\"year\":\"1944\",\"length_formatted\":\"0:36\"},\"image\":{\"src\":\"https:\/\/litteraturbanken.se\/ljudochbild\/wp-content\/uploads\/2019\/09\/wide_gub_wide-mp3-image.png\",\"width\":580,\"height\":612},\"thumb\":{\"src\":\"https:\/\/litteraturbanken.se\/ljudochbild\/wp-content\/uploads\/2019\/09\/wide_gub_wide-mp3-image-150x150.png\",\"width\":150,\"height\":150}},{\"src\":\"https:\/\/litteraturbanken.se\/ljudochbild\/wp-content\/uploads\/2020\/12\/ferlin_narskonhetenkomtillbyn_1939_ferlin.mp3\",\"type\":\"audio\/mpeg\",\"title\":\"N\\u00e4r sk\\u00f6nheten kom till byn \\u2013\",\"caption\":\"\",\"description\":\"\\\"N\\u00e4r sk\\u00f6nheten kom till byn \\u2013\\\" fr\\u00e5n Ung lyrik. Nils Ferlin l\\u00e4ser egna dikter (1939) av Ferlin, Nils. Sl\\u00e4ppt: 1939. Sp\\u00e5r 10.\",\"meta\":{\"artist\":\"Ung lyrik. Nils Ferlin l\\u00e4ser egna dikter (1939)\",\"album\":\"Nils Ferlin\",\"year\":\"1939\",\"length_formatted\":\"1:36\"},\"image\":{\"src\":\"https:\/\/litteraturbanken.se\/ljudochbild\/wp-content\/uploads\/2019\/09\/wide_gub_wide-mp3-image.png\",\"width\":580,\"height\":612},\"thumb\":{\"src\":\"https:\/\/litteraturbanken.se\/ljudochbild\/wp-content\/uploads\/2019\/09\/wide_gub_wide-mp3-image-150x150.png\",\"width\":150,\"height\":150}},{\"src\":\"https:\/\/litteraturbanken.se\/ljudochbild\/wp-content\/uploads\/2020\/11\/ferlin_stjarnornakvittardetlika_1948_ferlin.mp3\",\"type\":\"audio\/mpeg\",\"title\":\"Stj\\u00e4rnorna kvittar det lika\",\"caption\":\"\",\"description\":\"\\\"Stj\\u00e4rnorna kvittar det lika\\\" fr\\u00e5n Nils Ferlin l\\u00e4ser egna dikter (1948) av Ferlin, Nils. Sl\\u00e4ppt: 1948. Sp\\u00e5r 3.\",\"meta\":{\"artist\":\"Nils Ferlin l\\u00e4ser egna dikter (1948)\",\"album\":\"Nils Ferlin\",\"year\":\"1948\",\"length_formatted\":\"0:45\"},\"image\":{\"src\":\"https:\/\/litteraturbanken.se\/ljudochbild\/wp-content\/uploads\/2019\/09\/wide_gub_wide-mp3-image.png\",\"width\":580,\"height\":612},\"thumb\":{\"src\":\"https:\/\/litteraturbanken.se\/ljudochbild\/wp-content\/uploads\/2019\/09\/wide_gub_wide-mp3-image-150x150.png\",\"width\":150,\"height\":150}},{\"src\":\"https:\/\/litteraturbanken.se\/ljudochbild\/wp-content\/uploads\/2020\/12\/ferlin_getsemane_1958_ferlin.mp3\",\"type\":\"audio\/mpeg\",\"title\":\"Getsemane\",\"caption\":\"\",\"description\":\"\\\"Getsemane\\\" fr\\u00e5n Nils Ferlin l\\u00e4ser egna dikter p\\u00e5 60-\\u00e5rsdagen (1958) av Ferlin, Nils. Sl\\u00e4ppt: 1958. Sp\\u00e5r 10.\",\"meta\":{\"artist\":\"Nils Ferlin l\\u00e4ser egna dikter p\\u00e5 60-\\u00e5rsdagen (1958)\",\"album\":\"Nils Ferlin\",\"year\":\"1958\",\"length_formatted\":\"1:07\"},\"image\":{\"src\":\"https:\/\/litteraturbanken.se\/ljudochbild\/wp-content\/uploads\/2019\/09\/wide_gub_wide-mp3-image.png\",\"width\":580,\"height\":612},\"thumb\":{\"src\":\"https:\/\/litteraturbanken.se\/ljudochbild\/wp-content\/uploads\/2019\/09\/wide_gub_wide-mp3-image-150x150.png\",\"width\":150,\"height\":150}},{\"src\":\"https:\/\/litteraturbanken.se\/ljudochbild\/wp-content\/uploads\/2020\/12\/ferlin_duhartappatdittord_1958_ferlin.mp3\",\"type\":\"audio\/mpeg\",\"title\":\"Du har tappat ditt ord\",\"caption\":\"\",\"description\":\"\\\"Du har tappat ditt ord\\\" fr\\u00e5n Nils Ferlin l\\u00e4ser egna dikter p\\u00e5 60-\\u00e5rsdagen (1958) av Ferlin, Nils. Sl\\u00e4ppt: 1958. Sp\\u00e5r 4.\",\"meta\":{\"artist\":\"Nils Ferlin l\\u00e4ser egna dikter p\\u00e5 60-\\u00e5rsdagen (1958)\",\"album\":\"Nils Ferlin\",\"year\":\"1958\",\"length_formatted\":\"0:31\"},\"image\":{\"src\":\"https:\/\/litteraturbanken.se\/ljudochbild\/wp-content\/uploads\/2019\/09\/wide_gub_wide-mp3-image.png\",\"width\":580,\"height\":612},\"thumb\":{\"src\":\"https:\/\/litteraturbanken.se\/ljudochbild\/wp-content\/uploads\/2019\/09\/wide_gub_wide-mp3-image-150x150.png\",\"width\":150,\"height\":150}},{\"src\":\"https:\/\/litteraturbanken.se\/ljudochbild\/wp-content\/uploads\/2020\/11\/ferlin_avstandigoro_1950_ferlin.mp3\",\"type\":\"audio\/mpeg\",\"title\":\"Av st\\u00e4ndig oro\",\"caption\":\"\",\"description\":\"\\\"Av st\\u00e4ndig oro\\\" fr\\u00e5n Nils Ferlin l\\u00e4ser egna dikter (1950) av Ferlin, Nils. Sl\\u00e4ppt: 1950. Sp\\u00e5r 9.\",\"meta\":{\"artist\":\"Nils Ferlin l\\u00e4ser egna dikter (1950)\",\"album\":\"Nils Ferlin\",\"year\":\"1950\",\"length_formatted\":\"1:03\"},\"image\":{\"src\":\"https:\/\/litteraturbanken.se\/ljudochbild\/wp-content\/uploads\/2019\/09\/wide_gub_wide-mp3-image.png\",\"width\":580,\"height\":612},\"thumb\":{\"src\":\"https:\/\/litteraturbanken.se\/ljudochbild\/wp-content\/uploads\/2019\/09\/wide_gub_wide-mp3-image-150x150.png\",\"width\":150,\"height\":150}},{\"src\":\"https:\/\/litteraturbanken.se\/ljudochbild\/wp-content\/uploads\/2020\/11\/ferlin_jagsagduforstod_1951_ferlin.mp3\",\"type\":\"audio\/mpeg\",\"title\":\"Jag s\\u00e5g du f\\u00f6rstod \\u2013\",\"caption\":\"\",\"description\":\"\\\"Jag s\\u00e5g du f\\u00f6rstod \\u2013\\\" fr\\u00e5n Ny svensk lyrik. Nils Ferlin l\\u00e4ser ur sin samling Kejsarens papegoja (1951) av Ferlin, Nils. Sl\\u00e4ppt: 1951. Sp\\u00e5r 11.\",\"meta\":{\"artist\":\"Ny svensk lyrik. Nils Ferlin l\\u00e4ser ur sin samling Kejsarens papegoja (1951)\",\"album\":\"Nils Ferlin\",\"year\":\"1951\",\"length_formatted\":\"0:48\"},\"image\":{\"src\":\"https:\/\/litteraturbanken.se\/ljudochbild\/wp-content\/uploads\/2019\/09\/wide_gub_wide-mp3-image.png\",\"width\":580,\"height\":612},\"thumb\":{\"src\":\"https:\/\/litteraturbanken.se\/ljudochbild\/wp-content\/uploads\/2019\/09\/wide_gub_wide-mp3-image-150x150.png\",\"width\":150,\"height\":150}},{\"src\":\"https:\/\/litteraturbanken.se\/ljudochbild\/wp-content\/uploads\/2020\/12\/ferlin_seans_1958_ferlin.mp3\",\"type\":\"audio\/mpeg\",\"title\":\"Seans\",\"caption\":\"\",\"description\":\"\\\"Seans\\\" fr\\u00e5n Nils Ferlin l\\u00e4ser egna dikter p\\u00e5 60-\\u00e5rsdagen (1958) av Ferlin, Nils. Sl\\u00e4ppt: 1958. Sp\\u00e5r 14.\",\"meta\":{\"artist\":\"Nils Ferlin l\\u00e4ser egna dikter p\\u00e5 60-\\u00e5rsdagen (1958)\",\"album\":\"Nils Ferlin\",\"year\":\"1958\",\"length_formatted\":\"0:39\"},\"image\":{\"src\":\"https:\/\/litteraturbanken.se\/ljudochbild\/wp-content\/uploads\/2019\/09\/wide_gub_wide-mp3-image.png\",\"width\":580,\"height\":612},\"thumb\":{\"src\":\"https:\/\/litteraturbanken.se\/ljudochbild\/wp-content\/uploads\/2019\/09\/wide_gub_wide-mp3-image-150x150.png\",\"width\":150,\"height\":150}}]}<\/script>\n<\/div>\n\t\n\n\n\n<div style=\"height:1px\" aria-hidden=\"true\" class=\"wp-block-spacer\"><\/div>\n\n\n\n<h5 class=\"wp-block-heading\"><a href=\"https:\/\/litteraturbanken.se\/ljudochbild\/forfattare\/ferlinn\/\">H\u00d6R FLER NILS FERLIN-INL\u00c4SNINGAR H\u00c4R.<\/a><\/h5>\n\n\n\n<div style=\"height:20px\" aria-hidden=\"true\" class=\"wp-block-spacer\"><\/div>\n\n\n\n<figure class=\"wp-block-gallery has-nested-images columns-4 is-cropped wp-block-gallery-5 is-layout-flex wp-block-gallery-is-layout-flex\">\n<figure class=\"wp-block-image size-large\"><img loading=\"lazy\" decoding=\"async\" width=\"356\" height=\"550\" data-id=\"983\" src=\"https:\/\/litteraturbanken.se\/ljudochbild\/wp-content\/uploads\/2019\/09\/FerlinN_large.jpeg\" alt=\"\" class=\"wp-image-983\" srcset=\"https:\/\/litteraturbanken.se\/ljudochbild\/wp-content\/uploads\/2019\/09\/FerlinN_large.jpeg 356w, https:\/\/litteraturbanken.se\/ljudochbild\/wp-content\/uploads\/2019\/09\/FerlinN_large-194x300.jpeg 194w\" sizes=\"auto, (max-width: 356px) 100vw, 356px\" \/><\/figure>\n\n\n\n<figure class=\"wp-block-image size-large\"><img loading=\"lazy\" decoding=\"async\" width=\"900\" height=\"1097\" data-id=\"4362\" src=\"https:\/\/litteraturbanken.se\/ljudochbild\/wp-content\/uploads\/2020\/12\/ferlin_sangenomstockholm4_1947.jpg\" alt=\"Fotografi av Nils Ferlin\" class=\"wp-image-4362\" srcset=\"https:\/\/litteraturbanken.se\/ljudochbild\/wp-content\/uploads\/2020\/12\/ferlin_sangenomstockholm4_1947.jpg 900w, https:\/\/litteraturbanken.se\/ljudochbild\/wp-content\/uploads\/2020\/12\/ferlin_sangenomstockholm4_1947-246x300.jpg 246w, https:\/\/litteraturbanken.se\/ljudochbild\/wp-content\/uploads\/2020\/12\/ferlin_sangenomstockholm4_1947-840x1024.jpg 840w, https:\/\/litteraturbanken.se\/ljudochbild\/wp-content\/uploads\/2020\/12\/ferlin_sangenomstockholm4_1947-768x936.jpg 768w, https:\/\/litteraturbanken.se\/ljudochbild\/wp-content\/uploads\/2020\/12\/ferlin_sangenomstockholm4_1947-480x585.jpg 480w\" sizes=\"auto, (max-width: 900px) 100vw, 900px\" \/><\/figure>\n\n\n\n<figure class=\"wp-block-image size-large\"><img loading=\"lazy\" decoding=\"async\" width=\"1121\" height=\"1198\" data-id=\"3396\" src=\"https:\/\/litteraturbanken.se\/ljudochbild\/wp-content\/uploads\/2020\/02\/ferlin_gullers.jpg\" alt=\"\" class=\"wp-image-3396\" srcset=\"https:\/\/litteraturbanken.se\/ljudochbild\/wp-content\/uploads\/2020\/02\/ferlin_gullers.jpg 1121w, https:\/\/litteraturbanken.se\/ljudochbild\/wp-content\/uploads\/2020\/02\/ferlin_gullers-281x300.jpg 281w, https:\/\/litteraturbanken.se\/ljudochbild\/wp-content\/uploads\/2020\/02\/ferlin_gullers-958x1024.jpg 958w, https:\/\/litteraturbanken.se\/ljudochbild\/wp-content\/uploads\/2020\/02\/ferlin_gullers-768x821.jpg 768w, https:\/\/litteraturbanken.se\/ljudochbild\/wp-content\/uploads\/2020\/02\/ferlin_gullers-480x513.jpg 480w\" sizes=\"auto, (max-width: 1121px) 100vw, 1121px\" \/><\/figure>\n\n\n\n<figure class=\"wp-block-image size-large\"><img loading=\"lazy\" decoding=\"async\" width=\"900\" height=\"890\" data-id=\"4414\" src=\"https:\/\/litteraturbanken.se\/ljudochbild\/wp-content\/uploads\/2020\/12\/ferlin_ipenningby1948.jpg\" alt=\"Fotografi av Nils Ferlin\" class=\"wp-image-4414\" srcset=\"https:\/\/litteraturbanken.se\/ljudochbild\/wp-content\/uploads\/2020\/12\/ferlin_ipenningby1948.jpg 900w, https:\/\/litteraturbanken.se\/ljudochbild\/wp-content\/uploads\/2020\/12\/ferlin_ipenningby1948-300x297.jpg 300w, https:\/\/litteraturbanken.se\/ljudochbild\/wp-content\/uploads\/2020\/12\/ferlin_ipenningby1948-768x759.jpg 768w, https:\/\/litteraturbanken.se\/ljudochbild\/wp-content\/uploads\/2020\/12\/ferlin_ipenningby1948-480x475.jpg 480w\" sizes=\"auto, (max-width: 900px) 100vw, 900px\" \/><\/figure>\n<\/figure>\n\n\n\n<div style=\"height:70px\" aria-hidden=\"true\" class=\"wp-block-spacer\"><\/div>\n\n\n\n<h2 class=\"wp-block-heading\">GUSTAF FR\u00d6DING<\/h2>\n\n\n\n<div style=\"height:10px\" aria-hidden=\"true\" class=\"wp-block-spacer\"><\/div>\n\n\n<div class=\"wp-playlist wp-audio-playlist wp-playlist-light\">\n\t\t\t<div class=\"wp-playlist-current-item\"><\/div>\n\t\t<audio controls=\"controls\" preload=\"none\" width=\"618\"\n\t\t\t><\/audio>\n\t<div class=\"wp-playlist-next\"><\/div>\n\t<div class=\"wp-playlist-prev\"><\/div>\n\t<noscript>\n\t<ol>\n\t\t<li><a href='https:\/\/litteraturbanken.se\/ljudochbild\/wp-content\/uploads\/2019\/09\/froding_elementarande_mattson.mp3'>Elementarande<\/a><\/li><li><a href='https:\/\/litteraturbanken.se\/ljudochbild\/wp-content\/uploads\/2023\/12\/froding_enghasel_pleijel.mp3'>En ghasel<\/a><\/li><li><a href='https:\/\/litteraturbanken.se\/ljudochbild\/wp-content\/uploads\/2019\/09\/froding_idealismochrealism_pleijel.mp3'>Idealism och realism<\/a><\/li><li><a href='https:\/\/litteraturbanken.se\/ljudochbild\/wp-content\/uploads\/2020\/03\/froding_dengamlagodatiden_berglund.mp3'>Den gamla goda tiden<\/a><\/li><li><a href='https:\/\/litteraturbanken.se\/ljudochbild\/wp-content\/uploads\/2020\/03\/froding_skaldenwennerbom_berglund.mp3'>Skalden Wennerbom<\/a><\/li><li><a href='https:\/\/litteraturbanken.se\/ljudochbild\/wp-content\/uploads\/2020\/03\/froding_strovtagihembygden_berglund.mp3'>Str\u00f6vt\u00e5g i hembygden<\/a><\/li>\t<\/ol>\n\t<\/noscript>\n\t<script type=\"application\/json\" class=\"wp-playlist-script\">{\"type\":\"audio\",\"tracklist\":true,\"tracknumbers\":true,\"images\":true,\"artists\":true,\"tracks\":[{\"src\":\"https:\/\/litteraturbanken.se\/ljudochbild\/wp-content\/uploads\/2019\/09\/froding_elementarande_mattson.mp3\",\"type\":\"audio\/mpeg\",\"title\":\"Elementarande\",\"caption\":\"\",\"description\":\"\\\"Elementarande\\\" fr\\u00e5n Ellen Mattson av Fr\\u00f6ding, Gustaf.\",\"meta\":{\"artist\":\"Ellen Mattson l\\u00e4ser Gustaf Fr\\u00f6ding\",\"album\":\"Gustaf Fr\\u00f6ding\",\"length_formatted\":\"0:49\"},\"image\":{\"src\":\"https:\/\/litteraturbanken.se\/ljudochbild\/wp-content\/uploads\/2019\/09\/lb_albumart-1.png\",\"width\":580,\"height\":612},\"thumb\":{\"src\":\"https:\/\/litteraturbanken.se\/ljudochbild\/wp-content\/uploads\/2019\/09\/lb_albumart-1-150x150.png\",\"width\":150,\"height\":150}},{\"src\":\"https:\/\/litteraturbanken.se\/ljudochbild\/wp-content\/uploads\/2023\/12\/froding_enghasel_pleijel.mp3\",\"type\":\"audio\/mpeg\",\"title\":\"En ghasel\",\"caption\":\"\",\"description\":\"\\u201dEn ghasel\\u201d fr\\u00e5n Gustaf Fr\\u00f6ding av Agneta Pleijel l\\u00e4ser Gustaf Fr\\u00f6ding.\",\"meta\":{\"artist\":\"Agneta Pleijel l\\u00e4ser Gustaf Fr\\u00f6ding\",\"album\":\"Gustaf Fr\\u00f6ding\",\"length_formatted\":\"1:56\"},\"image\":{\"src\":\"https:\/\/litteraturbanken.se\/ljudochbild\/wp-content\/uploads\/2019\/09\/wide_gub_wide-mp3-image.png\",\"width\":580,\"height\":612},\"thumb\":{\"src\":\"https:\/\/litteraturbanken.se\/ljudochbild\/wp-content\/uploads\/2019\/09\/wide_gub_wide-mp3-image-150x150.png\",\"width\":150,\"height\":150}},{\"src\":\"https:\/\/litteraturbanken.se\/ljudochbild\/wp-content\/uploads\/2019\/09\/froding_idealismochrealism_pleijel.mp3\",\"type\":\"audio\/mpeg\",\"title\":\"Idealism och realism\",\"caption\":\"\",\"description\":\"\\\"Idealism och realism\\\" fr\\u00e5n Idealism och realism av Fr\\u00f6ding, Gustaf.\",\"meta\":{\"artist\":\"Agneta Pleijel l\\u00e4ser Gustaf Fr\\u00f6ding\",\"album\":\"Gustaf Fr\\u00f6ding\",\"length_formatted\":\"0:53\"},\"image\":{\"src\":\"https:\/\/litteraturbanken.se\/ljudochbild\/wp-content\/plugins\/media-library-assistant\/images\/crystal\/audio.png\",\"width\":48,\"height\":64},\"thumb\":{\"src\":\"https:\/\/litteraturbanken.se\/ljudochbild\/wp-content\/plugins\/media-library-assistant\/images\/crystal\/audio.png\",\"width\":48,\"height\":64}},{\"src\":\"https:\/\/litteraturbanken.se\/ljudochbild\/wp-content\/uploads\/2020\/03\/froding_dengamlagodatiden_berglund.mp3\",\"type\":\"audio\/mpeg\",\"title\":\"Den gamla goda tiden\",\"caption\":\"\",\"description\":\"\\\"Den gamla goda tiden\\\" fr\\u00e5n Dan Berglund l\\u00e4ser Gustaf Fr\\u00f6ding av Fr\\u00f6ding, Gustaf. Sl\\u00e4ppt: 2020. Sp\\u00e5r 20.\",\"meta\":{\"artist\":\"Dan Berglund l\\u00e4ser Gustaf Fr\\u00f6ding\",\"album\":\"Gustaf Fr\\u00f6ding\",\"year\":\"2020\",\"length_formatted\":\"1:41\"},\"image\":{\"src\":\"https:\/\/litteraturbanken.se\/ljudochbild\/wp-content\/uploads\/2019\/09\/wide_gub_wide-mp3-image.png\",\"width\":580,\"height\":612},\"thumb\":{\"src\":\"https:\/\/litteraturbanken.se\/ljudochbild\/wp-content\/uploads\/2019\/09\/wide_gub_wide-mp3-image-150x150.png\",\"width\":150,\"height\":150}},{\"src\":\"https:\/\/litteraturbanken.se\/ljudochbild\/wp-content\/uploads\/2020\/03\/froding_skaldenwennerbom_berglund.mp3\",\"type\":\"audio\/mpeg\",\"title\":\"Skalden Wennerbom\",\"caption\":\"\",\"description\":\"\\\"Skalden Wennerbom\\\" fr\\u00e5n Dan Berglund l\\u00e4ser Gustaf Fr\\u00f6ding av Fr\\u00f6ding, Gustaf. Sl\\u00e4ppt: 2020. Sp\\u00e5r 21.\",\"meta\":{\"artist\":\"Dan Berglund l\\u00e4ser Gustaf Fr\\u00f6ding\",\"album\":\"Gustaf Fr\\u00f6ding\",\"year\":\"2020\",\"length_formatted\":\"2:47\"},\"image\":{\"src\":\"https:\/\/litteraturbanken.se\/ljudochbild\/wp-content\/uploads\/2019\/09\/wide_gub_wide-mp3-image.png\",\"width\":580,\"height\":612},\"thumb\":{\"src\":\"https:\/\/litteraturbanken.se\/ljudochbild\/wp-content\/uploads\/2019\/09\/wide_gub_wide-mp3-image-150x150.png\",\"width\":150,\"height\":150}},{\"src\":\"https:\/\/litteraturbanken.se\/ljudochbild\/wp-content\/uploads\/2020\/03\/froding_strovtagihembygden_berglund.mp3\",\"type\":\"audio\/mpeg\",\"title\":\"Str\\u00f6vt\\u00e5g i hembygden\",\"caption\":\"\",\"description\":\"\\\"Str\\u00f6vt\\u00e5g i hembygden\\\" fr\\u00e5n Dan Berglund l\\u00e4ser Gustaf Fr\\u00f6ding av Fr\\u00f6ding, Gustaf. Sl\\u00e4ppt: 2020. Sp\\u00e5r 22.\",\"meta\":{\"artist\":\"Dan Berglund l\\u00e4ser Gustaf Fr\\u00f6ding\",\"album\":\"Gustaf Fr\\u00f6ding\",\"year\":\"2020\",\"length_formatted\":\"5:18\"},\"image\":{\"src\":\"https:\/\/litteraturbanken.se\/ljudochbild\/wp-content\/uploads\/2019\/09\/wide_gub_wide-mp3-image.png\",\"width\":580,\"height\":612},\"thumb\":{\"src\":\"https:\/\/litteraturbanken.se\/ljudochbild\/wp-content\/uploads\/2019\/09\/wide_gub_wide-mp3-image-150x150.png\",\"width\":150,\"height\":150}}]}<\/script>\n<\/div>\n\t\n\n\n\n<div style=\"height:1px\" aria-hidden=\"true\" class=\"wp-block-spacer\"><\/div>\n\n\n\n<h5 class=\"wp-block-heading\"><a href=\"https:\/\/litteraturbanken.se\/ljudochbild\/forfattare\/frodingg\/\">H\u00d6R FLER GUSTAF FR\u00d6DING-INL\u00c4SNINGAR H\u00c4R.<\/a><\/h5>\n\n\n\n<div style=\"height:20px\" aria-hidden=\"true\" class=\"wp-block-spacer\"><\/div>\n\n\n\n<figure class=\"wp-block-gallery has-nested-images columns-4 is-cropped wp-block-gallery-6 is-layout-flex wp-block-gallery-is-layout-flex\">\n<figure class=\"wp-block-image size-large\"><img loading=\"lazy\" decoding=\"async\" width=\"600\" height=\"852\" data-id=\"9779\" src=\"https:\/\/litteraturbanken.se\/ljudochbild\/wp-content\/uploads\/2023\/09\/froding1.jpg\" alt=\"\" class=\"wp-image-9779\" srcset=\"https:\/\/litteraturbanken.se\/ljudochbild\/wp-content\/uploads\/2023\/09\/froding1.jpg 600w, https:\/\/litteraturbanken.se\/ljudochbild\/wp-content\/uploads\/2023\/09\/froding1-211x300.jpg 211w, https:\/\/litteraturbanken.se\/ljudochbild\/wp-content\/uploads\/2023\/09\/froding1-480x682.jpg 480w\" sizes=\"auto, (max-width: 600px) 100vw, 600px\" \/><\/figure>\n\n\n\n<figure class=\"wp-block-image size-large\"><img loading=\"lazy\" decoding=\"async\" width=\"600\" height=\"805\" data-id=\"9781\" src=\"https:\/\/litteraturbanken.se\/ljudochbild\/wp-content\/uploads\/2023\/09\/froding3.jpg\" alt=\"\" class=\"wp-image-9781\" srcset=\"https:\/\/litteraturbanken.se\/ljudochbild\/wp-content\/uploads\/2023\/09\/froding3.jpg 600w, https:\/\/litteraturbanken.se\/ljudochbild\/wp-content\/uploads\/2023\/09\/froding3-224x300.jpg 224w, https:\/\/litteraturbanken.se\/ljudochbild\/wp-content\/uploads\/2023\/09\/froding3-480x644.jpg 480w\" sizes=\"auto, (max-width: 600px) 100vw, 600px\" \/><\/figure>\n\n\n\n<figure class=\"wp-block-image size-large\"><img loading=\"lazy\" decoding=\"async\" width=\"600\" height=\"813\" data-id=\"9780\" src=\"https:\/\/litteraturbanken.se\/ljudochbild\/wp-content\/uploads\/2023\/09\/froding2.jpg\" alt=\"\" class=\"wp-image-9780\" srcset=\"https:\/\/litteraturbanken.se\/ljudochbild\/wp-content\/uploads\/2023\/09\/froding2.jpg 600w, https:\/\/litteraturbanken.se\/ljudochbild\/wp-content\/uploads\/2023\/09\/froding2-221x300.jpg 221w, https:\/\/litteraturbanken.se\/ljudochbild\/wp-content\/uploads\/2023\/09\/froding2-480x650.jpg 480w\" sizes=\"auto, (max-width: 600px) 100vw, 600px\" \/><\/figure>\n\n\n\n<figure class=\"wp-block-image size-large\"><img loading=\"lazy\" decoding=\"async\" width=\"600\" height=\"844\" data-id=\"9782\" src=\"https:\/\/litteraturbanken.se\/ljudochbild\/wp-content\/uploads\/2023\/09\/froding4.jpg\" alt=\"\" class=\"wp-image-9782\" srcset=\"https:\/\/litteraturbanken.se\/ljudochbild\/wp-content\/uploads\/2023\/09\/froding4.jpg 600w, https:\/\/litteraturbanken.se\/ljudochbild\/wp-content\/uploads\/2023\/09\/froding4-213x300.jpg 213w, https:\/\/litteraturbanken.se\/ljudochbild\/wp-content\/uploads\/2023\/09\/froding4-480x675.jpg 480w\" sizes=\"auto, (max-width: 600px) 100vw, 600px\" \/><\/figure>\n<\/figure>\n\n\n\n<div style=\"height:70px\" aria-hidden=\"true\" class=\"wp-block-spacer\"><\/div>\n\n\n\n<h2 class=\"wp-block-heading\">HJALMAR GULLBERG<\/h2>\n\n\n\n<div style=\"height:10px\" aria-hidden=\"true\" class=\"wp-block-spacer\"><\/div>\n\n\n<div class=\"wp-playlist wp-audio-playlist wp-playlist-light\">\n\t\t\t<div class=\"wp-playlist-current-item\"><\/div>\n\t\t<audio controls=\"controls\" preload=\"none\" width=\"618\"\n\t\t\t><\/audio>\n\t<div class=\"wp-playlist-next\"><\/div>\n\t<div class=\"wp-playlist-prev\"><\/div>\n\t<noscript>\n\t<ol>\n\t\t<li><a href='https:\/\/litteraturbanken.se\/ljudochbild\/wp-content\/uploads\/2022\/11\/gullberg_detresersigetttorn_ekblad.mp3'>Det reser sig ett torn<\/a><\/li><li><a href='https:\/\/litteraturbanken.se\/ljudochbild\/wp-content\/uploads\/2019\/09\/gullberg_dodamazon_mossaed.mp3'>D\u00f6d amazon<\/a><\/li><li><a href='https:\/\/litteraturbanken.se\/ljudochbild\/wp-content\/uploads\/2022\/11\/gullberg_gudsordbarickebojor_ekblad.mp3'>Guds ord b\u00e4r icke bojor<\/a><\/li><li><a href='https:\/\/litteraturbanken.se\/ljudochbild\/wp-content\/uploads\/2022\/11\/gullberg_hanlevdekortochlevdesallan_ekblad.mp3'>Han levde kort och levde s\u00e4llan<\/a><\/li><li><a href='https:\/\/litteraturbanken.se\/ljudochbild\/wp-content\/uploads\/2022\/11\/gullberg_spelpataggtrad_ekblad.mp3'>Spel p\u00e5 taggtr\u00e5d<\/a><\/li><li><a href='https:\/\/litteraturbanken.se\/ljudochbild\/wp-content\/uploads\/2022\/11\/gullberg_tillennaktergal_ekblad.mp3'>Till en n\u00e4ktergal i Malm\u00f6<\/a><\/li>\t<\/ol>\n\t<\/noscript>\n\t<script type=\"application\/json\" class=\"wp-playlist-script\">{\"type\":\"audio\",\"tracklist\":true,\"tracknumbers\":true,\"images\":true,\"artists\":true,\"tracks\":[{\"src\":\"https:\/\/litteraturbanken.se\/ljudochbild\/wp-content\/uploads\/2022\/11\/gullberg_detresersigetttorn_ekblad.mp3\",\"type\":\"audio\/mpeg\",\"title\":\"Det reser sig ett torn\",\"caption\":\"\",\"description\":\"\\u201dDet reser sig ett torn\\u201d fr\\u00e5n Hjalmar Gullberg av Stina Ekblad l\\u00e4ser dikter. Sl\\u00e4ppt: 2022.\",\"meta\":{\"artist\":\"Stina Ekblad l\\u00e4ser Hjalmar Gullberg\",\"album\":\"Hjalmar Gullberg\",\"year\":\"2022\",\"length_formatted\":\"1:38\"},\"image\":{\"src\":\"https:\/\/litteraturbanken.se\/ljudochbild\/wp-content\/uploads\/2019\/09\/wide_gub_wide-mp3-image.png\",\"width\":580,\"height\":612},\"thumb\":{\"src\":\"https:\/\/litteraturbanken.se\/ljudochbild\/wp-content\/uploads\/2019\/09\/wide_gub_wide-mp3-image-150x150.png\",\"width\":150,\"height\":150}},{\"src\":\"https:\/\/litteraturbanken.se\/ljudochbild\/wp-content\/uploads\/2019\/09\/gullberg_dodamazon_mossaed.mp3\",\"type\":\"audio\/mpeg\",\"title\":\"D\\u00f6d amazon\",\"caption\":\"\",\"description\":\"\\\"D\\u00f6d amazon\\\" fr\\u00e5n Jila Mossaed l\\u00e4ser svenska klassiker av Gullberg, Hjalmar. Sl\\u00e4ppt: 2019. Sp\\u00e5r 11 av 22.\",\"meta\":{\"artist\":\"Jila Mossaed l\\u00e4ser Hjalmar Gullberg\",\"album\":\"Hjalmar Gullberg\",\"year\":\"2019\",\"length_formatted\":\"1:38\"},\"image\":{\"src\":\"https:\/\/litteraturbanken.se\/ljudochbild\/wp-content\/plugins\/media-library-assistant\/images\/crystal\/audio.png\",\"width\":48,\"height\":64},\"thumb\":{\"src\":\"https:\/\/litteraturbanken.se\/ljudochbild\/wp-content\/plugins\/media-library-assistant\/images\/crystal\/audio.png\",\"width\":48,\"height\":64}},{\"src\":\"https:\/\/litteraturbanken.se\/ljudochbild\/wp-content\/uploads\/2022\/11\/gullberg_gudsordbarickebojor_ekblad.mp3\",\"type\":\"audio\/mpeg\",\"title\":\"Guds ord b\\u00e4r icke bojor\",\"caption\":\"\",\"description\":\"\\u201dGuds ord b\\u00e4r icke bojor\\u201d fr\\u00e5n Hjalmar Gullberg av Stina Ekblad l\\u00e4ser dikter. Sl\\u00e4ppt: 2022.\",\"meta\":{\"artist\":\"Stina Ekblad l\\u00e4ser Hjalmar Gullberg\",\"album\":\"Hjalmar Gullberg\",\"year\":\"2022\",\"length_formatted\":\"3:23\"},\"image\":{\"src\":\"https:\/\/litteraturbanken.se\/ljudochbild\/wp-content\/uploads\/2019\/09\/wide_gub_wide-mp3-image.png\",\"width\":580,\"height\":612},\"thumb\":{\"src\":\"https:\/\/litteraturbanken.se\/ljudochbild\/wp-content\/uploads\/2019\/09\/wide_gub_wide-mp3-image-150x150.png\",\"width\":150,\"height\":150}},{\"src\":\"https:\/\/litteraturbanken.se\/ljudochbild\/wp-content\/uploads\/2022\/11\/gullberg_hanlevdekortochlevdesallan_ekblad.mp3\",\"type\":\"audio\/mpeg\",\"title\":\"Han levde kort och levde s\\u00e4llan\",\"caption\":\"\",\"description\":\"\\u201dHan levde kort och levde s\\u00e4llan\\u201d fr\\u00e5n Hjalmar Gullberg av Stina Ekblad l\\u00e4ser dikter. Sl\\u00e4ppt: 2022.\",\"meta\":{\"artist\":\"Stina Ekblad l\\u00e4ser Hjalmar Gullberg\",\"album\":\"Hjalmar Gullberg\",\"year\":\"2022\",\"length_formatted\":\"1:31\"},\"image\":{\"src\":\"https:\/\/litteraturbanken.se\/ljudochbild\/wp-content\/uploads\/2019\/09\/wide_gub_wide-mp3-image.png\",\"width\":580,\"height\":612},\"thumb\":{\"src\":\"https:\/\/litteraturbanken.se\/ljudochbild\/wp-content\/uploads\/2019\/09\/wide_gub_wide-mp3-image-150x150.png\",\"width\":150,\"height\":150}},{\"src\":\"https:\/\/litteraturbanken.se\/ljudochbild\/wp-content\/uploads\/2022\/11\/gullberg_spelpataggtrad_ekblad.mp3\",\"type\":\"audio\/mpeg\",\"title\":\"Spel p\\u00e5 taggtr\\u00e5d\",\"caption\":\"\",\"description\":\"\\u201dSpel p\\u00e5 taggtr\\u00e5d\\u201d fr\\u00e5n Hjalmar Gullberg av Stina Ekblad l\\u00e4ser dikter. Sl\\u00e4ppt: 2022.\",\"meta\":{\"artist\":\"Stina Ekblad l\\u00e4ser Hjalmar Gullberg\",\"album\":\"Hjalmar Gullberg\",\"year\":\"2022\",\"length_formatted\":\"2:50\"},\"image\":{\"src\":\"https:\/\/litteraturbanken.se\/ljudochbild\/wp-content\/uploads\/2019\/09\/wide_gub_wide-mp3-image.png\",\"width\":580,\"height\":612},\"thumb\":{\"src\":\"https:\/\/litteraturbanken.se\/ljudochbild\/wp-content\/uploads\/2019\/09\/wide_gub_wide-mp3-image-150x150.png\",\"width\":150,\"height\":150}},{\"src\":\"https:\/\/litteraturbanken.se\/ljudochbild\/wp-content\/uploads\/2022\/11\/gullberg_tillennaktergal_ekblad.mp3\",\"type\":\"audio\/mpeg\",\"title\":\"Till en n\\u00e4ktergal i Malm\\u00f6\",\"caption\":\"\",\"description\":\"\\u201dTill en n\\u00e4ktergal i Malm\\u00f6\\u201d fr\\u00e5n Hjalmar Gullberg av Stina Ekblad l\\u00e4ser dikter. Sl\\u00e4ppt: 2022.\",\"meta\":{\"artist\":\"Stina Ekblad l\\u00e4ser Hjalmar Gullberg\",\"album\":\"Hjalmar Gullberg\",\"year\":\"2022\",\"length_formatted\":\"3:28\"},\"image\":{\"src\":\"https:\/\/litteraturbanken.se\/ljudochbild\/wp-content\/uploads\/2019\/09\/wide_gub_wide-mp3-image.png\",\"width\":580,\"height\":612},\"thumb\":{\"src\":\"https:\/\/litteraturbanken.se\/ljudochbild\/wp-content\/uploads\/2019\/09\/wide_gub_wide-mp3-image-150x150.png\",\"width\":150,\"height\":150}}]}<\/script>\n<\/div>\n\t\n\n\n\n<div style=\"height:1px\" aria-hidden=\"true\" class=\"wp-block-spacer\"><\/div>\n\n\n\n<h5 class=\"wp-block-heading\"><a href=\"https:\/\/litteraturbanken.se\/ljudochbild\/forfattare\/gullberghj\/\">H\u00d6R FLER HJALMAR GULLBERG-INL\u00c4SNINGAR H\u00c4R.<\/a><\/h5>\n\n\n\n<div style=\"height:20px\" aria-hidden=\"true\" class=\"wp-block-spacer\"><\/div>\n\n\n\n<figure class=\"wp-block-gallery has-nested-images columns-4 is-cropped wp-block-gallery-7 is-layout-flex wp-block-gallery-is-layout-flex\">\n<figure class=\"wp-block-image size-large\"><img loading=\"lazy\" decoding=\"async\" width=\"600\" height=\"720\" data-id=\"9785\" src=\"https:\/\/litteraturbanken.se\/ljudochbild\/wp-content\/uploads\/2023\/09\/gullberg2.jpg\" alt=\"\" class=\"wp-image-9785\" srcset=\"https:\/\/litteraturbanken.se\/ljudochbild\/wp-content\/uploads\/2023\/09\/gullberg2.jpg 600w, https:\/\/litteraturbanken.se\/ljudochbild\/wp-content\/uploads\/2023\/09\/gullberg2-250x300.jpg 250w, https:\/\/litteraturbanken.se\/ljudochbild\/wp-content\/uploads\/2023\/09\/gullberg2-480x576.jpg 480w\" sizes=\"auto, (max-width: 600px) 100vw, 600px\" \/><\/figure>\n\n\n\n<figure class=\"wp-block-image size-large\"><img loading=\"lazy\" decoding=\"async\" width=\"600\" height=\"798\" data-id=\"9784\" src=\"https:\/\/litteraturbanken.se\/ljudochbild\/wp-content\/uploads\/2023\/09\/gullberg1.jpg\" alt=\"\" class=\"wp-image-9784\" srcset=\"https:\/\/litteraturbanken.se\/ljudochbild\/wp-content\/uploads\/2023\/09\/gullberg1.jpg 600w, https:\/\/litteraturbanken.se\/ljudochbild\/wp-content\/uploads\/2023\/09\/gullberg1-226x300.jpg 226w, https:\/\/litteraturbanken.se\/ljudochbild\/wp-content\/uploads\/2023\/09\/gullberg1-480x638.jpg 480w\" sizes=\"auto, (max-width: 600px) 100vw, 600px\" \/><\/figure>\n\n\n\n<figure class=\"wp-block-image size-large\"><img loading=\"lazy\" decoding=\"async\" width=\"600\" height=\"835\" data-id=\"9786\" src=\"https:\/\/litteraturbanken.se\/ljudochbild\/wp-content\/uploads\/2023\/09\/gullberg3.jpg\" alt=\"\" class=\"wp-image-9786\" srcset=\"https:\/\/litteraturbanken.se\/ljudochbild\/wp-content\/uploads\/2023\/09\/gullberg3.jpg 600w, https:\/\/litteraturbanken.se\/ljudochbild\/wp-content\/uploads\/2023\/09\/gullberg3-216x300.jpg 216w, https:\/\/litteraturbanken.se\/ljudochbild\/wp-content\/uploads\/2023\/09\/gullberg3-480x668.jpg 480w\" sizes=\"auto, (max-width: 600px) 100vw, 600px\" \/><\/figure>\n\n\n\n<figure class=\"wp-block-image size-large\"><img loading=\"lazy\" decoding=\"async\" width=\"600\" height=\"849\" data-id=\"9787\" src=\"https:\/\/litteraturbanken.se\/ljudochbild\/wp-content\/uploads\/2023\/09\/gullberg4.jpg\" alt=\"\" class=\"wp-image-9787\" srcset=\"https:\/\/litteraturbanken.se\/ljudochbild\/wp-content\/uploads\/2023\/09\/gullberg4.jpg 600w, https:\/\/litteraturbanken.se\/ljudochbild\/wp-content\/uploads\/2023\/09\/gullberg4-212x300.jpg 212w, https:\/\/litteraturbanken.se\/ljudochbild\/wp-content\/uploads\/2023\/09\/gullberg4-480x679.jpg 480w\" sizes=\"auto, (max-width: 600px) 100vw, 600px\" \/><\/figure>\n<\/figure>\n\n\n\n<div style=\"height:70px\" aria-hidden=\"true\" class=\"wp-block-spacer\"><\/div>\n\n\n\n<h2 class=\"wp-block-heading\">RUT HILLARP<\/h2>\n\n\n\n<div style=\"height:10px\" aria-hidden=\"true\" class=\"wp-block-spacer\"><\/div>\n\n\n<div class=\"wp-playlist wp-audio-playlist wp-playlist-light\">\n\t\t\t<div class=\"wp-playlist-current-item\"><\/div>\n\t\t<audio controls=\"controls\" preload=\"none\" width=\"618\"\n\t\t\t><\/audio>\n\t<div class=\"wp-playlist-next\"><\/div>\n\t<div class=\"wp-playlist-prev\"><\/div>\n\t<noscript>\n\t<ol>\n\t\t<li><a href='https:\/\/litteraturbanken.se\/ljudochbild\/wp-content\/uploads\/2019\/09\/hillarp_host_pleijel.mp3'>H\u00f6st<\/a><\/li><li><a href='https:\/\/litteraturbanken.se\/ljudochbild\/wp-content\/uploads\/2022\/11\/hillarp_mindagarendrom_ekblad.mp3'>Min dag \u00e4r en dr\u00f6m<\/a><\/li><li><a href='https:\/\/litteraturbanken.se\/ljudochbild\/wp-content\/uploads\/2022\/11\/hillarp_morgonenarkarlekensbarn_ekblad.mp3'>Morgonen \u00e4r k\u00e4rlekens barn<\/a><\/li><li><a href='https:\/\/litteraturbanken.se\/ljudochbild\/wp-content\/uploads\/2019\/09\/hillarp_sang_pleijel.mp3'>S\u00e5ng<\/a><\/li><li><a href='https:\/\/litteraturbanken.se\/ljudochbild\/wp-content\/uploads\/2022\/11\/hillarp_utanfor_ekblad.mp3'>Utanf\u00f6r<\/a><\/li>\t<\/ol>\n\t<\/noscript>\n\t<script type=\"application\/json\" class=\"wp-playlist-script\">{\"type\":\"audio\",\"tracklist\":true,\"tracknumbers\":true,\"images\":true,\"artists\":true,\"tracks\":[{\"src\":\"https:\/\/litteraturbanken.se\/ljudochbild\/wp-content\/uploads\/2019\/09\/hillarp_host_pleijel.mp3\",\"type\":\"audio\/mpeg\",\"title\":\"H\\u00f6st\",\"caption\":\"\",\"description\":\"\\\"H\\u00f6st\\\" fr\\u00e5n H\\u00f6st av Hillarp, Rut.\",\"meta\":{\"artist\":\"Agneta Pleijel l\\u00e4ser Rut Hillarp\",\"album\":\"Rut Hillarp\",\"length_formatted\":\"1:04\"},\"image\":{\"src\":\"https:\/\/litteraturbanken.se\/ljudochbild\/wp-content\/uploads\/2019\/09\/lb_albumart.png\",\"width\":580,\"height\":612},\"thumb\":{\"src\":\"https:\/\/litteraturbanken.se\/ljudochbild\/wp-content\/uploads\/2019\/09\/lb_albumart-150x150.png\",\"width\":150,\"height\":150}},{\"src\":\"https:\/\/litteraturbanken.se\/ljudochbild\/wp-content\/uploads\/2022\/11\/hillarp_mindagarendrom_ekblad.mp3\",\"type\":\"audio\/mpeg\",\"title\":\"Min dag \\u00e4r en dr\\u00f6m\",\"caption\":\"\",\"description\":\"\\u201dMin dag \\u00e4r en dr\\u00f6m\\u201d fr\\u00e5n Rut Hillarp av Stina Ekblad l\\u00e4ser dikter. Sl\\u00e4ppt: 2022.\",\"meta\":{\"artist\":\"Stina Ekblad l\\u00e4ser Rut Hillarp\",\"album\":\"Rut Hillarp\",\"year\":\"2022\",\"length_formatted\":\"0:47\"},\"image\":{\"src\":\"https:\/\/litteraturbanken.se\/ljudochbild\/wp-content\/uploads\/2019\/09\/wide_gub_wide-mp3-image.png\",\"width\":580,\"height\":612},\"thumb\":{\"src\":\"https:\/\/litteraturbanken.se\/ljudochbild\/wp-content\/uploads\/2019\/09\/wide_gub_wide-mp3-image-150x150.png\",\"width\":150,\"height\":150}},{\"src\":\"https:\/\/litteraturbanken.se\/ljudochbild\/wp-content\/uploads\/2022\/11\/hillarp_morgonenarkarlekensbarn_ekblad.mp3\",\"type\":\"audio\/mpeg\",\"title\":\"Morgonen \\u00e4r k\\u00e4rlekens barn\",\"caption\":\"\",\"description\":\"\\u201dMorgonen \\u00e4r k\\u00e4rlekens barn\\u201d fr\\u00e5n Rut Hillarp av Stina Ekblad l\\u00e4ser dikter. Sl\\u00e4ppt: 2022.\",\"meta\":{\"artist\":\"Stina Ekblad l\\u00e4ser Rut Hillarp\",\"album\":\"Rut Hillarp\",\"year\":\"2022\",\"length_formatted\":\"0:48\"},\"image\":{\"src\":\"https:\/\/litteraturbanken.se\/ljudochbild\/wp-content\/uploads\/2019\/09\/wide_gub_wide-mp3-image.png\",\"width\":580,\"height\":612},\"thumb\":{\"src\":\"https:\/\/litteraturbanken.se\/ljudochbild\/wp-content\/uploads\/2019\/09\/wide_gub_wide-mp3-image-150x150.png\",\"width\":150,\"height\":150}},{\"src\":\"https:\/\/litteraturbanken.se\/ljudochbild\/wp-content\/uploads\/2019\/09\/hillarp_sang_pleijel.mp3\",\"type\":\"audio\/mpeg\",\"title\":\"S\\u00e5ng\",\"caption\":\"\",\"description\":\"\\\"S\\u00e5ng\\\" fr\\u00e5n S\\u00e5ng av Hillarp, Rut.\",\"meta\":{\"artist\":\"Agneta Pleijel l\\u00e4ser Rut Hillarp\",\"album\":\"Rut Hillarp\",\"length_formatted\":\"1:00\"},\"image\":{\"src\":\"https:\/\/litteraturbanken.se\/ljudochbild\/wp-content\/plugins\/media-library-assistant\/images\/crystal\/audio.png\",\"width\":48,\"height\":64},\"thumb\":{\"src\":\"https:\/\/litteraturbanken.se\/ljudochbild\/wp-content\/plugins\/media-library-assistant\/images\/crystal\/audio.png\",\"width\":48,\"height\":64}},{\"src\":\"https:\/\/litteraturbanken.se\/ljudochbild\/wp-content\/uploads\/2022\/11\/hillarp_utanfor_ekblad.mp3\",\"type\":\"audio\/mpeg\",\"title\":\"Utanf\\u00f6r\",\"caption\":\"\",\"description\":\"\\u201dUtanf\\u00f6r\\u201d fr\\u00e5n Rut Hillarp av Stina Ekblad l\\u00e4ser dikter. Sl\\u00e4ppt: 2022.\",\"meta\":{\"artist\":\"Stina Ekblad l\\u00e4ser Rut Hillarp\",\"album\":\"Rut Hillarp\",\"year\":\"2022\",\"length_formatted\":\"2:17\"},\"image\":{\"src\":\"https:\/\/litteraturbanken.se\/ljudochbild\/wp-content\/uploads\/2019\/09\/wide_gub_wide-mp3-image.png\",\"width\":580,\"height\":612},\"thumb\":{\"src\":\"https:\/\/litteraturbanken.se\/ljudochbild\/wp-content\/uploads\/2019\/09\/wide_gub_wide-mp3-image-150x150.png\",\"width\":150,\"height\":150}}]}<\/script>\n<\/div>\n\t\n\n\n\n<div style=\"height:1px\" aria-hidden=\"true\" class=\"wp-block-spacer\"><\/div>\n\n\n\n<h5 class=\"wp-block-heading\"><a href=\"https:\/\/litteraturbanken.se\/ljudochbild\/forfattare\/hillarpr\/\">H\u00d6R FLER RUT HILLARP-INL\u00c4SNINGAR H\u00c4R.<\/a><\/h5>\n\n\n\n<div style=\"height:20px\" aria-hidden=\"true\" class=\"wp-block-spacer\"><\/div>\n\n\n\n<figure class=\"wp-block-gallery has-nested-images columns-4 is-cropped wp-block-gallery-8 is-layout-flex wp-block-gallery-is-layout-flex\">\n<figure class=\"wp-block-image size-large\"><img loading=\"lazy\" decoding=\"async\" width=\"1200\" height=\"1657\" data-id=\"7996\" src=\"https:\/\/litteraturbanken.se\/ljudochbild\/wp-content\/uploads\/2022\/11\/ruthillarp.jpg\" alt=\"Rut Hillarp\" class=\"wp-image-7996\" srcset=\"https:\/\/litteraturbanken.se\/ljudochbild\/wp-content\/uploads\/2022\/11\/ruthillarp.jpg 1200w, https:\/\/litteraturbanken.se\/ljudochbild\/wp-content\/uploads\/2022\/11\/ruthillarp-217x300.jpg 217w, https:\/\/litteraturbanken.se\/ljudochbild\/wp-content\/uploads\/2022\/11\/ruthillarp-742x1024.jpg 742w, https:\/\/litteraturbanken.se\/ljudochbild\/wp-content\/uploads\/2022\/11\/ruthillarp-768x1060.jpg 768w, https:\/\/litteraturbanken.se\/ljudochbild\/wp-content\/uploads\/2022\/11\/ruthillarp-1112x1536.jpg 1112w, https:\/\/litteraturbanken.se\/ljudochbild\/wp-content\/uploads\/2022\/11\/ruthillarp-480x663.jpg 480w\" sizes=\"auto, (max-width: 1200px) 100vw, 1200px\" \/><\/figure>\n\n\n\n<figure class=\"wp-block-image size-large\"><img loading=\"lazy\" decoding=\"async\" width=\"600\" height=\"805\" data-id=\"9790\" src=\"https:\/\/litteraturbanken.se\/ljudochbild\/wp-content\/uploads\/2023\/09\/hillarp3.jpg\" alt=\"\" class=\"wp-image-9790\" srcset=\"https:\/\/litteraturbanken.se\/ljudochbild\/wp-content\/uploads\/2023\/09\/hillarp3.jpg 600w, https:\/\/litteraturbanken.se\/ljudochbild\/wp-content\/uploads\/2023\/09\/hillarp3-224x300.jpg 224w, https:\/\/litteraturbanken.se\/ljudochbild\/wp-content\/uploads\/2023\/09\/hillarp3-480x644.jpg 480w\" sizes=\"auto, (max-width: 600px) 100vw, 600px\" \/><\/figure>\n\n\n\n<figure class=\"wp-block-image size-large\"><img loading=\"lazy\" decoding=\"async\" width=\"600\" height=\"748\" data-id=\"9789\" src=\"https:\/\/litteraturbanken.se\/ljudochbild\/wp-content\/uploads\/2023\/09\/hillarp2.jpg\" alt=\"\" class=\"wp-image-9789\" srcset=\"https:\/\/litteraturbanken.se\/ljudochbild\/wp-content\/uploads\/2023\/09\/hillarp2.jpg 600w, https:\/\/litteraturbanken.se\/ljudochbild\/wp-content\/uploads\/2023\/09\/hillarp2-241x300.jpg 241w, https:\/\/litteraturbanken.se\/ljudochbild\/wp-content\/uploads\/2023\/09\/hillarp2-480x598.jpg 480w\" sizes=\"auto, (max-width: 600px) 100vw, 600px\" \/><\/figure>\n\n\n\n<figure class=\"wp-block-image size-large\"><img loading=\"lazy\" decoding=\"async\" width=\"600\" height=\"953\" data-id=\"9791\" src=\"https:\/\/litteraturbanken.se\/ljudochbild\/wp-content\/uploads\/2023\/09\/hillarp4.jpg\" alt=\"\" class=\"wp-image-9791\" srcset=\"https:\/\/litteraturbanken.se\/ljudochbild\/wp-content\/uploads\/2023\/09\/hillarp4.jpg 600w, https:\/\/litteraturbanken.se\/ljudochbild\/wp-content\/uploads\/2023\/09\/hillarp4-189x300.jpg 189w, https:\/\/litteraturbanken.se\/ljudochbild\/wp-content\/uploads\/2023\/09\/hillarp4-480x762.jpg 480w\" sizes=\"auto, (max-width: 600px) 100vw, 600px\" \/><\/figure>\n<\/figure>\n\n\n\n<div style=\"height:70px\" aria-hidden=\"true\" class=\"wp-block-spacer\"><\/div>\n\n\n\n<h2 class=\"wp-block-heading\">ERIK AXEL KARLFELDT<\/h2>\n\n\n\n<div style=\"height:10px\" aria-hidden=\"true\" class=\"wp-block-spacer\"><\/div>\n\n\n<div class=\"wp-playlist wp-audio-playlist wp-playlist-light\">\n\t\t\t<div class=\"wp-playlist-current-item\"><\/div>\n\t\t<audio controls=\"controls\" preload=\"none\" width=\"618\"\n\t\t\t><\/audio>\n\t<div class=\"wp-playlist-next\"><\/div>\n\t<div class=\"wp-playlist-prev\"><\/div>\n\t<noscript>\n\t<ol>\n\t\t<li><a href='https:\/\/litteraturbanken.se\/ljudochbild\/wp-content\/uploads\/2019\/09\/karlfeldt_subluna_karlfeldt.mp3'>Sub luna<\/a><\/li><li><a href='https:\/\/litteraturbanken.se\/ljudochbild\/wp-content\/uploads\/2019\/09\/karlfeldt_ijudastader_karlfeldt.mp3'>I Juda st\u00e4der<\/a><\/li><li><a href='https:\/\/litteraturbanken.se\/ljudochbild\/wp-content\/uploads\/2019\/09\/karlfeldt_hostpsalm_karlfeldt.mp3'>H\u00f6stpsalm<\/a><\/li><li><a href='https:\/\/litteraturbanken.se\/ljudochbild\/wp-content\/uploads\/2019\/09\/karlfeldt_eliehimmelsfard_karlfeldt.mp3'>Elie Himmelsf\u00e4rd<\/a><\/li><li><a href='https:\/\/litteraturbanken.se\/ljudochbild\/wp-content\/uploads\/2022\/05\/karlfeldt_traslottet_karlfeldt.mp3'>Tr\u00e4slottet<\/a><\/li>\t<\/ol>\n\t<\/noscript>\n\t<script type=\"application\/json\" class=\"wp-playlist-script\">{\"type\":\"audio\",\"tracklist\":true,\"tracknumbers\":true,\"images\":true,\"artists\":true,\"tracks\":[{\"src\":\"https:\/\/litteraturbanken.se\/ljudochbild\/wp-content\/uploads\/2019\/09\/karlfeldt_subluna_karlfeldt.mp3\",\"type\":\"audio\/mpeg\",\"title\":\"Sub luna\",\"caption\":\"\",\"description\":\"\\\"Sub luna\\\" fr\\u00e5n Erik Axel Karlfeldt l\\u00e4ser egna dikter. Sp\\u00e5r 4 av 4.\",\"meta\":{\"artist\":\"Erik Axel Karlfeldt l\\u00e4ser egna dikter\",\"album\":\"Erik Axel Karlfeldt\"},\"image\":{\"src\":\"https:\/\/litteraturbanken.se\/ljudochbild\/wp-content\/uploads\/2019\/09\/wide_gub_wide-mp3-image.png\",\"width\":580,\"height\":612},\"thumb\":{\"src\":\"https:\/\/litteraturbanken.se\/ljudochbild\/wp-content\/uploads\/2019\/09\/wide_gub_wide-mp3-image-150x150.png\",\"width\":150,\"height\":150}},{\"src\":\"https:\/\/litteraturbanken.se\/ljudochbild\/wp-content\/uploads\/2019\/09\/karlfeldt_ijudastader_karlfeldt.mp3\",\"type\":\"audio\/mpeg\",\"title\":\"I Juda st\\u00e4der\",\"caption\":\"\",\"description\":\"\\\"I Juda st\\u00e4der\\\" fr\\u00e5n Erik Axel Karlfeldt l\\u00e4ser egna dikter. Sp\\u00e5r 3 av 4.\",\"meta\":{\"artist\":\"Erik Axel Karlfeldt l\\u00e4ser egna dikter\",\"album\":\"Erik Axel Karlfeldt\"},\"image\":{\"src\":\"https:\/\/litteraturbanken.se\/ljudochbild\/wp-content\/uploads\/2019\/09\/wide_gub_wide-mp3-image.png\",\"width\":580,\"height\":612},\"thumb\":{\"src\":\"https:\/\/litteraturbanken.se\/ljudochbild\/wp-content\/uploads\/2019\/09\/wide_gub_wide-mp3-image-150x150.png\",\"width\":150,\"height\":150}},{\"src\":\"https:\/\/litteraturbanken.se\/ljudochbild\/wp-content\/uploads\/2019\/09\/karlfeldt_hostpsalm_karlfeldt.mp3\",\"type\":\"audio\/mpeg\",\"title\":\"H\\u00f6stpsalm\",\"caption\":\"\",\"description\":\"\\\"H\\u00f6stpsalm\\\" fr\\u00e5n Erik Axel Karlfeldt l\\u00e4ser egna dikter. Sp\\u00e5r 2 av 4.\",\"meta\":{\"artist\":\"Erik Axel Karlfeldt l\\u00e4ser egna dikter\",\"album\":\"Erik Axel Karlfeldt\"},\"image\":{\"src\":\"https:\/\/litteraturbanken.se\/ljudochbild\/wp-content\/uploads\/2019\/09\/wide_gub_wide-mp3-image.png\",\"width\":580,\"height\":612},\"thumb\":{\"src\":\"https:\/\/litteraturbanken.se\/ljudochbild\/wp-content\/uploads\/2019\/09\/wide_gub_wide-mp3-image-150x150.png\",\"width\":150,\"height\":150}},{\"src\":\"https:\/\/litteraturbanken.se\/ljudochbild\/wp-content\/uploads\/2019\/09\/karlfeldt_eliehimmelsfard_karlfeldt.mp3\",\"type\":\"audio\/mpeg\",\"title\":\"Elie Himmelsf\\u00e4rd\",\"caption\":\"\",\"description\":\"\\\"Elie Himmelsf\\u00e4rd\\\" fr\\u00e5n Erik Axel Karlfeldt l\\u00e4ser egna dikter. Sp\\u00e5r 1 av 4.\",\"meta\":{\"artist\":\"Erik Axel Karlfeldt l\\u00e4ser egna dikter\",\"album\":\"Erik Axel Karlfeldt\"},\"image\":{\"src\":\"https:\/\/litteraturbanken.se\/ljudochbild\/wp-content\/uploads\/2019\/09\/wide_gub_wide-mp3-image.png\",\"width\":580,\"height\":612},\"thumb\":{\"src\":\"https:\/\/litteraturbanken.se\/ljudochbild\/wp-content\/uploads\/2019\/09\/wide_gub_wide-mp3-image-150x150.png\",\"width\":150,\"height\":150}},{\"src\":\"https:\/\/litteraturbanken.se\/ljudochbild\/wp-content\/uploads\/2022\/05\/karlfeldt_traslottet_karlfeldt.mp3\",\"type\":\"audio\/mpeg\",\"title\":\"Tr\\u00e4slottet\",\"caption\":\"\",\"description\":\"\\u201dTr\\u00e4slottet\\u201d fr\\u00e5n Erik Axel Karlfeldt av Erik Axel Karlfeldt l\\u00e4ser egna dikter.\",\"meta\":{\"artist\":\"Erik Axel Karlfeldt l\\u00e4ser egna dikter\",\"album\":\"Erik Axel Karlfeldt\",\"length_formatted\":\"6:34\"},\"image\":{\"src\":\"https:\/\/litteraturbanken.se\/ljudochbild\/wp-content\/uploads\/2019\/09\/wide_gub_wide-mp3-image.png\",\"width\":580,\"height\":612},\"thumb\":{\"src\":\"https:\/\/litteraturbanken.se\/ljudochbild\/wp-content\/uploads\/2019\/09\/wide_gub_wide-mp3-image-150x150.png\",\"width\":150,\"height\":150}}]}<\/script>\n<\/div>\n\t\n\n\n\n<div style=\"height:1px\" aria-hidden=\"true\" class=\"wp-block-spacer\"><\/div>\n\n\n\n<h5 class=\"wp-block-heading\"><a href=\"https:\/\/litteraturbanken.se\/ljudochbild\/forfattare\/karlfeldtea\/\">H\u00d6R FLER ERIK AXEL KARLFELDT-INL\u00c4SNINGAR H\u00c4R.<\/a><\/h5>\n\n\n\n<div style=\"height:20px\" aria-hidden=\"true\" class=\"wp-block-spacer\"><\/div>\n\n\n\n<figure class=\"wp-block-gallery has-nested-images columns-4 is-cropped wp-block-gallery-9 is-layout-flex wp-block-gallery-is-layout-flex\">\n<figure class=\"wp-block-image size-large\"><img loading=\"lazy\" decoding=\"async\" width=\"600\" height=\"843\" data-id=\"9792\" src=\"https:\/\/litteraturbanken.se\/ljudochbild\/wp-content\/uploads\/2023\/09\/karlfeldt1.jpg\" alt=\"\" class=\"wp-image-9792\" srcset=\"https:\/\/litteraturbanken.se\/ljudochbild\/wp-content\/uploads\/2023\/09\/karlfeldt1.jpg 600w, https:\/\/litteraturbanken.se\/ljudochbild\/wp-content\/uploads\/2023\/09\/karlfeldt1-214x300.jpg 214w, https:\/\/litteraturbanken.se\/ljudochbild\/wp-content\/uploads\/2023\/09\/karlfeldt1-480x674.jpg 480w\" sizes=\"auto, (max-width: 600px) 100vw, 600px\" \/><\/figure>\n\n\n\n<figure class=\"wp-block-image size-large\"><img loading=\"lazy\" decoding=\"async\" width=\"575\" height=\"692\" data-id=\"9793\" src=\"https:\/\/litteraturbanken.se\/ljudochbild\/wp-content\/uploads\/2023\/09\/karlfeldt2.jpg\" alt=\"\" class=\"wp-image-9793\" srcset=\"https:\/\/litteraturbanken.se\/ljudochbild\/wp-content\/uploads\/2023\/09\/karlfeldt2.jpg 575w, https:\/\/litteraturbanken.se\/ljudochbild\/wp-content\/uploads\/2023\/09\/karlfeldt2-249x300.jpg 249w, https:\/\/litteraturbanken.se\/ljudochbild\/wp-content\/uploads\/2023\/09\/karlfeldt2-480x578.jpg 480w\" sizes=\"auto, (max-width: 575px) 100vw, 575px\" \/><\/figure>\n\n\n\n<figure class=\"wp-block-image size-large\"><img loading=\"lazy\" decoding=\"async\" width=\"500\" height=\"612\" data-id=\"9794\" src=\"https:\/\/litteraturbanken.se\/ljudochbild\/wp-content\/uploads\/2023\/09\/karlfeldt3.jpg\" alt=\"\" class=\"wp-image-9794\" srcset=\"https:\/\/litteraturbanken.se\/ljudochbild\/wp-content\/uploads\/2023\/09\/karlfeldt3.jpg 500w, https:\/\/litteraturbanken.se\/ljudochbild\/wp-content\/uploads\/2023\/09\/karlfeldt3-245x300.jpg 245w, https:\/\/litteraturbanken.se\/ljudochbild\/wp-content\/uploads\/2023\/09\/karlfeldt3-480x588.jpg 480w\" sizes=\"auto, (max-width: 500px) 100vw, 500px\" \/><\/figure>\n\n\n\n<figure class=\"wp-block-image size-large\"><img loading=\"lazy\" decoding=\"async\" width=\"500\" height=\"632\" data-id=\"9795\" src=\"https:\/\/litteraturbanken.se\/ljudochbild\/wp-content\/uploads\/2023\/09\/karlfeldt4.jpg\" alt=\"\" class=\"wp-image-9795\" srcset=\"https:\/\/litteraturbanken.se\/ljudochbild\/wp-content\/uploads\/2023\/09\/karlfeldt4.jpg 500w, https:\/\/litteraturbanken.se\/ljudochbild\/wp-content\/uploads\/2023\/09\/karlfeldt4-237x300.jpg 237w, https:\/\/litteraturbanken.se\/ljudochbild\/wp-content\/uploads\/2023\/09\/karlfeldt4-480x607.jpg 480w\" sizes=\"auto, (max-width: 500px) 100vw, 500px\" \/><\/figure>\n<\/figure>\n\n\n\n<div style=\"height:70px\" aria-hidden=\"true\" class=\"wp-block-spacer\"><\/div>\n\n\n\n<h2 class=\"wp-block-heading\">SELMA LAGERL\u00d6F<\/h2>\n\n\n\n<div style=\"height:10px\" aria-hidden=\"true\" class=\"wp-block-spacer\"><\/div>\n\n\n<div class=\"wp-playlist wp-audio-playlist wp-playlist-light\">\n\t\t\t<div class=\"wp-playlist-current-item\"><\/div>\n\t\t<audio controls=\"controls\" preload=\"none\" width=\"618\"\n\t\t\t><\/audio>\n\t<div class=\"wp-playlist-next\"><\/div>\n\t<div class=\"wp-playlist-prev\"><\/div>\n\t<noscript>\n\t<ol>\n\t\t<li><a href='https:\/\/litteraturbanken.se\/ljudochbild\/wp-content\/uploads\/2022\/05\/lagerlof_brollopsmarschen_lagerlof.mp3'>Br\u00f6llopsmarschen<\/a><\/li><li><a href='https:\/\/litteraturbanken.se\/ljudochbild\/wp-content\/uploads\/2019\/09\/lagerlof_ettbarndomsminnejulklappen_lagerlof.mp3'>Ett barndomsminne. Julklappen<\/a><\/li><li><a href='https:\/\/litteraturbanken.se\/ljudochbild\/wp-content\/uploads\/2022\/05\/lagerlof_denheliganatten_lagerlof.mp3'>Den heliga natten<\/a><\/li><li><a href='https:\/\/litteraturbanken.se\/ljudochbild\/wp-content\/uploads\/2019\/09\/lagerlof_julklappsboken_lagerlof.mp3'>Julklappsboken<\/a><\/li><li><a href='https:\/\/litteraturbanken.se\/ljudochbild\/wp-content\/uploads\/2019\/09\/lagerlof_pa80arsdagen_lagerlof.mp3'>Ett tacktal p\u00e5 80-\u00e5rsdagen<\/a><\/li><li><a href='https:\/\/litteraturbanken.se\/ljudochbild\/wp-content\/uploads\/2019\/09\/lagerlof_tillvarmlandskaungdomsmotet_lagerlof.mp3'>Tal till V\u00e4rml\u00e4ndska ungdomsm\u00f6tet<\/a><\/li><li><a href='https:\/\/litteraturbanken.se\/ljudochbild\/wp-content\/uploads\/2022\/05\/lagerlof_patronjulius_lagerlof.mp3'>Ur G\u00f6sta Berlings saga<\/a><\/li><li><a href='https:\/\/litteraturbanken.se\/ljudochbild\/wp-content\/uploads\/2019\/09\/lagerlof_urnilsholgersson_lagerlof.mp3'>Ur Nils Holgerssons underbara resa<\/a><\/li>\t<\/ol>\n\t<\/noscript>\n\t<script type=\"application\/json\" class=\"wp-playlist-script\">{\"type\":\"audio\",\"tracklist\":true,\"tracknumbers\":true,\"images\":true,\"artists\":true,\"tracks\":[{\"src\":\"https:\/\/litteraturbanken.se\/ljudochbild\/wp-content\/uploads\/2022\/05\/lagerlof_brollopsmarschen_lagerlof.mp3\",\"type\":\"audio\/mpeg\",\"title\":\"Br\\u00f6llopsmarschen\",\"caption\":\"\",\"description\":\"\\u201dBr\\u00f6llopsmarschen\\u201d fr\\u00e5n Selma Lagerl\\u00f6f av Selma Lagerl\\u00f6f l\\u00e4ser egna texter.\",\"meta\":{\"artist\":\"Selma Lagerl\\u00f6f l\\u00e4ser egna texter\",\"album\":\"Selma Lagerl\\u00f6f\",\"length_formatted\":\"5:59\"},\"image\":{\"src\":\"https:\/\/litteraturbanken.se\/ljudochbild\/wp-content\/uploads\/2019\/09\/wide_gub_wide-mp3-image.png\",\"width\":580,\"height\":612},\"thumb\":{\"src\":\"https:\/\/litteraturbanken.se\/ljudochbild\/wp-content\/uploads\/2019\/09\/wide_gub_wide-mp3-image-150x150.png\",\"width\":150,\"height\":150}},{\"src\":\"https:\/\/litteraturbanken.se\/ljudochbild\/wp-content\/uploads\/2019\/09\/lagerlof_ettbarndomsminnejulklappen_lagerlof.mp3\",\"type\":\"audio\/mpeg\",\"title\":\"Ett barndomsminne. Julklappen\",\"caption\":\"\",\"description\":\"\\\"Ett barndomsminne. Julklappen\\\" fr\\u00e5n Selma Lagerl\\u00f6f l\\u00e4ser egna texter av Selma Lagerl\\u00f6f. Sp\\u00e5r 1 av 5.\",\"meta\":{\"artist\":\"Selma Lagerl\\u00f6f l\\u00e4ser egna texter\",\"album\":\"Selma Lagerl\\u00f6f\",\"length_formatted\":\"13:37\"},\"image\":{\"src\":\"https:\/\/litteraturbanken.se\/ljudochbild\/wp-content\/uploads\/2019\/09\/wide_gub_wide-mp3-image.png\",\"width\":580,\"height\":612},\"thumb\":{\"src\":\"https:\/\/litteraturbanken.se\/ljudochbild\/wp-content\/uploads\/2019\/09\/wide_gub_wide-mp3-image-150x150.png\",\"width\":150,\"height\":150}},{\"src\":\"https:\/\/litteraturbanken.se\/ljudochbild\/wp-content\/uploads\/2022\/05\/lagerlof_denheliganatten_lagerlof.mp3\",\"type\":\"audio\/mpeg\",\"title\":\"Den heliga natten\",\"caption\":\"\",\"description\":\"\\u201dDen heliga natten\\u201d fr\\u00e5n Selma Lagerl\\u00f6f av Selma Lagerl\\u00f6f l\\u00e4ser egna texter.\",\"meta\":{\"artist\":\"Selma Lagerl\\u00f6f l\\u00e4ser egna texter\",\"album\":\"Selma Lagerl\\u00f6f\",\"length_formatted\":\"6:07\"},\"image\":{\"src\":\"https:\/\/litteraturbanken.se\/ljudochbild\/wp-content\/uploads\/2019\/09\/wide_gub_wide-mp3-image.png\",\"width\":580,\"height\":612},\"thumb\":{\"src\":\"https:\/\/litteraturbanken.se\/ljudochbild\/wp-content\/uploads\/2019\/09\/wide_gub_wide-mp3-image-150x150.png\",\"width\":150,\"height\":150}},{\"src\":\"https:\/\/litteraturbanken.se\/ljudochbild\/wp-content\/uploads\/2019\/09\/lagerlof_julklappsboken_lagerlof.mp3\",\"type\":\"audio\/mpeg\",\"title\":\"Julklappsboken\",\"caption\":\"\",\"description\":\"\\\"Julklappsboken\\\" fr\\u00e5n Selma Lagerl\\u00f6f l\\u00e4ser egna texter av Selma Lagerl\\u00f6f. Sp\\u00e5r 3 av 5.\",\"meta\":{\"artist\":\"Selma Lagerl\\u00f6f l\\u00e4ser egna texter\",\"album\":\"Selma Lagerl\\u00f6f\",\"length_formatted\":\"12:28\"},\"image\":{\"src\":\"https:\/\/litteraturbanken.se\/ljudochbild\/wp-content\/uploads\/2019\/09\/wide_gub_wide-mp3-image.png\",\"width\":580,\"height\":612},\"thumb\":{\"src\":\"https:\/\/litteraturbanken.se\/ljudochbild\/wp-content\/uploads\/2019\/09\/wide_gub_wide-mp3-image-150x150.png\",\"width\":150,\"height\":150}},{\"src\":\"https:\/\/litteraturbanken.se\/ljudochbild\/wp-content\/uploads\/2019\/09\/lagerlof_pa80arsdagen_lagerlof.mp3\",\"type\":\"audio\/mpeg\",\"title\":\"Ett tacktal p\\u00e5 80-\\u00e5rsdagen\",\"caption\":\"\",\"description\":\"\\\"Ett tacktal p\\u00e5 80-\\u00e5rsdagen\\\" fr\\u00e5n Selma Lagerl\\u00f6f l\\u00e4ser egna texter av Selma Lagerl\\u00f6f. Sp\\u00e5r 2 av 5.\",\"meta\":{\"artist\":\"Selma Lagerl\\u00f6f l\\u00e4ser egna texter\",\"album\":\"Selma Lagerl\\u00f6f\",\"length_formatted\":\"1:57\"},\"image\":{\"src\":\"https:\/\/litteraturbanken.se\/ljudochbild\/wp-content\/uploads\/2019\/09\/wide_gub_wide-mp3-image.png\",\"width\":580,\"height\":612},\"thumb\":{\"src\":\"https:\/\/litteraturbanken.se\/ljudochbild\/wp-content\/uploads\/2019\/09\/wide_gub_wide-mp3-image-150x150.png\",\"width\":150,\"height\":150}},{\"src\":\"https:\/\/litteraturbanken.se\/ljudochbild\/wp-content\/uploads\/2019\/09\/lagerlof_tillvarmlandskaungdomsmotet_lagerlof.mp3\",\"type\":\"audio\/mpeg\",\"title\":\"Tal till V\\u00e4rml\\u00e4ndska ungdomsm\\u00f6tet\",\"caption\":\"\",\"description\":\"\\\"Tal till V\\u00e4rml\\u00e4ndska ungdomsm\\u00f6tet\\\" fr\\u00e5n Selma Lagerl\\u00f6f l\\u00e4ser egna texter av Selma Lagerl\\u00f6f. Sp\\u00e5r 4 av 5.\",\"meta\":{\"artist\":\"Selma Lagerl\\u00f6f l\\u00e4ser egna texter\",\"album\":\"Selma Lagerl\\u00f6f\",\"length_formatted\":\"2:22\"},\"image\":{\"src\":\"https:\/\/litteraturbanken.se\/ljudochbild\/wp-content\/uploads\/2019\/09\/wide_gub_wide-mp3-image.png\",\"width\":580,\"height\":612},\"thumb\":{\"src\":\"https:\/\/litteraturbanken.se\/ljudochbild\/wp-content\/uploads\/2019\/09\/wide_gub_wide-mp3-image-150x150.png\",\"width\":150,\"height\":150}},{\"src\":\"https:\/\/litteraturbanken.se\/ljudochbild\/wp-content\/uploads\/2022\/05\/lagerlof_patronjulius_lagerlof.mp3\",\"type\":\"audio\/mpeg\",\"title\":\"Ur G\\u00f6sta Berlings saga\",\"caption\":\"\",\"description\":\"\\u201dUr G\\u00f6sta Berlings saga\\u201d fr\\u00e5n Selma Lagerl\\u00f6f av Selma Lagerl\\u00f6f l\\u00e4ser egna texter.\",\"meta\":{\"artist\":\"Selma Lagerl\\u00f6f l\\u00e4ser egna texter\",\"album\":\"Selma Lagerl\\u00f6f\",\"length_formatted\":\"8:49\"},\"image\":{\"src\":\"https:\/\/litteraturbanken.se\/ljudochbild\/wp-content\/uploads\/2019\/09\/wide_gub_wide-mp3-image.png\",\"width\":580,\"height\":612},\"thumb\":{\"src\":\"https:\/\/litteraturbanken.se\/ljudochbild\/wp-content\/uploads\/2019\/09\/wide_gub_wide-mp3-image-150x150.png\",\"width\":150,\"height\":150}},{\"src\":\"https:\/\/litteraturbanken.se\/ljudochbild\/wp-content\/uploads\/2019\/09\/lagerlof_urnilsholgersson_lagerlof.mp3\",\"type\":\"audio\/mpeg\",\"title\":\"Ur Nils Holgerssons underbara resa\",\"caption\":\"\",\"description\":\"\\\"Ur Nils Holgerssons underbara resa\\\" fr\\u00e5n Selma Lagerl\\u00f6f l\\u00e4ser egna texter av Selma Lagerl\\u00f6f. Sp\\u00e5r 5 av 5.\",\"meta\":{\"artist\":\"Selma Lagerl\\u00f6f l\\u00e4ser egna texter\",\"album\":\"Selma Lagerl\\u00f6f\",\"length_formatted\":\"9:36\"},\"image\":{\"src\":\"https:\/\/litteraturbanken.se\/ljudochbild\/wp-content\/uploads\/2019\/09\/wide_gub_wide-mp3-image.png\",\"width\":580,\"height\":612},\"thumb\":{\"src\":\"https:\/\/litteraturbanken.se\/ljudochbild\/wp-content\/uploads\/2019\/09\/wide_gub_wide-mp3-image-150x150.png\",\"width\":150,\"height\":150}}]}<\/script>\n<\/div>\n\t\n\n\n\n<div style=\"height:1px\" aria-hidden=\"true\" class=\"wp-block-spacer\"><\/div>\n\n\n\n<h5 class=\"wp-block-heading\"><a href=\"https:\/\/litteraturbanken.se\/ljudochbild\/forfattare\/lagerlofs\/\">H\u00d6R FLER SELMA LAGERL\u00d6F-INL\u00c4SNINGAR H\u00c4R.<\/a><\/h5>\n\n\n\n<div style=\"height:20px\" aria-hidden=\"true\" class=\"wp-block-spacer\"><\/div>\n\n\n\n<figure class=\"wp-block-gallery has-nested-images columns-4 is-cropped wp-block-gallery-10 is-layout-flex wp-block-gallery-is-layout-flex\">\n<figure class=\"wp-block-image size-large\"><img loading=\"lazy\" decoding=\"async\" width=\"400\" height=\"566\" data-id=\"9797\" src=\"https:\/\/litteraturbanken.se\/ljudochbild\/wp-content\/uploads\/2023\/09\/lagerlof1.jpg\" alt=\"\" class=\"wp-image-9797\" srcset=\"https:\/\/litteraturbanken.se\/ljudochbild\/wp-content\/uploads\/2023\/09\/lagerlof1.jpg 400w, https:\/\/litteraturbanken.se\/ljudochbild\/wp-content\/uploads\/2023\/09\/lagerlof1-212x300.jpg 212w\" sizes=\"auto, (max-width: 400px) 100vw, 400px\" \/><\/figure>\n\n\n\n<figure class=\"wp-block-image size-large\"><img loading=\"lazy\" decoding=\"async\" width=\"600\" height=\"702\" data-id=\"9799\" src=\"https:\/\/litteraturbanken.se\/ljudochbild\/wp-content\/uploads\/2023\/09\/lagerlof4.jpg\" alt=\"\" class=\"wp-image-9799\" srcset=\"https:\/\/litteraturbanken.se\/ljudochbild\/wp-content\/uploads\/2023\/09\/lagerlof4.jpg 600w, https:\/\/litteraturbanken.se\/ljudochbild\/wp-content\/uploads\/2023\/09\/lagerlof4-256x300.jpg 256w, https:\/\/litteraturbanken.se\/ljudochbild\/wp-content\/uploads\/2023\/09\/lagerlof4-480x562.jpg 480w\" sizes=\"auto, (max-width: 600px) 100vw, 600px\" \/><\/figure>\n\n\n\n<figure class=\"wp-block-image size-large\"><img loading=\"lazy\" decoding=\"async\" width=\"560\" height=\"775\" data-id=\"939\" src=\"https:\/\/litteraturbanken.se\/ljudochbild\/wp-content\/uploads\/2019\/09\/Selma_Lagerlof_1908_painted_by_Carl_Larsson.jpg\" alt=\"\" class=\"wp-image-939\" srcset=\"https:\/\/litteraturbanken.se\/ljudochbild\/wp-content\/uploads\/2019\/09\/Selma_Lagerlof_1908_painted_by_Carl_Larsson.jpg 560w, https:\/\/litteraturbanken.se\/ljudochbild\/wp-content\/uploads\/2019\/09\/Selma_Lagerlof_1908_painted_by_Carl_Larsson-217x300.jpg 217w, https:\/\/litteraturbanken.se\/ljudochbild\/wp-content\/uploads\/2019\/09\/Selma_Lagerlof_1908_painted_by_Carl_Larsson-480x664.jpg 480w\" sizes=\"auto, (max-width: 560px) 100vw, 560px\" \/><\/figure>\n\n\n\n<figure class=\"wp-block-image size-large\"><img loading=\"lazy\" decoding=\"async\" width=\"600\" height=\"727\" data-id=\"9798\" src=\"https:\/\/litteraturbanken.se\/ljudochbild\/wp-content\/uploads\/2023\/09\/lagerlof2.jpg\" alt=\"\" class=\"wp-image-9798\" srcset=\"https:\/\/litteraturbanken.se\/ljudochbild\/wp-content\/uploads\/2023\/09\/lagerlof2.jpg 600w, https:\/\/litteraturbanken.se\/ljudochbild\/wp-content\/uploads\/2023\/09\/lagerlof2-248x300.jpg 248w, https:\/\/litteraturbanken.se\/ljudochbild\/wp-content\/uploads\/2023\/09\/lagerlof2-480x582.jpg 480w\" sizes=\"auto, (max-width: 600px) 100vw, 600px\" \/><\/figure>\n<\/figure>\n\n\n\n<div style=\"height:70px\" aria-hidden=\"true\" class=\"wp-block-spacer\"><\/div>\n\n\n\n<h2 class=\"wp-block-heading\">ANNA MARIA LENNGREN<\/h2>\n\n\n\n<div style=\"height:10px\" aria-hidden=\"true\" class=\"wp-block-spacer\"><\/div>\n\n\n<div class=\"wp-playlist wp-audio-playlist wp-playlist-light\">\n\t\t\t<div class=\"wp-playlist-current-item\"><\/div>\n\t\t<audio controls=\"controls\" preload=\"none\" width=\"618\"\n\t\t\t><\/audio>\n\t<div class=\"wp-playlist-next\"><\/div>\n\t<div class=\"wp-playlist-prev\"><\/div>\n\t<noscript>\n\t<ol>\n\t\t<li><a href='https:\/\/litteraturbanken.se\/ljudochbild\/wp-content\/uploads\/2019\/09\/lenngren_detblevingenjulgrot_helgeson-1.mp3'>Det blev ingen julgr\u00f6t<\/a><\/li><li><a href='https:\/\/litteraturbanken.se\/ljudochbild\/wp-content\/uploads\/2019\/09\/lenngren_grefvinnansbesok_pleijel.mp3'>Grefvinnans bes\u00f6k<\/a><\/li><li><a href='https:\/\/litteraturbanken.se\/ljudochbild\/wp-content\/uploads\/2019\/09\/lenngren_nagraordtillminkaradotter_engdahl.mp3'>N\u00e5gra ord til min k. Dotter, i fall jag hade n\u00e5gon<\/a><\/li><li><a href='https:\/\/litteraturbanken.se\/ljudochbild\/wp-content\/uploads\/2019\/09\/lenngren_pojkarna_mossaed.mp3'>Pojkarne<\/a><\/li>\t<\/ol>\n\t<\/noscript>\n\t<script type=\"application\/json\" class=\"wp-playlist-script\">{\"type\":\"audio\",\"tracklist\":true,\"tracknumbers\":true,\"images\":true,\"artists\":true,\"tracks\":[{\"src\":\"https:\/\/litteraturbanken.se\/ljudochbild\/wp-content\/uploads\/2019\/09\/lenngren_detblevingenjulgrot_helgeson-1.mp3\",\"type\":\"audio\/mpeg\",\"title\":\"Det blev ingen julgr\\u00f6t\",\"caption\":\"\",\"description\":\"\\\"Det blev ingen julgr\\u00f6t\\\" fr\\u00e5n Julklappsboken av Lenngren, Anna Maria.\",\"meta\":{\"artist\":\"Paulina Helgeson l\\u00e4ser Anna Maria Lenngren\",\"album\":\"Anna Maria Lenngren\",\"length_formatted\":\"7:24\"},\"image\":{\"src\":\"https:\/\/litteraturbanken.se\/ljudochbild\/wp-content\/uploads\/2019\/09\/wide_gub_wide-mp3-image.png\",\"width\":580,\"height\":612},\"thumb\":{\"src\":\"https:\/\/litteraturbanken.se\/ljudochbild\/wp-content\/uploads\/2019\/09\/wide_gub_wide-mp3-image-150x150.png\",\"width\":150,\"height\":150}},{\"src\":\"https:\/\/litteraturbanken.se\/ljudochbild\/wp-content\/uploads\/2019\/09\/lenngren_grefvinnansbesok_pleijel.mp3\",\"type\":\"audio\/mpeg\",\"title\":\"Grefvinnans bes\\u00f6k\",\"caption\":\"\",\"description\":\"\\\"Grefvinnans bes\\u00f6k\\\" fr\\u00e5n Grefvinnans bes\\u00f6k av Lenngren, Anna Maria.\",\"meta\":{\"artist\":\"Agneta Pleijel l\\u00e4ser Anna Maria Lenngren\",\"album\":\"Anna Maria Lenngren\",\"length_formatted\":\"4:30\"},\"image\":{\"src\":\"https:\/\/litteraturbanken.se\/ljudochbild\/wp-content\/plugins\/media-library-assistant\/images\/crystal\/audio.png\",\"width\":48,\"height\":64},\"thumb\":{\"src\":\"https:\/\/litteraturbanken.se\/ljudochbild\/wp-content\/plugins\/media-library-assistant\/images\/crystal\/audio.png\",\"width\":48,\"height\":64}},{\"src\":\"https:\/\/litteraturbanken.se\/ljudochbild\/wp-content\/uploads\/2019\/09\/lenngren_nagraordtillminkaradotter_engdahl.mp3\",\"type\":\"audio\/mpeg\",\"title\":\"N\\u00e5gra ord til min k. Dotter, i fall jag hade n\\u00e5gon\",\"caption\":\"\",\"description\":\"\\\"N\\u00e5gra ord till m k. dotter\\\" fr\\u00e5n N\\u00e5gra ord till m k. dotter av Lenngren, Anna Maria.\",\"meta\":{\"artist\":\"Horace Engdahl l\\u00e4ser Anna Maria Lenngren\",\"album\":\"Anna Maria Lenngren\",\"length_formatted\":\"6:10\"},\"image\":{\"src\":\"https:\/\/litteraturbanken.se\/ljudochbild\/wp-content\/plugins\/media-library-assistant\/images\/crystal\/audio.png\",\"width\":48,\"height\":64},\"thumb\":{\"src\":\"https:\/\/litteraturbanken.se\/ljudochbild\/wp-content\/plugins\/media-library-assistant\/images\/crystal\/audio.png\",\"width\":48,\"height\":64}},{\"src\":\"https:\/\/litteraturbanken.se\/ljudochbild\/wp-content\/uploads\/2019\/09\/lenngren_pojkarna_mossaed.mp3\",\"type\":\"audio\/mpeg\",\"title\":\"Pojkarne\",\"caption\":\"\",\"description\":\"\\\"Pojkarne\\\" fr\\u00e5n Jila Mossaed l\\u00e4ser svenska klassiker av Lenngren, Anna Maria. Sl\\u00e4ppt: 2019. Sp\\u00e5r 12 av 22.\",\"meta\":{\"artist\":\"Jila Mossaed l\\u00e4ser Anna Maria Lenngren\",\"album\":\"Anna Maria Lenngren\",\"year\":\"2019\",\"length_formatted\":\"3:50\"},\"image\":{\"src\":\"https:\/\/litteraturbanken.se\/ljudochbild\/wp-content\/plugins\/media-library-assistant\/images\/crystal\/audio.png\",\"width\":48,\"height\":64},\"thumb\":{\"src\":\"https:\/\/litteraturbanken.se\/ljudochbild\/wp-content\/plugins\/media-library-assistant\/images\/crystal\/audio.png\",\"width\":48,\"height\":64}}]}<\/script>\n<\/div>\n\t\n\n\n\n<div style=\"height:1px\" aria-hidden=\"true\" class=\"wp-block-spacer\"><\/div>\n\n\n\n<h5 class=\"wp-block-heading\"><a href=\"https:\/\/litteraturbanken.se\/ljudochbild\/forfattare\/lenngrenam\/\">H\u00d6R FLER ANNA MARIA LENNGREN-INL\u00c4SNINGAR H\u00c4R.<\/a><\/h5>\n\n\n\n<div style=\"height:20px\" aria-hidden=\"true\" class=\"wp-block-spacer\"><\/div>\n\n\n\n<figure class=\"wp-block-gallery has-nested-images columns-4 is-cropped wp-block-gallery-11 is-layout-flex wp-block-gallery-is-layout-flex\">\n<figure class=\"wp-block-image size-large\"><img loading=\"lazy\" decoding=\"async\" width=\"561\" height=\"646\" data-id=\"9801\" src=\"https:\/\/litteraturbanken.se\/ljudochbild\/wp-content\/uploads\/2023\/09\/lenngren2.jpg\" alt=\"\" class=\"wp-image-9801\" srcset=\"https:\/\/litteraturbanken.se\/ljudochbild\/wp-content\/uploads\/2023\/09\/lenngren2.jpg 561w, https:\/\/litteraturbanken.se\/ljudochbild\/wp-content\/uploads\/2023\/09\/lenngren2-261x300.jpg 261w, https:\/\/litteraturbanken.se\/ljudochbild\/wp-content\/uploads\/2023\/09\/lenngren2-480x553.jpg 480w\" sizes=\"auto, (max-width: 561px) 100vw, 561px\" \/><\/figure>\n\n\n\n<figure class=\"wp-block-image size-large\"><img loading=\"lazy\" decoding=\"async\" width=\"600\" height=\"769\" data-id=\"9802\" src=\"https:\/\/litteraturbanken.se\/ljudochbild\/wp-content\/uploads\/2023\/09\/lenngren3.jpg\" alt=\"\" class=\"wp-image-9802\" srcset=\"https:\/\/litteraturbanken.se\/ljudochbild\/wp-content\/uploads\/2023\/09\/lenngren3.jpg 600w, https:\/\/litteraturbanken.se\/ljudochbild\/wp-content\/uploads\/2023\/09\/lenngren3-234x300.jpg 234w, https:\/\/litteraturbanken.se\/ljudochbild\/wp-content\/uploads\/2023\/09\/lenngren3-480x615.jpg 480w\" sizes=\"auto, (max-width: 600px) 100vw, 600px\" \/><\/figure>\n\n\n\n<figure class=\"wp-block-image size-large\"><img loading=\"lazy\" decoding=\"async\" width=\"600\" height=\"836\" data-id=\"9803\" src=\"https:\/\/litteraturbanken.se\/ljudochbild\/wp-content\/uploads\/2023\/09\/lenngren4.jpg\" alt=\"\" class=\"wp-image-9803\" srcset=\"https:\/\/litteraturbanken.se\/ljudochbild\/wp-content\/uploads\/2023\/09\/lenngren4.jpg 600w, https:\/\/litteraturbanken.se\/ljudochbild\/wp-content\/uploads\/2023\/09\/lenngren4-215x300.jpg 215w, https:\/\/litteraturbanken.se\/ljudochbild\/wp-content\/uploads\/2023\/09\/lenngren4-480x669.jpg 480w\" sizes=\"auto, (max-width: 600px) 100vw, 600px\" \/><\/figure>\n\n\n\n<figure class=\"wp-block-image size-large\"><img loading=\"lazy\" decoding=\"async\" width=\"600\" height=\"755\" data-id=\"9800\" src=\"https:\/\/litteraturbanken.se\/ljudochbild\/wp-content\/uploads\/2023\/09\/lenngren1.jpg\" alt=\"\" class=\"wp-image-9800\" srcset=\"https:\/\/litteraturbanken.se\/ljudochbild\/wp-content\/uploads\/2023\/09\/lenngren1.jpg 600w, https:\/\/litteraturbanken.se\/ljudochbild\/wp-content\/uploads\/2023\/09\/lenngren1-238x300.jpg 238w, https:\/\/litteraturbanken.se\/ljudochbild\/wp-content\/uploads\/2023\/09\/lenngren1-480x604.jpg 480w\" sizes=\"auto, (max-width: 600px) 100vw, 600px\" \/><\/figure>\n<\/figure>\n\n\n\n<div style=\"height:70px\" aria-hidden=\"true\" class=\"wp-block-spacer\"><\/div>\n\n\n\n<h2 class=\"wp-block-heading\">HARRIET L\u00d6WENHJELM<\/h2>\n\n\n\n<div style=\"height:10px\" aria-hidden=\"true\" class=\"wp-block-spacer\"><\/div>\n\n\n<div class=\"wp-playlist wp-audio-playlist wp-playlist-light\">\n\t\t\t<div class=\"wp-playlist-current-item\"><\/div>\n\t\t<audio controls=\"controls\" preload=\"none\" width=\"618\"\n\t\t\t><\/audio>\n\t<div class=\"wp-playlist-next\"><\/div>\n\t<div class=\"wp-playlist-prev\"><\/div>\n\t<noscript>\n\t<ol>\n\t\t<li><a href='https:\/\/litteraturbanken.se\/ljudochbild\/wp-content\/uploads\/2019\/09\/lowenhjelm_adventadvent_rook-1.mp3'>Advent, advent!<\/a><\/li><li><a href='https:\/\/litteraturbanken.se\/ljudochbild\/wp-content\/uploads\/2022\/11\/lowenhjelm_beatriceaurore_ekblad.mp3'>Beatrice-Aurore<\/a><\/li><li><a href='https:\/\/litteraturbanken.se\/ljudochbild\/wp-content\/uploads\/2019\/09\/lowenhjelm_jagarbesattutav_mattson.mp3'>Jag \u00e4r besatt utav en enda k\u00e4nsla<\/a><\/li><li><a href='https:\/\/litteraturbanken.se\/ljudochbild\/wp-content\/uploads\/2020\/03\/lowenhjelm_jaktpafagel_berglund.mp3'>Jakt p\u00e5 f\u00e5gel<\/a><\/li><li><a href='https:\/\/litteraturbanken.se\/ljudochbild\/wp-content\/uploads\/2022\/11\/lowenhjelm_minsjalarfridlos_ekblad.mp3'>Min sj\u00e4l \u00e4r fridl\u00f6s, mitt sinne sjukt<\/a><\/li><li><a href='https:\/\/litteraturbanken.se\/ljudochbild\/wp-content\/uploads\/2022\/11\/lowenhjelm_nuhartillsist_ekblad.mp3'>Nu har, till sist, jag blitt s\u00e5 sur och lessen<\/a><\/li><li><a href='https:\/\/litteraturbanken.se\/ljudochbild\/wp-content\/uploads\/2022\/11\/lowenhjelm_nutigernattluften_ekblad.mp3'>Nu tiger nattluften v\u00e5rlig och klar<\/a><\/li><li><a href='https:\/\/litteraturbanken.se\/ljudochbild\/wp-content\/uploads\/2019\/09\/lowenhjelm_nattenstargra_mattson.mp3'>Natten st\u00e5r gr\u00e5 utanf\u00f6r mitt f\u00f6nster<\/a><\/li><li><a href='https:\/\/litteraturbanken.se\/ljudochbild\/wp-content\/uploads\/2020\/03\/lowenhjelm_sarfotadnoterjagtempeltrappan_berglund.mp3'>S\u00e5rfotad n\u00f6ter jag tempeltrappan<\/a><\/li><li><a href='https:\/\/litteraturbanken.se\/ljudochbild\/wp-content\/uploads\/2019\/09\/lowenhjelm_skadaskada_mattson.mp3'>Sk\u00e5da, sk\u00e5da hur det v\u00e5ras<\/a><\/li><li><a href='https:\/\/litteraturbanken.se\/ljudochbild\/wp-content\/uploads\/2019\/09\/lowenhjelm_tagmighallmigsmekmigsakta_pleijel.mp3'>Tag mig. \u2013 H\u00e5ll mig. \u2013 Smek mig sakta<\/a><\/li><li><a href='https:\/\/litteraturbanken.se\/ljudochbild\/wp-content\/uploads\/2022\/11\/lowenhjelm_vemkanlangrehallavakt_ekblad.mp3'>Vem kan l\u00e4ngre h\u00e5lla vakt emot allt som stormar<\/a><\/li><li><a href='https:\/\/litteraturbanken.se\/ljudochbild\/wp-content\/uploads\/2019\/06\/lowenhjelm_arjagintilldodentrott_holmberg.mp3'>\u00c4r jag intill d\u00f6den tr\u00f6tt<\/a><\/li>\t<\/ol>\n\t<\/noscript>\n\t<script type=\"application\/json\" class=\"wp-playlist-script\">{\"type\":\"audio\",\"tracklist\":true,\"tracknumbers\":true,\"images\":true,\"artists\":true,\"tracks\":[{\"src\":\"https:\/\/litteraturbanken.se\/ljudochbild\/wp-content\/uploads\/2019\/09\/lowenhjelm_adventadvent_rook-1.mp3\",\"type\":\"audio\/mpeg\",\"title\":\"Advent, advent!\",\"caption\":\"\",\"description\":\"\\\"Advent, advent!\\\" fr\\u00e5n Julklappsboken av L\\u00f6wenhjelm, Harriet.\",\"meta\":{\"artist\":\"Th\\u00e9r\\u00e8se Hagedorn-Oskarsson l\\u00e4ser Harriet L\\u00f6wenhjelm\",\"album\":\"Harriet L\\u00f6wenhjelm\",\"length_formatted\":\"0:47\"},\"image\":{\"src\":\"https:\/\/litteraturbanken.se\/ljudochbild\/wp-content\/uploads\/2019\/09\/wide_gub_wide-mp3-image.png\",\"width\":580,\"height\":612},\"thumb\":{\"src\":\"https:\/\/litteraturbanken.se\/ljudochbild\/wp-content\/uploads\/2019\/09\/wide_gub_wide-mp3-image-150x150.png\",\"width\":150,\"height\":150}},{\"src\":\"https:\/\/litteraturbanken.se\/ljudochbild\/wp-content\/uploads\/2022\/11\/lowenhjelm_beatriceaurore_ekblad.mp3\",\"type\":\"audio\/mpeg\",\"title\":\"Beatrice-Aurore\",\"caption\":\"\",\"description\":\"\\u201dBeatrice-Aurore\\u201d fr\\u00e5n Harriet L\\u00f6wenhjelm av Stina Ekblad l\\u00e4ser dikter. Sl\\u00e4ppt: 2022.\",\"meta\":{\"artist\":\"Stina Ekblad l\\u00e4ser Harriet L\\u00f6wenhjelm\",\"album\":\"Harriet L\\u00f6wenhjelm\",\"year\":\"2022\",\"length_formatted\":\"1:48\"},\"image\":{\"src\":\"https:\/\/litteraturbanken.se\/ljudochbild\/wp-content\/uploads\/2019\/09\/wide_gub_wide-mp3-image.png\",\"width\":580,\"height\":612},\"thumb\":{\"src\":\"https:\/\/litteraturbanken.se\/ljudochbild\/wp-content\/uploads\/2019\/09\/wide_gub_wide-mp3-image-150x150.png\",\"width\":150,\"height\":150}},{\"src\":\"https:\/\/litteraturbanken.se\/ljudochbild\/wp-content\/uploads\/2019\/09\/lowenhjelm_jagarbesattutav_mattson.mp3\",\"type\":\"audio\/mpeg\",\"title\":\"Jag \\u00e4r besatt utav en enda k\\u00e4nsla\",\"caption\":\"\",\"description\":\"\\\"Jag \\u00e4r besatt utav en enda k\\u00e4nsla\\\" fr\\u00e5n Ellen Mattson av L\\u00f6wenhjelm, Harriet.\",\"meta\":{\"artist\":\"Ellen Mattson l\\u00e4ser Harriet L\\u00f6wenhjelm\",\"album\":\"Harriet L\\u00f6wenhjelm\",\"length_formatted\":\"1:03\"},\"image\":{\"src\":\"https:\/\/litteraturbanken.se\/ljudochbild\/wp-content\/plugins\/media-library-assistant\/images\/crystal\/audio.png\",\"width\":48,\"height\":64},\"thumb\":{\"src\":\"https:\/\/litteraturbanken.se\/ljudochbild\/wp-content\/plugins\/media-library-assistant\/images\/crystal\/audio.png\",\"width\":48,\"height\":64}},{\"src\":\"https:\/\/litteraturbanken.se\/ljudochbild\/wp-content\/uploads\/2020\/03\/lowenhjelm_jaktpafagel_berglund.mp3\",\"type\":\"audio\/mpeg\",\"title\":\"Jakt p\\u00e5 f\\u00e5gel\",\"caption\":\"\",\"description\":\"\\\"Jakt p\\u00e5 f\\u00e5gel\\\" fr\\u00e5n Dan Berglund l\\u00e4ser Harriet L\\u00f6wenhjelm av L\\u00f6wenhjelm, Harriet. Sl\\u00e4ppt: 2020. Sp\\u00e5r 32.\",\"meta\":{\"artist\":\"Dan Berglund l\\u00e4ser Harriet L\\u00f6wenhjelm\",\"album\":\"Harriet L\\u00f6wenhjelm\",\"year\":\"2020\",\"length_formatted\":\"1:47\"},\"image\":{\"src\":\"https:\/\/litteraturbanken.se\/ljudochbild\/wp-content\/uploads\/2019\/09\/wide_gub_wide-mp3-image.png\",\"width\":580,\"height\":612},\"thumb\":{\"src\":\"https:\/\/litteraturbanken.se\/ljudochbild\/wp-content\/uploads\/2019\/09\/wide_gub_wide-mp3-image-150x150.png\",\"width\":150,\"height\":150}},{\"src\":\"https:\/\/litteraturbanken.se\/ljudochbild\/wp-content\/uploads\/2022\/11\/lowenhjelm_minsjalarfridlos_ekblad.mp3\",\"type\":\"audio\/mpeg\",\"title\":\"Min sj\\u00e4l \\u00e4r fridl\\u00f6s, mitt sinne sjukt\",\"caption\":\"\",\"description\":\"\\u201dMin sj\\u00e4l \\u00e4r fridl\\u00f6s, mitt sinne sjukt\\u201d fr\\u00e5n Harriet L\\u00f6wenhjelm av Stina Ekblad l\\u00e4ser dikter. Sl\\u00e4ppt: 2022.\",\"meta\":{\"artist\":\"Stina Ekblad l\\u00e4ser Harriet L\\u00f6wenhjelm\",\"album\":\"Harriet L\\u00f6wenhjelm\",\"year\":\"2022\",\"length_formatted\":\"2:01\"},\"image\":{\"src\":\"https:\/\/litteraturbanken.se\/ljudochbild\/wp-content\/uploads\/2019\/09\/wide_gub_wide-mp3-image.png\",\"width\":580,\"height\":612},\"thumb\":{\"src\":\"https:\/\/litteraturbanken.se\/ljudochbild\/wp-content\/uploads\/2019\/09\/wide_gub_wide-mp3-image-150x150.png\",\"width\":150,\"height\":150}},{\"src\":\"https:\/\/litteraturbanken.se\/ljudochbild\/wp-content\/uploads\/2022\/11\/lowenhjelm_nuhartillsist_ekblad.mp3\",\"type\":\"audio\/mpeg\",\"title\":\"Nu har, till sist, jag blitt s\\u00e5 sur och lessen\",\"caption\":\"\",\"description\":\"\\u201dNu har, till sist, jag blitt s\\u00e5 sur och lessen\\u201d fr\\u00e5n Harriet L\\u00f6wenhjelm av Stina Ekblad l\\u00e4ser dikter. Sl\\u00e4ppt: 2022.\",\"meta\":{\"artist\":\"Stina Ekblad l\\u00e4ser Harriet L\\u00f6wenhjelm\",\"album\":\"Harriet L\\u00f6wenhjelm\",\"year\":\"2022\",\"length_formatted\":\"2:31\"},\"image\":{\"src\":\"https:\/\/litteraturbanken.se\/ljudochbild\/wp-content\/uploads\/2019\/09\/wide_gub_wide-mp3-image.png\",\"width\":580,\"height\":612},\"thumb\":{\"src\":\"https:\/\/litteraturbanken.se\/ljudochbild\/wp-content\/uploads\/2019\/09\/wide_gub_wide-mp3-image-150x150.png\",\"width\":150,\"height\":150}},{\"src\":\"https:\/\/litteraturbanken.se\/ljudochbild\/wp-content\/uploads\/2022\/11\/lowenhjelm_nutigernattluften_ekblad.mp3\",\"type\":\"audio\/mpeg\",\"title\":\"Nu tiger nattluften v\\u00e5rlig och klar\",\"caption\":\"\",\"description\":\"\\u201dNu tiger nattluften v\\u00e5rlig och klar\\u201d fr\\u00e5n Harriet L\\u00f6wenhjelm av Stina Ekblad l\\u00e4ser dikter. Sl\\u00e4ppt: 2022.\",\"meta\":{\"artist\":\"Stina Ekblad l\\u00e4ser Harriet L\\u00f6wenhjelm\",\"album\":\"Harriet L\\u00f6wenhjelm\",\"year\":\"2022\",\"length_formatted\":\"1:36\"},\"image\":{\"src\":\"https:\/\/litteraturbanken.se\/ljudochbild\/wp-content\/uploads\/2019\/09\/wide_gub_wide-mp3-image.png\",\"width\":580,\"height\":612},\"thumb\":{\"src\":\"https:\/\/litteraturbanken.se\/ljudochbild\/wp-content\/uploads\/2019\/09\/wide_gub_wide-mp3-image-150x150.png\",\"width\":150,\"height\":150}},{\"src\":\"https:\/\/litteraturbanken.se\/ljudochbild\/wp-content\/uploads\/2019\/09\/lowenhjelm_nattenstargra_mattson.mp3\",\"type\":\"audio\/mpeg\",\"title\":\"Natten st\\u00e5r gr\\u00e5 utanf\\u00f6r mitt f\\u00f6nster\",\"caption\":\"\",\"description\":\"\\\"Natten st\\u00e5r gr\\u00e5 utanf\\u00f6r mitt f\\u00f6nster\\\" fr\\u00e5n Ellen Mattson av L\\u00f6wenhjelm, Harriet.\",\"meta\":{\"artist\":\"Ellen Mattson l\\u00e4ser Harriet L\\u00f6wenhjelm\",\"album\":\"Harriet L\\u00f6wenhjelm\",\"length_formatted\":\"0:49\"},\"image\":{\"src\":\"https:\/\/litteraturbanken.se\/ljudochbild\/wp-content\/plugins\/media-library-assistant\/images\/crystal\/audio.png\",\"width\":48,\"height\":64},\"thumb\":{\"src\":\"https:\/\/litteraturbanken.se\/ljudochbild\/wp-content\/plugins\/media-library-assistant\/images\/crystal\/audio.png\",\"width\":48,\"height\":64}},{\"src\":\"https:\/\/litteraturbanken.se\/ljudochbild\/wp-content\/uploads\/2020\/03\/lowenhjelm_sarfotadnoterjagtempeltrappan_berglund.mp3\",\"type\":\"audio\/mpeg\",\"title\":\"S\\u00e5rfotad n\\u00f6ter jag tempeltrappan\",\"caption\":\"\",\"description\":\"\\\"S\\u00e5rfotad n\\u00f6ter jag tempeltrappan\\\" fr\\u00e5n Dan Berglund l\\u00e4ser Harriet L\\u00f6wenhjelm av L\\u00f6wenhjelm, Harriet. Sl\\u00e4ppt: 2020. Sp\\u00e5r 33.\",\"meta\":{\"artist\":\"Dan Berglund l\\u00e4ser Harriet L\\u00f6wenhjelm\",\"album\":\"Harriet L\\u00f6wenhjelm\",\"year\":\"2020\",\"length_formatted\":\"0:48\"},\"image\":{\"src\":\"https:\/\/litteraturbanken.se\/ljudochbild\/wp-content\/uploads\/2019\/09\/wide_gub_wide-mp3-image.png\",\"width\":580,\"height\":612},\"thumb\":{\"src\":\"https:\/\/litteraturbanken.se\/ljudochbild\/wp-content\/uploads\/2019\/09\/wide_gub_wide-mp3-image-150x150.png\",\"width\":150,\"height\":150}},{\"src\":\"https:\/\/litteraturbanken.se\/ljudochbild\/wp-content\/uploads\/2019\/09\/lowenhjelm_skadaskada_mattson.mp3\",\"type\":\"audio\/mpeg\",\"title\":\"Sk\\u00e5da, sk\\u00e5da hur det v\\u00e5ras\",\"caption\":\"\",\"description\":\"\\\"Sk\\u00e5da, sk\\u00e5da hur det v\\u00e5ras\\\" fr\\u00e5n Ellen Mattson av L\\u00f6wenhjelm, Harriet.\",\"meta\":{\"artist\":\"Ellen Mattson l\\u00e4ser Harriet L\\u00f6wenhjelm\",\"album\":\"Harriet L\\u00f6wenhjelm\",\"length_formatted\":\"0:54\"},\"image\":{\"src\":\"https:\/\/litteraturbanken.se\/ljudochbild\/wp-content\/plugins\/media-library-assistant\/images\/crystal\/audio.png\",\"width\":48,\"height\":64},\"thumb\":{\"src\":\"https:\/\/litteraturbanken.se\/ljudochbild\/wp-content\/plugins\/media-library-assistant\/images\/crystal\/audio.png\",\"width\":48,\"height\":64}},{\"src\":\"https:\/\/litteraturbanken.se\/ljudochbild\/wp-content\/uploads\/2019\/09\/lowenhjelm_tagmighallmigsmekmigsakta_pleijel.mp3\",\"type\":\"audio\/mpeg\",\"title\":\"Tag mig. \\u2013 H\\u00e5ll mig. \\u2013 Smek mig sakta\",\"caption\":\"\",\"description\":\"\\\"Tag mig, h\\u00e5ll mig, smek mig sakta\\\" fr\\u00e5n Tag mig, h\\u00e5ll mig, smek mig sakta av L\\u00f6wenhielm, Harriet.\",\"meta\":{\"artist\":\"Agneta Pleijel l\\u00e4ser Harriet L\\u00f6wenhjelm\",\"album\":\"Harriet L\\u00f6wenhjelm\",\"length_formatted\":\"1:36\"},\"image\":{\"src\":\"https:\/\/litteraturbanken.se\/ljudochbild\/wp-content\/uploads\/2019\/09\/lb_albumart.png\",\"width\":580,\"height\":612},\"thumb\":{\"src\":\"https:\/\/litteraturbanken.se\/ljudochbild\/wp-content\/uploads\/2019\/09\/lb_albumart-150x150.png\",\"width\":150,\"height\":150}},{\"src\":\"https:\/\/litteraturbanken.se\/ljudochbild\/wp-content\/uploads\/2022\/11\/lowenhjelm_vemkanlangrehallavakt_ekblad.mp3\",\"type\":\"audio\/mpeg\",\"title\":\"Vem kan l\\u00e4ngre h\\u00e5lla vakt emot allt som stormar\",\"caption\":\"\",\"description\":\"\\u201dVem kan l\\u00e4ngre h\\u00e5lla vakt emot allt som stormar\\u201d fr\\u00e5n Harriet L\\u00f6wenhjelm av Stina Ekblad l\\u00e4ser dikter. Sl\\u00e4ppt: 2022.\",\"meta\":{\"artist\":\"Stina Ekblad l\\u00e4ser Harriet L\\u00f6wenhjelm\",\"album\":\"Harriet L\\u00f6wenhjelm\",\"year\":\"2022\",\"length_formatted\":\"1:29\"},\"image\":{\"src\":\"https:\/\/litteraturbanken.se\/ljudochbild\/wp-content\/uploads\/2019\/09\/wide_gub_wide-mp3-image.png\",\"width\":580,\"height\":612},\"thumb\":{\"src\":\"https:\/\/litteraturbanken.se\/ljudochbild\/wp-content\/uploads\/2019\/09\/wide_gub_wide-mp3-image-150x150.png\",\"width\":150,\"height\":150}},{\"src\":\"https:\/\/litteraturbanken.se\/ljudochbild\/wp-content\/uploads\/2019\/06\/lowenhjelm_arjagintilldodentrott_holmberg.mp3\",\"type\":\"audio\/mpeg\",\"title\":\"\\u00c4r jag intill d\\u00f6den tr\\u00f6tt\",\"caption\":\"\",\"description\":\"\\\"\\u00c4r jag intill d\\u00f6den tr\\u00f6tt\\\" fr\\u00e5n Henric Holmberg av L\\u00f6wenhjelm, Harriet.\",\"meta\":{\"artist\":\"Henric Holmberg l\\u00e4ser Harriet L\\u00f6wenhjelm\",\"album\":\"Harriet L\\u00f6wenhjelm\",\"length_formatted\":\"1:06\"},\"image\":{\"src\":\"https:\/\/litteraturbanken.se\/ljudochbild\/wp-content\/plugins\/media-library-assistant\/images\/crystal\/audio.png\",\"width\":48,\"height\":64},\"thumb\":{\"src\":\"https:\/\/litteraturbanken.se\/ljudochbild\/wp-content\/plugins\/media-library-assistant\/images\/crystal\/audio.png\",\"width\":48,\"height\":64}}]}<\/script>\n<\/div>\n\t\n\n\n\n<div style=\"height:1px\" aria-hidden=\"true\" class=\"wp-block-spacer\"><\/div>\n\n\n\n<h5 class=\"wp-block-heading\"><a href=\"https:\/\/litteraturbanken.se\/ljudochbild\/forfattare\/lowenhjelmh\/\">H\u00d6R FLER HARRIET L\u00d6WENHJELM-INL\u00c4SNINGAR H\u00c4R.<\/a><\/h5>\n\n\n\n<div style=\"height:20px\" aria-hidden=\"true\" class=\"wp-block-spacer\"><\/div>\n\n\n\n<figure class=\"wp-block-gallery has-nested-images columns-4 is-cropped wp-block-gallery-12 is-layout-flex wp-block-gallery-is-layout-flex\">\n<figure class=\"wp-block-image size-large\"><img loading=\"lazy\" decoding=\"async\" width=\"356\" height=\"550\" data-id=\"952\" src=\"https:\/\/litteraturbanken.se\/ljudochbild\/wp-content\/uploads\/2019\/09\/LowenhjelmH_large.jpeg\" alt=\"\" class=\"wp-image-952\" srcset=\"https:\/\/litteraturbanken.se\/ljudochbild\/wp-content\/uploads\/2019\/09\/LowenhjelmH_large.jpeg 356w, https:\/\/litteraturbanken.se\/ljudochbild\/wp-content\/uploads\/2019\/09\/LowenhjelmH_large-194x300.jpeg 194w\" sizes=\"auto, (max-width: 356px) 100vw, 356px\" \/><\/figure>\n\n\n\n<figure class=\"wp-block-image size-large\"><img loading=\"lazy\" decoding=\"async\" width=\"600\" height=\"890\" data-id=\"9805\" src=\"https:\/\/litteraturbanken.se\/ljudochbild\/wp-content\/uploads\/2023\/09\/lowenhjelm2.jpg\" alt=\"\" class=\"wp-image-9805\" srcset=\"https:\/\/litteraturbanken.se\/ljudochbild\/wp-content\/uploads\/2023\/09\/lowenhjelm2.jpg 600w, https:\/\/litteraturbanken.se\/ljudochbild\/wp-content\/uploads\/2023\/09\/lowenhjelm2-202x300.jpg 202w, https:\/\/litteraturbanken.se\/ljudochbild\/wp-content\/uploads\/2023\/09\/lowenhjelm2-480x712.jpg 480w\" sizes=\"auto, (max-width: 600px) 100vw, 600px\" \/><\/figure>\n\n\n\n<figure class=\"wp-block-image size-large\"><img loading=\"lazy\" decoding=\"async\" width=\"600\" height=\"778\" data-id=\"9806\" src=\"https:\/\/litteraturbanken.se\/ljudochbild\/wp-content\/uploads\/2023\/09\/lo\u0308wenhjelm3.jpg\" alt=\"\" class=\"wp-image-9806\" srcset=\"https:\/\/litteraturbanken.se\/ljudochbild\/wp-content\/uploads\/2023\/09\/lo\u0308wenhjelm3.jpg 600w, https:\/\/litteraturbanken.se\/ljudochbild\/wp-content\/uploads\/2023\/09\/lo\u0308wenhjelm3-231x300.jpg 231w, https:\/\/litteraturbanken.se\/ljudochbild\/wp-content\/uploads\/2023\/09\/lo\u0308wenhjelm3-480x622.jpg 480w\" sizes=\"auto, (max-width: 600px) 100vw, 600px\" \/><\/figure>\n\n\n\n<figure class=\"wp-block-image size-large\"><img loading=\"lazy\" decoding=\"async\" width=\"600\" height=\"897\" data-id=\"9807\" src=\"https:\/\/litteraturbanken.se\/ljudochbild\/wp-content\/uploads\/2023\/09\/lowenhjelm4.jpg\" alt=\"\" class=\"wp-image-9807\" srcset=\"https:\/\/litteraturbanken.se\/ljudochbild\/wp-content\/uploads\/2023\/09\/lowenhjelm4.jpg 600w, https:\/\/litteraturbanken.se\/ljudochbild\/wp-content\/uploads\/2023\/09\/lowenhjelm4-201x300.jpg 201w, https:\/\/litteraturbanken.se\/ljudochbild\/wp-content\/uploads\/2023\/09\/lowenhjelm4-480x718.jpg 480w\" sizes=\"auto, (max-width: 600px) 100vw, 600px\" \/><\/figure>\n<\/figure>\n\n\n\n<div style=\"height:70px\" aria-hidden=\"true\" class=\"wp-block-spacer\"><\/div>\n\n\n\n<h2 class=\"wp-block-heading\">HARRY MARTINSON<\/h2>\n\n\n\n<div style=\"height:10px\" aria-hidden=\"true\" class=\"wp-block-spacer\"><\/div>\n\n\n<div class=\"wp-playlist wp-audio-playlist wp-playlist-light\">\n\t\t\t<div class=\"wp-playlist-current-item\"><\/div>\n\t\t<audio controls=\"controls\" preload=\"none\" width=\"618\"\n\t\t\t><\/audio>\n\t<div class=\"wp-playlist-next\"><\/div>\n\t<div class=\"wp-playlist-prev\"><\/div>\n\t<noscript>\n\t<ol>\n\t\t<li><a href='https:\/\/litteraturbanken.se\/ljudochbild\/wp-content\/uploads\/2019\/11\/martinson_sjalvbiografiskt_martinson.mp3'>Sj\u00e4lvbiografiskt (1949)<\/a><\/li><li><a href='https:\/\/litteraturbanken.se\/ljudochbild\/wp-content\/uploads\/2019\/11\/martinson_omdennordiskasommaren_martinson.mp3'>Om den nordiska sommaren (1952)<\/a><\/li><li><a href='https:\/\/litteraturbanken.se\/ljudochbild\/wp-content\/uploads\/2019\/11\/martinson_forstamanniskanirymden_martinson.mp3'>Om rymden och m\u00e4nniskan (1957)<\/a><\/li><li><a href='https:\/\/litteraturbanken.se\/ljudochbild\/wp-content\/uploads\/2019\/11\/martinson_omrymdenochmanniskan_martinson.mp3'>Om den f\u00f6rsta m\u00e4nniskan i rymden (1961)<\/a><\/li>\t<\/ol>\n\t<\/noscript>\n\t<script type=\"application\/json\" class=\"wp-playlist-script\">{\"type\":\"audio\",\"tracklist\":true,\"tracknumbers\":true,\"images\":true,\"artists\":true,\"tracks\":[{\"src\":\"https:\/\/litteraturbanken.se\/ljudochbild\/wp-content\/uploads\/2019\/11\/martinson_sjalvbiografiskt_martinson.mp3\",\"type\":\"audio\/mpeg\",\"title\":\"Sj\\u00e4lvbiografiskt (1949)\",\"caption\":\"\",\"description\":\"\\\"Sj\\u00e4lvbiografiskt\\\" av Martinson, Harry. Sl\\u00e4ppt: 1949. Sp\\u00e5r 1 av 1.\",\"meta\":{\"artist\":\"Harry Martinson i Sveriges Radio (1949\\u20131961)\",\"album\":\"Harry Martinson\",\"year\":\"1949\",\"length_formatted\":\"24:34\"},\"image\":{\"src\":\"https:\/\/litteraturbanken.se\/ljudochbild\/wp-content\/uploads\/2019\/09\/wide_gub_wide-mp3-image.png\",\"width\":580,\"height\":612},\"thumb\":{\"src\":\"https:\/\/litteraturbanken.se\/ljudochbild\/wp-content\/uploads\/2019\/09\/wide_gub_wide-mp3-image-150x150.png\",\"width\":150,\"height\":150}},{\"src\":\"https:\/\/litteraturbanken.se\/ljudochbild\/wp-content\/uploads\/2019\/11\/martinson_omdennordiskasommaren_martinson.mp3\",\"type\":\"audio\/mpeg\",\"title\":\"Om den nordiska sommaren (1952)\",\"caption\":\"\",\"description\":\"\\\"Om den nordiska sommaren\\\" fr\\u00e5n Harry Martinson talar om den nordiska sommaren av Harry Martinson. Sl\\u00e4ppt: 1952. Sp\\u00e5r 1 av 1.\",\"meta\":{\"artist\":\"Harry Martinson i Sveriges Radio (1949\\u20131961)\",\"album\":\"Harry Martinson\"},\"image\":{\"src\":\"https:\/\/litteraturbanken.se\/ljudochbild\/wp-content\/uploads\/2019\/09\/wide_gub_wide-mp3-image.png\",\"width\":580,\"height\":612},\"thumb\":{\"src\":\"https:\/\/litteraturbanken.se\/ljudochbild\/wp-content\/uploads\/2019\/09\/wide_gub_wide-mp3-image-150x150.png\",\"width\":150,\"height\":150}},{\"src\":\"https:\/\/litteraturbanken.se\/ljudochbild\/wp-content\/uploads\/2019\/11\/martinson_forstamanniskanirymden_martinson.mp3\",\"type\":\"audio\/mpeg\",\"title\":\"Om rymden och m\\u00e4nniskan (1957)\",\"caption\":\"\",\"description\":\"\\\"Om rymden och m\\u00e4nniskan\\\" fr\\u00e5n Harry Martinson talar om rymden och m\\u00e4nniskan av Harry Martinson. Sl\\u00e4ppt: 1957. Sp\\u00e5r 1 av 1.\",\"meta\":{\"artist\":\"Harry Martinson i Sveriges Radio (1949\\u20131961)\",\"album\":\"Harry Martinson\"},\"image\":{\"src\":\"https:\/\/litteraturbanken.se\/ljudochbild\/wp-content\/uploads\/2019\/09\/wide_gub_wide-mp3-image.png\",\"width\":580,\"height\":612},\"thumb\":{\"src\":\"https:\/\/litteraturbanken.se\/ljudochbild\/wp-content\/uploads\/2019\/09\/wide_gub_wide-mp3-image-150x150.png\",\"width\":150,\"height\":150}},{\"src\":\"https:\/\/litteraturbanken.se\/ljudochbild\/wp-content\/uploads\/2019\/11\/martinson_omrymdenochmanniskan_martinson.mp3\",\"type\":\"audio\/mpeg\",\"title\":\"Om den f\\u00f6rsta m\\u00e4nniskan i rymden (1961)\",\"caption\":\"\",\"description\":\"\\\"Om den f\\u00f6rsta m\\u00e4nniskan i rymden\\\" fr\\u00e5n Harry Martinson talar om den f\\u00f6rsta m\\u00e4nniskan i rymden av Harry Martinson. Sl\\u00e4ppt: 1961. Sp\\u00e5r 1 av 1.\",\"meta\":{\"artist\":\"Harry Martinson i Sveriges Radio (1949\\u20131961)\",\"album\":\"Harry Martinson\"},\"image\":{\"src\":\"https:\/\/litteraturbanken.se\/ljudochbild\/wp-content\/uploads\/2019\/09\/wide_gub_wide-mp3-image.png\",\"width\":580,\"height\":612},\"thumb\":{\"src\":\"https:\/\/litteraturbanken.se\/ljudochbild\/wp-content\/uploads\/2019\/09\/wide_gub_wide-mp3-image-150x150.png\",\"width\":150,\"height\":150}}]}<\/script>\n<\/div>\n\t\n\n\n\n<div style=\"height:1px\" aria-hidden=\"true\" class=\"wp-block-spacer\"><\/div>\n\n\n\n<h5 class=\"wp-block-heading\"><a href=\"https:\/\/litteraturbanken.se\/ljudochbild\/forfattare\/martinsonh\/\">H\u00d6R FLER HARRY MARTINSON-INL\u00c4SNINGAR H\u00c4R.<\/a><\/h5>\n\n\n\n<div style=\"height:20px\" aria-hidden=\"true\" class=\"wp-block-spacer\"><\/div>\n\n\n\n<figure class=\"wp-block-gallery has-nested-images columns-4 is-cropped wp-block-gallery-13 is-layout-flex wp-block-gallery-is-layout-flex\">\n<figure class=\"wp-block-image size-large\"><img loading=\"lazy\" decoding=\"async\" width=\"600\" height=\"834\" data-id=\"9817\" src=\"https:\/\/litteraturbanken.se\/ljudochbild\/wp-content\/uploads\/2023\/09\/martinson1.jpg\" alt=\"\" class=\"wp-image-9817\" srcset=\"https:\/\/litteraturbanken.se\/ljudochbild\/wp-content\/uploads\/2023\/09\/martinson1.jpg 600w, https:\/\/litteraturbanken.se\/ljudochbild\/wp-content\/uploads\/2023\/09\/martinson1-216x300.jpg 216w, https:\/\/litteraturbanken.se\/ljudochbild\/wp-content\/uploads\/2023\/09\/martinson1-480x667.jpg 480w\" sizes=\"auto, (max-width: 600px) 100vw, 600px\" \/><\/figure>\n\n\n\n<figure class=\"wp-block-image size-large\"><img loading=\"lazy\" decoding=\"async\" width=\"600\" height=\"738\" data-id=\"9814\" src=\"https:\/\/litteraturbanken.se\/ljudochbild\/wp-content\/uploads\/2023\/09\/martinson3.jpg\" alt=\"\" class=\"wp-image-9814\" srcset=\"https:\/\/litteraturbanken.se\/ljudochbild\/wp-content\/uploads\/2023\/09\/martinson3.jpg 600w, https:\/\/litteraturbanken.se\/ljudochbild\/wp-content\/uploads\/2023\/09\/martinson3-244x300.jpg 244w, https:\/\/litteraturbanken.se\/ljudochbild\/wp-content\/uploads\/2023\/09\/martinson3-480x590.jpg 480w\" sizes=\"auto, (max-width: 600px) 100vw, 600px\" \/><\/figure>\n\n\n\n<figure class=\"wp-block-image size-large\"><img loading=\"lazy\" decoding=\"async\" width=\"600\" height=\"797\" data-id=\"9815\" src=\"https:\/\/litteraturbanken.se\/ljudochbild\/wp-content\/uploads\/2023\/09\/martinson4.jpg\" alt=\"\" class=\"wp-image-9815\" srcset=\"https:\/\/litteraturbanken.se\/ljudochbild\/wp-content\/uploads\/2023\/09\/martinson4.jpg 600w, https:\/\/litteraturbanken.se\/ljudochbild\/wp-content\/uploads\/2023\/09\/martinson4-226x300.jpg 226w, https:\/\/litteraturbanken.se\/ljudochbild\/wp-content\/uploads\/2023\/09\/martinson4-480x638.jpg 480w\" sizes=\"auto, (max-width: 600px) 100vw, 600px\" \/><\/figure>\n\n\n\n<figure class=\"wp-block-image size-large\"><img loading=\"lazy\" decoding=\"async\" width=\"600\" height=\"796\" data-id=\"9813\" src=\"https:\/\/litteraturbanken.se\/ljudochbild\/wp-content\/uploads\/2023\/09\/martinson2.jpg\" alt=\"\" class=\"wp-image-9813\" srcset=\"https:\/\/litteraturbanken.se\/ljudochbild\/wp-content\/uploads\/2023\/09\/martinson2.jpg 600w, https:\/\/litteraturbanken.se\/ljudochbild\/wp-content\/uploads\/2023\/09\/martinson2-226x300.jpg 226w, https:\/\/litteraturbanken.se\/ljudochbild\/wp-content\/uploads\/2023\/09\/martinson2-480x637.jpg 480w\" sizes=\"auto, (max-width: 600px) 100vw, 600px\" \/><\/figure>\n<\/figure>\n\n\n\n<div style=\"height:70px\" aria-hidden=\"true\" class=\"wp-block-spacer\"><\/div>\n\n\n\n<h2 class=\"wp-block-heading\">EVA NEANDER<\/h2>\n\n\n\n<div style=\"height:10px\" aria-hidden=\"true\" class=\"wp-block-spacer\"><\/div>\n\n\n<div class=\"wp-playlist wp-audio-playlist wp-playlist-light\">\n\t\t\t<div class=\"wp-playlist-current-item\"><\/div>\n\t\t<audio controls=\"controls\" preload=\"none\" width=\"618\"\n\t\t\t><\/audio>\n\t<div class=\"wp-playlist-next\"><\/div>\n\t<div class=\"wp-playlist-prev\"><\/div>\n\t<noscript>\n\t<ol>\n\t\t<li><a href='https:\/\/litteraturbanken.se\/ljudochbild\/wp-content\/uploads\/2020\/03\/neander_litteratorerisolering_1947.mp3'>Litterat\u00f6rer i isolering: \u201dD\u00f6d idyll\u201d<\/a><\/li>\t<\/ol>\n\t<\/noscript>\n\t<script type=\"application\/json\" class=\"wp-playlist-script\">{\"type\":\"audio\",\"tracklist\":true,\"tracknumbers\":true,\"images\":true,\"artists\":true,\"tracks\":[{\"src\":\"https:\/\/litteraturbanken.se\/ljudochbild\/wp-content\/uploads\/2020\/03\/neander_litteratorerisolering_1947.mp3\",\"type\":\"audio\/mpeg\",\"title\":\"Litterat\\u00f6rer i isolering: \\u201dD\\u00f6d idyll\\u201d\",\"caption\":\"\",\"description\":\"\\\"Litterat\\u00f6rer i isolering\\\" fr\\u00e5n Eva Neander i Litterat\\u00f6rer i isolering 1947 av Neander, Eva. Sl\\u00e4ppt: 1947.\",\"meta\":{\"artist\":\"Eva Neander i Litterat\\u00f6rer i isolering 1947\",\"album\":\"Eva Neander\"},\"image\":{\"src\":\"https:\/\/litteraturbanken.se\/ljudochbild\/wp-content\/uploads\/2019\/09\/lb_albumart-1.png\",\"width\":580,\"height\":612},\"thumb\":{\"src\":\"https:\/\/litteraturbanken.se\/ljudochbild\/wp-content\/uploads\/2019\/09\/lb_albumart-1-150x150.png\",\"width\":150,\"height\":150}}]}<\/script>\n<\/div>\n\t\n\n\n\n<div style=\"height:1px\" aria-hidden=\"true\" class=\"wp-block-spacer\"><\/div>\n\n\n\n<h5 class=\"wp-block-heading\"><a href=\"https:\/\/litteraturbanken.se\/ljudochbild\/forfattare\/neandere\/\">H\u00d6R FLER EVA NEANDER-INL\u00c4SNINGAR H\u00c4R.<\/a><\/h5>\n\n\n\n<div style=\"height:20px\" aria-hidden=\"true\" class=\"wp-block-spacer\"><\/div>\n\n\n\n<figure class=\"wp-block-gallery has-nested-images columns-4 is-cropped wp-block-gallery-14 is-layout-flex wp-block-gallery-is-layout-flex\">\n<figure class=\"wp-block-image size-large\"><img loading=\"lazy\" decoding=\"async\" width=\"500\" height=\"676\" data-id=\"9820\" src=\"https:\/\/litteraturbanken.se\/ljudochbild\/wp-content\/uploads\/2023\/09\/neander2.jpg\" alt=\"\" class=\"wp-image-9820\" srcset=\"https:\/\/litteraturbanken.se\/ljudochbild\/wp-content\/uploads\/2023\/09\/neander2.jpg 500w, https:\/\/litteraturbanken.se\/ljudochbild\/wp-content\/uploads\/2023\/09\/neander2-222x300.jpg 222w, https:\/\/litteraturbanken.se\/ljudochbild\/wp-content\/uploads\/2023\/09\/neander2-480x649.jpg 480w\" sizes=\"auto, (max-width: 500px) 100vw, 500px\" \/><\/figure>\n\n\n\n<figure class=\"wp-block-image size-large\"><img loading=\"lazy\" decoding=\"async\" width=\"500\" height=\"753\" data-id=\"9819\" src=\"https:\/\/litteraturbanken.se\/ljudochbild\/wp-content\/uploads\/2023\/09\/neander1.jpg\" alt=\"\" class=\"wp-image-9819\" srcset=\"https:\/\/litteraturbanken.se\/ljudochbild\/wp-content\/uploads\/2023\/09\/neander1.jpg 500w, https:\/\/litteraturbanken.se\/ljudochbild\/wp-content\/uploads\/2023\/09\/neander1-199x300.jpg 199w, https:\/\/litteraturbanken.se\/ljudochbild\/wp-content\/uploads\/2023\/09\/neander1-480x723.jpg 480w\" sizes=\"auto, (max-width: 500px) 100vw, 500px\" \/><\/figure>\n\n\n\n<figure class=\"wp-block-image size-large\"><img loading=\"lazy\" decoding=\"async\" width=\"700\" height=\"884\" data-id=\"3436\" src=\"https:\/\/litteraturbanken.se\/ljudochbild\/wp-content\/uploads\/2020\/03\/neander.jpg\" alt=\"\" class=\"wp-image-3436\" srcset=\"https:\/\/litteraturbanken.se\/ljudochbild\/wp-content\/uploads\/2020\/03\/neander.jpg 700w, https:\/\/litteraturbanken.se\/ljudochbild\/wp-content\/uploads\/2020\/03\/neander-238x300.jpg 238w, https:\/\/litteraturbanken.se\/ljudochbild\/wp-content\/uploads\/2020\/03\/neander-480x606.jpg 480w\" sizes=\"auto, (max-width: 700px) 100vw, 700px\" \/><\/figure>\n\n\n\n<figure class=\"wp-block-image size-large\"><img loading=\"lazy\" decoding=\"async\" width=\"600\" height=\"965\" data-id=\"9821\" src=\"https:\/\/litteraturbanken.se\/ljudochbild\/wp-content\/uploads\/2023\/09\/neander4.jpg\" alt=\"\" class=\"wp-image-9821\" srcset=\"https:\/\/litteraturbanken.se\/ljudochbild\/wp-content\/uploads\/2023\/09\/neander4.jpg 600w, https:\/\/litteraturbanken.se\/ljudochbild\/wp-content\/uploads\/2023\/09\/neander4-187x300.jpg 187w, https:\/\/litteraturbanken.se\/ljudochbild\/wp-content\/uploads\/2023\/09\/neander4-480x772.jpg 480w\" sizes=\"auto, (max-width: 600px) 100vw, 600px\" \/><\/figure>\n<\/figure>\n\n\n\n<div style=\"height:70px\" aria-hidden=\"true\" class=\"wp-block-spacer\"><\/div>\n\n\n\n<h2 class=\"wp-block-heading\">HEDVIG CHARLOTTA NORDENFLYCHT<\/h2>\n\n\n\n<div style=\"height:10px\" aria-hidden=\"true\" class=\"wp-block-spacer\"><\/div>\n\n\n<div class=\"wp-playlist wp-audio-playlist wp-playlist-light\">\n\t\t\t<div class=\"wp-playlist-current-item\"><\/div>\n\t\t<audio controls=\"controls\" preload=\"none\" width=\"618\"\n\t\t\t><\/audio>\n\t<div class=\"wp-playlist-next\"><\/div>\n\t<div class=\"wp-playlist-prev\"><\/div>\n\t<noscript>\n\t<ol>\n\t\t<li><a href='https:\/\/litteraturbanken.se\/ljudochbild\/wp-content\/uploads\/2019\/09\/nordenflycht_denungaherdinnandorillaskvade_engdahl.mp3'>Den unga Herdinnan Dorillas Qw\u00e4de<\/a><\/li><li><a href='https:\/\/litteraturbanken.se\/ljudochbild\/wp-content\/uploads\/2019\/09\/nordenflycht_denungaherdinnandorillasqwade_bagge.mp3'>Den unga Herdinnan Dorillas Qw\u00e4de<\/a><\/li><li><a href='https:\/\/litteraturbanken.se\/ljudochbild\/wp-content\/uploads\/2022\/11\/nordenflycht_mittode_ekblad.mp3'>Mitt \u00d6de<\/a><\/li><li><a href='https:\/\/litteraturbanken.se\/ljudochbild\/wp-content\/uploads\/2019\/09\/nordenflycht_sagmigdamonsadlysandra_bagge.mp3'>S\u00e4g mig Damon sad\u2019 Lysandra<\/a><\/li><li><a href='https:\/\/litteraturbanken.se\/ljudochbild\/wp-content\/uploads\/2022\/11\/nordenflycht_ofvercriton_ekblad.mp3'>\u00d6fver Criton<\/a><\/li><li><a href='https:\/\/litteraturbanken.se\/ljudochbild\/wp-content\/uploads\/2019\/09\/nordenflycht_ofverenhyacint_pleijel.mp3'>\u00d6fver en hyacint<\/a><\/li>\t<\/ol>\n\t<\/noscript>\n\t<script type=\"application\/json\" class=\"wp-playlist-script\">{\"type\":\"audio\",\"tracklist\":true,\"tracknumbers\":true,\"images\":true,\"artists\":true,\"tracks\":[{\"src\":\"https:\/\/litteraturbanken.se\/ljudochbild\/wp-content\/uploads\/2019\/09\/nordenflycht_denungaherdinnandorillaskvade_engdahl.mp3\",\"type\":\"audio\/mpeg\",\"title\":\"Den unga Herdinnan Dorillas Qw\\u00e4de\",\"caption\":\"\",\"description\":\"\\\"Den unga herdinnan Dorillas kv\\u00e4de\\\" fr\\u00e5n Den unga herdinnan Dorillas kv\\u00e4de av Nordenflycht, Hedvig Charlotta.\",\"meta\":{\"artist\":\"Horace Engdahl l\\u00e4ser Hedvig Charlotta Nordenflycht\",\"album\":\"Hedvig Charlotta Nordenflycht\",\"length_formatted\":\"3:49\"},\"image\":{\"src\":\"https:\/\/litteraturbanken.se\/ljudochbild\/wp-content\/uploads\/2019\/09\/lb_albumart.png\",\"width\":580,\"height\":612},\"thumb\":{\"src\":\"https:\/\/litteraturbanken.se\/ljudochbild\/wp-content\/uploads\/2019\/09\/lb_albumart-150x150.png\",\"width\":150,\"height\":150}},{\"src\":\"https:\/\/litteraturbanken.se\/ljudochbild\/wp-content\/uploads\/2019\/09\/nordenflycht_denungaherdinnandorillasqwade_bagge.mp3\",\"type\":\"audio\/mpeg\",\"title\":\"Den unga Herdinnan Dorillas Qw\\u00e4de\",\"caption\":\"\",\"description\":\"\\\"Den unga Herdinnan Dorillas Qw\\u00e4de\\\" fr\\u00e5n Martin Bagges musikaliska vandring (del 5 av 5) av Martin Bagge. Sl\\u00e4ppt: 2017. Sp\\u00e5r 4 av 8. Genre: Folk.\",\"meta\":{\"artist\":\"Martin Bagge framf\\u00f6r Hedvig Charlotta Nordenflycht\",\"album\":\"Hedvig Charlotta Nordenflycht\",\"genre\":\"Folk\",\"year\":\"2017\",\"length_formatted\":\"4:33\"},\"image\":{\"src\":\"https:\/\/litteraturbanken.se\/ljudochbild\/wp-content\/plugins\/media-library-assistant\/images\/crystal\/audio.png\",\"width\":48,\"height\":64},\"thumb\":{\"src\":\"https:\/\/litteraturbanken.se\/ljudochbild\/wp-content\/plugins\/media-library-assistant\/images\/crystal\/audio.png\",\"width\":48,\"height\":64}},{\"src\":\"https:\/\/litteraturbanken.se\/ljudochbild\/wp-content\/uploads\/2022\/11\/nordenflycht_mittode_ekblad.mp3\",\"type\":\"audio\/mpeg\",\"title\":\"Mitt \\u00d6de\",\"caption\":\"\",\"description\":\"\\u201dMitt \\u00d6de\\u201d fr\\u00e5n Hedvig Charlotta Nordenflycht av Stina Ekblad l\\u00e4ser dikter. Sl\\u00e4ppt: 2022.\",\"meta\":{\"artist\":\"Stina Ekblad l\\u00e4ser Hedvig Charlotta Nordenflycht\",\"album\":\"Hedvig Charlotta Nordenflycht\",\"year\":\"2022\",\"length_formatted\":\"2:11\"},\"image\":{\"src\":\"https:\/\/litteraturbanken.se\/ljudochbild\/wp-content\/uploads\/2019\/09\/wide_gub_wide-mp3-image.png\",\"width\":580,\"height\":612},\"thumb\":{\"src\":\"https:\/\/litteraturbanken.se\/ljudochbild\/wp-content\/uploads\/2019\/09\/wide_gub_wide-mp3-image-150x150.png\",\"width\":150,\"height\":150}},{\"src\":\"https:\/\/litteraturbanken.se\/ljudochbild\/wp-content\/uploads\/2019\/09\/nordenflycht_sagmigdamonsadlysandra_bagge.mp3\",\"type\":\"audio\/mpeg\",\"title\":\"S\\u00e4g mig Damon sad\\u2019 Lysandra\",\"caption\":\"\",\"description\":\"\\\"S\\u00e4g mig Damon sad\\u2019 Lysandra\\\" fr\\u00e5n Martin Bagges musikaliska vandring (del 5 av 5) av Martin Bagge. Sl\\u00e4ppt: 2017. Sp\\u00e5r 3 av 8. Genre: Folk.\",\"meta\":{\"artist\":\"Martin Bagge framf\\u00f6r Hedvig Charlotta Nordenflycht\",\"album\":\"Hedvig Charlotta Nordenflycht\",\"genre\":\"Folk\",\"year\":\"2017\",\"length_formatted\":\"3:14\"},\"image\":{\"src\":\"https:\/\/litteraturbanken.se\/ljudochbild\/wp-content\/plugins\/media-library-assistant\/images\/crystal\/audio.png\",\"width\":48,\"height\":64},\"thumb\":{\"src\":\"https:\/\/litteraturbanken.se\/ljudochbild\/wp-content\/plugins\/media-library-assistant\/images\/crystal\/audio.png\",\"width\":48,\"height\":64}},{\"src\":\"https:\/\/litteraturbanken.se\/ljudochbild\/wp-content\/uploads\/2022\/11\/nordenflycht_ofvercriton_ekblad.mp3\",\"type\":\"audio\/mpeg\",\"title\":\"\\u00d6fver Criton\",\"caption\":\"\",\"description\":\"\\u201d\\u00d6fver Criton\\u201d fr\\u00e5n Hedvig Charlotta Nordenflycht av Stina Ekblad l\\u00e4ser dikter. Sl\\u00e4ppt: 2022.\",\"meta\":{\"artist\":\"Stina Ekblad l\\u00e4ser Hedvig Charlotta Nordenflycht\",\"album\":\"Hedvig Charlotta Nordenflycht\",\"year\":\"2022\",\"length_formatted\":\"2:58\"},\"image\":{\"src\":\"https:\/\/litteraturbanken.se\/ljudochbild\/wp-content\/uploads\/2019\/09\/wide_gub_wide-mp3-image.png\",\"width\":580,\"height\":612},\"thumb\":{\"src\":\"https:\/\/litteraturbanken.se\/ljudochbild\/wp-content\/uploads\/2019\/09\/wide_gub_wide-mp3-image-150x150.png\",\"width\":150,\"height\":150}},{\"src\":\"https:\/\/litteraturbanken.se\/ljudochbild\/wp-content\/uploads\/2019\/09\/nordenflycht_ofverenhyacint_pleijel.mp3\",\"type\":\"audio\/mpeg\",\"title\":\"\\u00d6fver en hyacint\",\"caption\":\"\",\"description\":\"\\\"\\u00d6fver en hyacint\\\" fr\\u00e5n \\u00d6fver en hyacint av Nordenflycht, Hedvig Charlotta.\",\"meta\":{\"artist\":\"Agneta Pleijel l\\u00e4ser Hedvig Charlotta Nordenflycht\",\"album\":\"Hedvig Charlotta Nordenflycht\",\"length_formatted\":\"2:02\"},\"image\":{\"src\":\"https:\/\/litteraturbanken.se\/ljudochbild\/wp-content\/uploads\/2019\/09\/lb_albumart.png\",\"width\":580,\"height\":612},\"thumb\":{\"src\":\"https:\/\/litteraturbanken.se\/ljudochbild\/wp-content\/uploads\/2019\/09\/lb_albumart-150x150.png\",\"width\":150,\"height\":150}}]}<\/script>\n<\/div>\n\t\n\n\n\n<div style=\"height:1px\" aria-hidden=\"true\" class=\"wp-block-spacer\"><\/div>\n\n\n\n<h5 class=\"wp-block-heading\"><a href=\"https:\/\/litteraturbanken.se\/ljudochbild\/forfattare\/nordenflychthc\/\">H\u00d6R FLER HEDVIG CHARLOTTA NORDENFLYCHT-INL\u00c4SNINGAR H\u00c4R.<\/a><\/h5>\n\n\n\n<div style=\"height:20px\" aria-hidden=\"true\" class=\"wp-block-spacer\"><\/div>\n\n\n\n<figure class=\"wp-block-gallery has-nested-images columns-4 is-cropped wp-block-gallery-15 is-layout-flex wp-block-gallery-is-layout-flex\">\n<figure class=\"wp-block-image size-large\"><img loading=\"lazy\" decoding=\"async\" width=\"600\" height=\"776\" data-id=\"9823\" src=\"https:\/\/litteraturbanken.se\/ljudochbild\/wp-content\/uploads\/2023\/09\/nordenflycht1.jpg\" alt=\"\" class=\"wp-image-9823\" srcset=\"https:\/\/litteraturbanken.se\/ljudochbild\/wp-content\/uploads\/2023\/09\/nordenflycht1.jpg 600w, https:\/\/litteraturbanken.se\/ljudochbild\/wp-content\/uploads\/2023\/09\/nordenflycht1-232x300.jpg 232w, https:\/\/litteraturbanken.se\/ljudochbild\/wp-content\/uploads\/2023\/09\/nordenflycht1-480x621.jpg 480w\" sizes=\"auto, (max-width: 600px) 100vw, 600px\" \/><\/figure>\n\n\n\n<figure class=\"wp-block-image size-large\"><img loading=\"lazy\" decoding=\"async\" width=\"515\" height=\"650\" data-id=\"9825\" src=\"https:\/\/litteraturbanken.se\/ljudochbild\/wp-content\/uploads\/2023\/09\/nordenflycht3.jpg\" alt=\"\" class=\"wp-image-9825\" srcset=\"https:\/\/litteraturbanken.se\/ljudochbild\/wp-content\/uploads\/2023\/09\/nordenflycht3.jpg 515w, https:\/\/litteraturbanken.se\/ljudochbild\/wp-content\/uploads\/2023\/09\/nordenflycht3-238x300.jpg 238w, https:\/\/litteraturbanken.se\/ljudochbild\/wp-content\/uploads\/2023\/09\/nordenflycht3-480x606.jpg 480w\" sizes=\"auto, (max-width: 515px) 100vw, 515px\" \/><\/figure>\n\n\n\n<figure class=\"wp-block-image size-large\"><img loading=\"lazy\" decoding=\"async\" width=\"600\" height=\"760\" data-id=\"9824\" src=\"https:\/\/litteraturbanken.se\/ljudochbild\/wp-content\/uploads\/2023\/09\/nordenflycht2.jpg\" alt=\"\" class=\"wp-image-9824\" srcset=\"https:\/\/litteraturbanken.se\/ljudochbild\/wp-content\/uploads\/2023\/09\/nordenflycht2.jpg 600w, https:\/\/litteraturbanken.se\/ljudochbild\/wp-content\/uploads\/2023\/09\/nordenflycht2-237x300.jpg 237w, https:\/\/litteraturbanken.se\/ljudochbild\/wp-content\/uploads\/2023\/09\/nordenflycht2-480x608.jpg 480w\" sizes=\"auto, (max-width: 600px) 100vw, 600px\" \/><\/figure>\n\n\n\n<figure class=\"wp-block-image size-large\"><img loading=\"lazy\" decoding=\"async\" width=\"600\" height=\"977\" data-id=\"9826\" src=\"https:\/\/litteraturbanken.se\/ljudochbild\/wp-content\/uploads\/2023\/09\/nordenflycht4.jpg\" alt=\"\" class=\"wp-image-9826\" srcset=\"https:\/\/litteraturbanken.se\/ljudochbild\/wp-content\/uploads\/2023\/09\/nordenflycht4.jpg 600w, https:\/\/litteraturbanken.se\/ljudochbild\/wp-content\/uploads\/2023\/09\/nordenflycht4-184x300.jpg 184w, https:\/\/litteraturbanken.se\/ljudochbild\/wp-content\/uploads\/2023\/09\/nordenflycht4-480x782.jpg 480w\" sizes=\"auto, (max-width: 600px) 100vw, 600px\" \/><\/figure>\n<\/figure>\n\n\n\n<div style=\"height:70px\" aria-hidden=\"true\" class=\"wp-block-spacer\"><\/div>\n\n\n\n<h2 class=\"wp-block-heading\">HJALMAR S\u00d6DERBERG<\/h2>\n\n\n\n<div style=\"height:10px\" aria-hidden=\"true\" class=\"wp-block-spacer\"><\/div>\n\n\n<div class=\"wp-playlist wp-audio-playlist wp-playlist-light\">\n\t\t\t<div class=\"wp-playlist-current-item\"><\/div>\n\t\t<audio controls=\"controls\" preload=\"none\" width=\"618\"\n\t\t\t><\/audio>\n\t<div class=\"wp-playlist-next\"><\/div>\n\t<div class=\"wp-playlist-prev\"><\/div>\n\t<noscript>\n\t<ol>\n\t\t<li><a href='https:\/\/litteraturbanken.se\/ljudochbild\/wp-content\/uploads\/2019\/11\/soderberg_enstockholmskronika_soderberg.mp3'>En Stockholmskr\u00f6nika fr\u00e5n sekelskiftet (1934)<\/a><\/li><li><a href='https:\/\/litteraturbanken.se\/ljudochbild\/wp-content\/uploads\/2019\/11\/soderberg_minaminnenavoscarlevertin_soderberg.mp3'>Mina minnen av Oscar Levertin (1936)<\/a><\/li>\t<\/ol>\n\t<\/noscript>\n\t<script type=\"application\/json\" class=\"wp-playlist-script\">{\"type\":\"audio\",\"tracklist\":true,\"tracknumbers\":true,\"images\":true,\"artists\":true,\"tracks\":[{\"src\":\"https:\/\/litteraturbanken.se\/ljudochbild\/wp-content\/uploads\/2019\/11\/soderberg_enstockholmskronika_soderberg.mp3\",\"type\":\"audio\/mpeg\",\"title\":\"En Stockholmskr\\u00f6nika fr\\u00e5n sekelskiftet (1934)\",\"caption\":\"\",\"description\":\"\\\"En Stockholmskr\\u00f6nika fr\\u00e5n sekelskiftet\\\" fr\\u00e5n En Stockholmskr\\u00f6nika fr\\u00e5n sekelskiftet av S\\u00f6derberg, Hjalmar. Sl\\u00e4ppt: 1934. Sp\\u00e5r 1 av 1.\",\"meta\":{\"artist\":\"Hjalmar S\\u00f6derberg l\\u00e4ser en kr\\u00f6nika\",\"album\":\"Hjalmar S\\u00f6derberg\",\"year\":\"1934\",\"length_formatted\":\"7:39\"},\"image\":{\"src\":\"https:\/\/litteraturbanken.se\/ljudochbild\/wp-content\/uploads\/2019\/09\/wide_gub_wide-mp3-image.png\",\"width\":580,\"height\":612},\"thumb\":{\"src\":\"https:\/\/litteraturbanken.se\/ljudochbild\/wp-content\/uploads\/2019\/09\/wide_gub_wide-mp3-image-150x150.png\",\"width\":150,\"height\":150}},{\"src\":\"https:\/\/litteraturbanken.se\/ljudochbild\/wp-content\/uploads\/2019\/11\/soderberg_minaminnenavoscarlevertin_soderberg.mp3\",\"type\":\"audio\/mpeg\",\"title\":\"Mina minnen av Oscar Levertin (1936)\",\"caption\":\"\",\"description\":\"\\\"Mina minnen av Oscar Levertin\\\" fr\\u00e5n Mina minnen av Oscar Levertin av S\\u00f6derberg, Hjalmar. Sl\\u00e4ppt: 1936. Sp\\u00e5r 1 av 1.\",\"meta\":{\"artist\":\"Hjalmar S\\u00f6derberg l\\u00e4ser Mina minnen av Oscar Levertin\",\"album\":\"Hjalmar S\\u00f6derberg\",\"year\":\"1936\",\"length_formatted\":\"3:23\"},\"image\":{\"src\":\"https:\/\/litteraturbanken.se\/ljudochbild\/wp-content\/uploads\/2019\/09\/wide_gub_wide-mp3-image.png\",\"width\":580,\"height\":612},\"thumb\":{\"src\":\"https:\/\/litteraturbanken.se\/ljudochbild\/wp-content\/uploads\/2019\/09\/wide_gub_wide-mp3-image-150x150.png\",\"width\":150,\"height\":150}}]}<\/script>\n<\/div>\n\t\n\n\n\n<div style=\"height:1px\" aria-hidden=\"true\" class=\"wp-block-spacer\"><\/div>\n\n\n\n<h5 class=\"wp-block-heading\"><a href=\"https:\/\/litteraturbanken.se\/ljudochbild\/forfattare\/soderbergh\/\">H\u00d6R FLER HJALMAR S\u00d6DERBERG-INL\u00c4SNINGAR H\u00c4R.<\/a><\/h5>\n\n\n\n<div style=\"height:20px\" aria-hidden=\"true\" class=\"wp-block-spacer\"><\/div>\n\n\n\n<figure class=\"wp-block-gallery has-nested-images columns-4 is-cropped wp-block-gallery-16 is-layout-flex wp-block-gallery-is-layout-flex\">\n<figure class=\"wp-block-image size-large\"><img loading=\"lazy\" decoding=\"async\" width=\"478\" height=\"550\" data-id=\"1851\" src=\"https:\/\/litteraturbanken.se\/ljudochbild\/wp-content\/uploads\/2019\/09\/SoderbergH_large.jpeg\" alt=\"\" class=\"wp-image-1851\" srcset=\"https:\/\/litteraturbanken.se\/ljudochbild\/wp-content\/uploads\/2019\/09\/SoderbergH_large.jpeg 478w, https:\/\/litteraturbanken.se\/ljudochbild\/wp-content\/uploads\/2019\/09\/SoderbergH_large-261x300.jpeg 261w\" sizes=\"auto, (max-width: 478px) 100vw, 478px\" \/><\/figure>\n\n\n\n<figure class=\"wp-block-image size-large\"><img loading=\"lazy\" decoding=\"async\" width=\"900\" height=\"1423\" data-id=\"4669\" src=\"https:\/\/litteraturbanken.se\/ljudochbild\/wp-content\/uploads\/2021\/03\/soderberg_nyavagar_post.jpg\" alt=\"\" class=\"wp-image-4669\" srcset=\"https:\/\/litteraturbanken.se\/ljudochbild\/wp-content\/uploads\/2021\/03\/soderberg_nyavagar_post.jpg 900w, https:\/\/litteraturbanken.se\/ljudochbild\/wp-content\/uploads\/2021\/03\/soderberg_nyavagar_post-190x300.jpg 190w, https:\/\/litteraturbanken.se\/ljudochbild\/wp-content\/uploads\/2021\/03\/soderberg_nyavagar_post-648x1024.jpg 648w, https:\/\/litteraturbanken.se\/ljudochbild\/wp-content\/uploads\/2021\/03\/soderberg_nyavagar_post-768x1214.jpg 768w, https:\/\/litteraturbanken.se\/ljudochbild\/wp-content\/uploads\/2021\/03\/soderberg_nyavagar_post-480x759.jpg 480w\" sizes=\"auto, (max-width: 900px) 100vw, 900px\" \/><\/figure>\n\n\n\n<figure class=\"wp-block-image size-large\"><img loading=\"lazy\" decoding=\"async\" width=\"600\" height=\"786\" data-id=\"9827\" src=\"https:\/\/litteraturbanken.se\/ljudochbild\/wp-content\/uploads\/2023\/09\/soderberg3.jpg\" alt=\"\" class=\"wp-image-9827\" srcset=\"https:\/\/litteraturbanken.se\/ljudochbild\/wp-content\/uploads\/2023\/09\/soderberg3.jpg 600w, https:\/\/litteraturbanken.se\/ljudochbild\/wp-content\/uploads\/2023\/09\/soderberg3-229x300.jpg 229w, https:\/\/litteraturbanken.se\/ljudochbild\/wp-content\/uploads\/2023\/09\/soderberg3-480x629.jpg 480w\" sizes=\"auto, (max-width: 600px) 100vw, 600px\" \/><\/figure>\n\n\n\n<figure class=\"wp-block-image size-large\"><img loading=\"lazy\" decoding=\"async\" width=\"600\" height=\"861\" data-id=\"9828\" src=\"https:\/\/litteraturbanken.se\/ljudochbild\/wp-content\/uploads\/2023\/09\/soderberg4.jpg\" alt=\"\" class=\"wp-image-9828\" srcset=\"https:\/\/litteraturbanken.se\/ljudochbild\/wp-content\/uploads\/2023\/09\/soderberg4.jpg 600w, https:\/\/litteraturbanken.se\/ljudochbild\/wp-content\/uploads\/2023\/09\/soderberg4-209x300.jpg 209w, https:\/\/litteraturbanken.se\/ljudochbild\/wp-content\/uploads\/2023\/09\/soderberg4-480x689.jpg 480w\" sizes=\"auto, (max-width: 600px) 100vw, 600px\" \/><\/figure>\n<\/figure>\n\n\n\n<div style=\"height:70px\" aria-hidden=\"true\" class=\"wp-block-spacer\"><\/div>\n\n\n\n<h2 class=\"wp-block-heading\">EDITH S\u00d6DERGRAN<\/h2>\n\n\n\n<div style=\"height:10px\" aria-hidden=\"true\" class=\"wp-block-spacer\"><\/div>\n\n\n<div class=\"wp-playlist wp-audio-playlist wp-playlist-light\">\n\t\t\t<div class=\"wp-playlist-current-item\"><\/div>\n\t\t<audio controls=\"controls\" preload=\"none\" width=\"618\"\n\t\t\t><\/audio>\n\t<div class=\"wp-playlist-next\"><\/div>\n\t<div class=\"wp-playlist-prev\"><\/div>\n\t<noscript>\n\t<ol>\n\t\t<li><a href='https:\/\/litteraturbanken.se\/ljudochbild\/wp-content\/uploads\/2020\/01\/sodergran_blixtenstrangtan_espmark.mp3'>Blixtens tr\u00e4ngtan<\/a><\/li><li><a href='https:\/\/litteraturbanken.se\/ljudochbild\/wp-content\/uploads\/2019\/09\/sodergran_dagensvalnar_pleijel.mp3'>Dagen svalnar \u2026<\/a><\/li><li><a href='https:\/\/litteraturbanken.se\/ljudochbild\/wp-content\/uploads\/2022\/11\/sodergran_dusomaldriggatturditttradgardsland_ekblad.mp3'>Du som aldrig g\u00e5tt ut ur ditt tr\u00e4dg\u00e5rdsland ...<\/a><\/li><li><a href='https:\/\/litteraturbanken.se\/ljudochbild\/wp-content\/uploads\/2019\/09\/sodergran_enonskan_mossaed.mp3'>En \u00f6nskan<\/a><\/li><li><a href='https:\/\/litteraturbanken.se\/ljudochbild\/wp-content\/uploads\/2020\/01\/sodergran_framtidensskugga_espmark.mp3'>Framtidens skugga<\/a><\/li><li><a href='https:\/\/litteraturbanken.se\/ljudochbild\/wp-content\/uploads\/2022\/11\/sodergran_hostensdagar_ekblad.mp3'>H\u00f6stens dagar<\/a><\/li><li><a href='https:\/\/litteraturbanken.se\/ljudochbild\/wp-content\/uploads\/2022\/11\/sodergran_ingenting_ekblad.mp3'>Ingenting<\/a><\/li><li><a href='https:\/\/litteraturbanken.se\/ljudochbild\/wp-content\/uploads\/2019\/09\/sodergran_jag_ekdahl.mp3'>Jag<\/a><\/li><li><a href='https:\/\/litteraturbanken.se\/ljudochbild\/wp-content\/uploads\/2019\/09\/sodergran_landetsomickear_mossaed.mp3'>Landet som icke \u00e4r<\/a><\/li><li><a href='https:\/\/litteraturbanken.se\/ljudochbild\/wp-content\/uploads\/2020\/01\/sodergran_mysteriet_espmark.mp3'>Mysteriet<\/a><\/li><li><a href='https:\/\/litteraturbanken.se\/ljudochbild\/wp-content\/uploads\/2022\/11\/sodergran_manenshemlighet_ekblad.mp3'>M\u00e5nens hemlighet<\/a><\/li><li><a href='https:\/\/litteraturbanken.se\/ljudochbild\/wp-content\/uploads\/2022\/11\/sodergran_prinsessan_ekblad.mp3'>Prinsessan<\/a><\/li><li><a href='https:\/\/litteraturbanken.se\/ljudochbild\/wp-content\/uploads\/2019\/09\/sodergran_smartan_engdahl.mp3'>Sm\u00e4rtan<\/a><\/li><li><a href='https:\/\/litteraturbanken.se\/ljudochbild\/wp-content\/uploads\/2019\/09\/sodergran_tradetiskogen_ekdahl.mp3'>Tr\u00e4det i skogen<\/a><\/li><li><a href='https:\/\/litteraturbanken.se\/ljudochbild\/wp-content\/uploads\/2022\/11\/sodergran_varldenbadariblod_ekblad.mp3'>V\u00e4rlden badar i blod ...<\/a><\/li><li><a href='https:\/\/litteraturbanken.se\/ljudochbild\/wp-content\/uploads\/2019\/09\/sodergran_triumfattfinnastill_pleijel.mp3'>Triumf att finnas till<\/a><\/li>\t<\/ol>\n\t<\/noscript>\n\t<script type=\"application\/json\" class=\"wp-playlist-script\">{\"type\":\"audio\",\"tracklist\":true,\"tracknumbers\":true,\"images\":true,\"artists\":true,\"tracks\":[{\"src\":\"https:\/\/litteraturbanken.se\/ljudochbild\/wp-content\/uploads\/2020\/01\/sodergran_blixtenstrangtan_espmark.mp3\",\"type\":\"audio\/mpeg\",\"title\":\"Blixtens tr\\u00e4ngtan\",\"caption\":\"\",\"description\":\"\\\"Blixtens tr\\u00e4ngtan\\\" fr\\u00e5n Kjell Espmark l\\u00e4ser svenska klassiker av S\\u00f6dergran, Edith. Sl\\u00e4ppt: 2019. Sp\\u00e5r 13 av 22.\",\"meta\":{\"artist\":\"Kjell Espmark l\\u00e4ser Edith S\\u00f6dergran\",\"album\":\"Edith S\\u00f6dergran\",\"year\":\"2019\",\"length_formatted\":\"0:37\"},\"image\":{\"src\":\"https:\/\/litteraturbanken.se\/ljudochbild\/wp-content\/uploads\/2019\/09\/wide_gub_wide-mp3-image.png\",\"width\":580,\"height\":612},\"thumb\":{\"src\":\"https:\/\/litteraturbanken.se\/ljudochbild\/wp-content\/uploads\/2019\/09\/wide_gub_wide-mp3-image-150x150.png\",\"width\":150,\"height\":150}},{\"src\":\"https:\/\/litteraturbanken.se\/ljudochbild\/wp-content\/uploads\/2019\/09\/sodergran_dagensvalnar_pleijel.mp3\",\"type\":\"audio\/mpeg\",\"title\":\"Dagen svalnar \\u2026\",\"caption\":\"\",\"description\":\"\\\"Dagen svalnar\\\" fr\\u00e5n Dagen svalnar av S\\u00f6dergran, Edith.\",\"meta\":{\"artist\":\"Agneta Pleijel l\\u00e4ser Edith S\\u00f6dergran\",\"album\":\"Edith S\\u00f6dergran\",\"length_formatted\":\"2:12\"},\"image\":{\"src\":\"https:\/\/litteraturbanken.se\/ljudochbild\/wp-content\/plugins\/media-library-assistant\/images\/crystal\/audio.png\",\"width\":48,\"height\":64},\"thumb\":{\"src\":\"https:\/\/litteraturbanken.se\/ljudochbild\/wp-content\/plugins\/media-library-assistant\/images\/crystal\/audio.png\",\"width\":48,\"height\":64}},{\"src\":\"https:\/\/litteraturbanken.se\/ljudochbild\/wp-content\/uploads\/2022\/11\/sodergran_dusomaldriggatturditttradgardsland_ekblad.mp3\",\"type\":\"audio\/mpeg\",\"title\":\"Du som aldrig g\\u00e5tt ut ur ditt tr\\u00e4dg\\u00e5rdsland ...\",\"caption\":\"\",\"description\":\"\\u201dDu som aldrig g\\u00e5tt ut ur ditt tr\\u00e4dg\\u00e5rdsland ...\\u201d fr\\u00e5n Edith S\\u00f6dergran av Stina Ekblad l\\u00e4ser dikter. Sl\\u00e4ppt: 2022.\",\"meta\":{\"artist\":\"Stina Ekblad l\\u00e4ser Edith S\\u00f6dergran\",\"album\":\"Edith S\\u00f6dergran\",\"year\":\"2022\",\"length_formatted\":\"0:49\"},\"image\":{\"src\":\"https:\/\/litteraturbanken.se\/ljudochbild\/wp-content\/uploads\/2019\/09\/wide_gub_wide-mp3-image.png\",\"width\":580,\"height\":612},\"thumb\":{\"src\":\"https:\/\/litteraturbanken.se\/ljudochbild\/wp-content\/uploads\/2019\/09\/wide_gub_wide-mp3-image-150x150.png\",\"width\":150,\"height\":150}},{\"src\":\"https:\/\/litteraturbanken.se\/ljudochbild\/wp-content\/uploads\/2019\/09\/sodergran_enonskan_mossaed.mp3\",\"type\":\"audio\/mpeg\",\"title\":\"En \\u00f6nskan\",\"caption\":\"\",\"description\":\"\\\"En \\u00f6nskan\\\" fr\\u00e5n Jila Mossaed l\\u00e4ser svenska klassiker av S\\u00f6dergran, Edith. Sl\\u00e4ppt: 2019. Sp\\u00e5r 18 av 22.\",\"meta\":{\"artist\":\"Jila Mossaed l\\u00e4ser Edith S\\u00f6dergran\",\"album\":\"Edith S\\u00f6dergran\",\"year\":\"2019\",\"length_formatted\":\"0:34\"},\"image\":{\"src\":\"https:\/\/litteraturbanken.se\/ljudochbild\/wp-content\/plugins\/media-library-assistant\/images\/crystal\/audio.png\",\"width\":48,\"height\":64},\"thumb\":{\"src\":\"https:\/\/litteraturbanken.se\/ljudochbild\/wp-content\/plugins\/media-library-assistant\/images\/crystal\/audio.png\",\"width\":48,\"height\":64}},{\"src\":\"https:\/\/litteraturbanken.se\/ljudochbild\/wp-content\/uploads\/2020\/01\/sodergran_framtidensskugga_espmark.mp3\",\"type\":\"audio\/mpeg\",\"title\":\"Framtidens skugga\",\"caption\":\"\",\"description\":\"\\\"Framtidens skugga\\\" fr\\u00e5n Kjell Espmark l\\u00e4ser svenska klassiker av S\\u00f6dergran, Edith. Sl\\u00e4ppt: 2019. Sp\\u00e5r 14 av 22.\",\"meta\":{\"artist\":\"Kjell Espmark l\\u00e4ser Edith S\\u00f6dergran\",\"album\":\"Edith S\\u00f6dergran\",\"year\":\"2019\",\"length_formatted\":\"0:56\"},\"image\":{\"src\":\"https:\/\/litteraturbanken.se\/ljudochbild\/wp-content\/uploads\/2019\/09\/wide_gub_wide-mp3-image.png\",\"width\":580,\"height\":612},\"thumb\":{\"src\":\"https:\/\/litteraturbanken.se\/ljudochbild\/wp-content\/uploads\/2019\/09\/wide_gub_wide-mp3-image-150x150.png\",\"width\":150,\"height\":150}},{\"src\":\"https:\/\/litteraturbanken.se\/ljudochbild\/wp-content\/uploads\/2022\/11\/sodergran_hostensdagar_ekblad.mp3\",\"type\":\"audio\/mpeg\",\"title\":\"H\\u00f6stens dagar\",\"caption\":\"\",\"description\":\"\\u201dH\\u00f6stens dagar\\u201d fr\\u00e5n Edith S\\u00f6dergran av Stina Ekblad l\\u00e4ser dikter. Sl\\u00e4ppt: 2022.\",\"meta\":{\"artist\":\"Stina Ekblad l\\u00e4ser Edith S\\u00f6dergran\",\"album\":\"Edith S\\u00f6dergran\",\"year\":\"2022\",\"length_formatted\":\"0:59\"},\"image\":{\"src\":\"https:\/\/litteraturbanken.se\/ljudochbild\/wp-content\/uploads\/2019\/09\/wide_gub_wide-mp3-image.png\",\"width\":580,\"height\":612},\"thumb\":{\"src\":\"https:\/\/litteraturbanken.se\/ljudochbild\/wp-content\/uploads\/2019\/09\/wide_gub_wide-mp3-image-150x150.png\",\"width\":150,\"height\":150}},{\"src\":\"https:\/\/litteraturbanken.se\/ljudochbild\/wp-content\/uploads\/2022\/11\/sodergran_ingenting_ekblad.mp3\",\"type\":\"audio\/mpeg\",\"title\":\"Ingenting\",\"caption\":\"\",\"description\":\"\\u201dIngenting\\u201d fr\\u00e5n Edith S\\u00f6dergran av Stina Ekblad l\\u00e4ser dikter. Sl\\u00e4ppt: 2022.\",\"meta\":{\"artist\":\"Stina Ekblad l\\u00e4ser Edith S\\u00f6dergran\",\"album\":\"Edith S\\u00f6dergran\",\"year\":\"2022\",\"length_formatted\":\"1:50\"},\"image\":{\"src\":\"https:\/\/litteraturbanken.se\/ljudochbild\/wp-content\/uploads\/2019\/09\/wide_gub_wide-mp3-image.png\",\"width\":580,\"height\":612},\"thumb\":{\"src\":\"https:\/\/litteraturbanken.se\/ljudochbild\/wp-content\/uploads\/2019\/09\/wide_gub_wide-mp3-image-150x150.png\",\"width\":150,\"height\":150}},{\"src\":\"https:\/\/litteraturbanken.se\/ljudochbild\/wp-content\/uploads\/2019\/09\/sodergran_jag_ekdahl.mp3\",\"type\":\"audio\/mpeg\",\"title\":\"Jag\",\"caption\":\"\",\"description\":\"\\\"Jag\\\" fr\\u00e5n Lina Ekdahl l\\u00e4ser svenska klassiker av S\\u00f6dergran, Edith. Sl\\u00e4ppt: 2019. Sp\\u00e5r 32 av 35.\",\"meta\":{\"artist\":\"Lina Ekdahl l\\u00e4ser Edith S\\u00f6dergran\",\"album\":\"Edith S\\u00f6dergran\",\"year\":\"2019\",\"length_formatted\":\"1:08\"},\"image\":{\"src\":\"https:\/\/litteraturbanken.se\/ljudochbild\/wp-content\/plugins\/media-library-assistant\/images\/crystal\/audio.png\",\"width\":48,\"height\":64},\"thumb\":{\"src\":\"https:\/\/litteraturbanken.se\/ljudochbild\/wp-content\/plugins\/media-library-assistant\/images\/crystal\/audio.png\",\"width\":48,\"height\":64}},{\"src\":\"https:\/\/litteraturbanken.se\/ljudochbild\/wp-content\/uploads\/2019\/09\/sodergran_landetsomickear_mossaed.mp3\",\"type\":\"audio\/mpeg\",\"title\":\"Landet som icke \\u00e4r\",\"caption\":\"\",\"description\":\"\\\"Landet som icke \\u00e4r\\\" fr\\u00e5n Jila Mossaed l\\u00e4ser svenska klassiker av S\\u00f6dergran, Edith. Sl\\u00e4ppt: 2019. Sp\\u00e5r 19 av 22.\",\"meta\":{\"artist\":\"Jila Mossaed l\\u00e4ser Edith S\\u00f6dergran\",\"album\":\"Edith S\\u00f6dergran\",\"year\":\"2019\",\"length_formatted\":\"2:04\"},\"image\":{\"src\":\"https:\/\/litteraturbanken.se\/ljudochbild\/wp-content\/uploads\/2019\/09\/lb_albumart.png\",\"width\":580,\"height\":612},\"thumb\":{\"src\":\"https:\/\/litteraturbanken.se\/ljudochbild\/wp-content\/uploads\/2019\/09\/lb_albumart-150x150.png\",\"width\":150,\"height\":150}},{\"src\":\"https:\/\/litteraturbanken.se\/ljudochbild\/wp-content\/uploads\/2020\/01\/sodergran_mysteriet_espmark.mp3\",\"type\":\"audio\/mpeg\",\"title\":\"Mysteriet\",\"caption\":\"\",\"description\":\"\\\"Mysteriet\\\" fr\\u00e5n Kjell Espmark l\\u00e4ser svenska klassiker av S\\u00f6dergran, Edith. Sl\\u00e4ppt: 2019. Sp\\u00e5r 15 av 22.\",\"meta\":{\"artist\":\"Kjell Espmark l\\u00e4ser Edith S\\u00f6dergran\",\"album\":\"Edith S\\u00f6dergran\",\"year\":\"2019\",\"length_formatted\":\"1:15\"},\"image\":{\"src\":\"https:\/\/litteraturbanken.se\/ljudochbild\/wp-content\/uploads\/2019\/09\/wide_gub_wide-mp3-image.png\",\"width\":580,\"height\":612},\"thumb\":{\"src\":\"https:\/\/litteraturbanken.se\/ljudochbild\/wp-content\/uploads\/2019\/09\/wide_gub_wide-mp3-image-150x150.png\",\"width\":150,\"height\":150}},{\"src\":\"https:\/\/litteraturbanken.se\/ljudochbild\/wp-content\/uploads\/2022\/11\/sodergran_manenshemlighet_ekblad.mp3\",\"type\":\"audio\/mpeg\",\"title\":\"M\\u00e5nens hemlighet\",\"caption\":\"\",\"description\":\"\\u201dM\\u00e5nens hemlighet\\u201d fr\\u00e5n Edith S\\u00f6dergran av Stina Ekblad l\\u00e4ser dikter. Sl\\u00e4ppt: 2022.\",\"meta\":{\"artist\":\"Stina Ekblad l\\u00e4ser Edith S\\u00f6dergran\",\"album\":\"Edith S\\u00f6dergran\",\"year\":\"2022\",\"length_formatted\":\"0:51\"},\"image\":{\"src\":\"https:\/\/litteraturbanken.se\/ljudochbild\/wp-content\/uploads\/2019\/09\/wide_gub_wide-mp3-image.png\",\"width\":580,\"height\":612},\"thumb\":{\"src\":\"https:\/\/litteraturbanken.se\/ljudochbild\/wp-content\/uploads\/2019\/09\/wide_gub_wide-mp3-image-150x150.png\",\"width\":150,\"height\":150}},{\"src\":\"https:\/\/litteraturbanken.se\/ljudochbild\/wp-content\/uploads\/2022\/11\/sodergran_prinsessan_ekblad.mp3\",\"type\":\"audio\/mpeg\",\"title\":\"Prinsessan\",\"caption\":\"\",\"description\":\"\\u201dPrinsessan\\u201d fr\\u00e5n Edith S\\u00f6dergran av Stina Ekblad l\\u00e4ser dikter. Sl\\u00e4ppt: 2022.\",\"meta\":{\"artist\":\"Stina Ekblad l\\u00e4ser Edith S\\u00f6dergran\",\"album\":\"Edith S\\u00f6dergran\",\"year\":\"2022\",\"length_formatted\":\"1:42\"},\"image\":{\"src\":\"https:\/\/litteraturbanken.se\/ljudochbild\/wp-content\/uploads\/2019\/09\/wide_gub_wide-mp3-image.png\",\"width\":580,\"height\":612},\"thumb\":{\"src\":\"https:\/\/litteraturbanken.se\/ljudochbild\/wp-content\/uploads\/2019\/09\/wide_gub_wide-mp3-image-150x150.png\",\"width\":150,\"height\":150}},{\"src\":\"https:\/\/litteraturbanken.se\/ljudochbild\/wp-content\/uploads\/2019\/09\/sodergran_smartan_engdahl.mp3\",\"type\":\"audio\/mpeg\",\"title\":\"Sm\\u00e4rtan\",\"caption\":\"\",\"description\":\"\\\"Sm\\u00e4rtan\\\" fr\\u00e5n Sm\\u00e4rtan av S\\u00f6dergran, Edith.\",\"meta\":{\"artist\":\"Horace Engdahl l\\u00e4ser Edith S\\u00f6dergran\",\"album\":\"Edith S\\u00f6dergran\",\"length_formatted\":\"2:15\"},\"image\":{\"src\":\"https:\/\/litteraturbanken.se\/ljudochbild\/wp-content\/plugins\/media-library-assistant\/images\/crystal\/audio.png\",\"width\":48,\"height\":64},\"thumb\":{\"src\":\"https:\/\/litteraturbanken.se\/ljudochbild\/wp-content\/plugins\/media-library-assistant\/images\/crystal\/audio.png\",\"width\":48,\"height\":64}},{\"src\":\"https:\/\/litteraturbanken.se\/ljudochbild\/wp-content\/uploads\/2019\/09\/sodergran_tradetiskogen_ekdahl.mp3\",\"type\":\"audio\/mpeg\",\"title\":\"Tr\\u00e4det i skogen\",\"caption\":\"\",\"description\":\"\\\"Tr\\u00e4det i skogen\\\" fr\\u00e5n Lina Ekdahl l\\u00e4ser svenska klassiker av S\\u00f6dergran, Edith. Sl\\u00e4ppt: 2019. Sp\\u00e5r 33 av 35.\",\"meta\":{\"artist\":\"Lina Ekdahl l\\u00e4ser Edith S\\u00f6dergran\",\"album\":\"Edith S\\u00f6dergran\",\"year\":\"2019\",\"length_formatted\":\"0:47\"},\"image\":{\"src\":\"https:\/\/litteraturbanken.se\/ljudochbild\/wp-content\/plugins\/media-library-assistant\/images\/crystal\/audio.png\",\"width\":48,\"height\":64},\"thumb\":{\"src\":\"https:\/\/litteraturbanken.se\/ljudochbild\/wp-content\/plugins\/media-library-assistant\/images\/crystal\/audio.png\",\"width\":48,\"height\":64}},{\"src\":\"https:\/\/litteraturbanken.se\/ljudochbild\/wp-content\/uploads\/2022\/11\/sodergran_varldenbadariblod_ekblad.mp3\",\"type\":\"audio\/mpeg\",\"title\":\"V\\u00e4rlden badar i blod ...\",\"caption\":\"\",\"description\":\"\\u201dV\\u00e4rlden badar i blod ...\\u201d fr\\u00e5n Edith S\\u00f6dergran av Stina Ekblad l\\u00e4ser dikter. Sl\\u00e4ppt: 2022.\",\"meta\":{\"artist\":\"Stina Ekblad l\\u00e4ser Edith S\\u00f6dergran\",\"album\":\"Edith S\\u00f6dergran\",\"year\":\"2022\",\"length_formatted\":\"1:34\"},\"image\":{\"src\":\"https:\/\/litteraturbanken.se\/ljudochbild\/wp-content\/uploads\/2019\/09\/wide_gub_wide-mp3-image.png\",\"width\":580,\"height\":612},\"thumb\":{\"src\":\"https:\/\/litteraturbanken.se\/ljudochbild\/wp-content\/uploads\/2019\/09\/wide_gub_wide-mp3-image-150x150.png\",\"width\":150,\"height\":150}},{\"src\":\"https:\/\/litteraturbanken.se\/ljudochbild\/wp-content\/uploads\/2019\/09\/sodergran_triumfattfinnastill_pleijel.mp3\",\"type\":\"audio\/mpeg\",\"title\":\"Triumf att finnas till\",\"caption\":\"\",\"description\":\"\\\"Triumf att finnas till\\\" fr\\u00e5n Triumf att finnas till av S\\u00f6dergran, Edith.\",\"meta\":{\"artist\":\"Agneta Pleijel l\\u00e4ser Edith S\\u00f6dergran\",\"album\":\"Edith S\\u00f6dergran\",\"length_formatted\":\"1:43\"},\"image\":{\"src\":\"https:\/\/litteraturbanken.se\/ljudochbild\/wp-content\/plugins\/media-library-assistant\/images\/crystal\/audio.png\",\"width\":48,\"height\":64},\"thumb\":{\"src\":\"https:\/\/litteraturbanken.se\/ljudochbild\/wp-content\/plugins\/media-library-assistant\/images\/crystal\/audio.png\",\"width\":48,\"height\":64}}]}<\/script>\n<\/div>\n\t\n\n\n\n<div style=\"height:1px\" aria-hidden=\"true\" class=\"wp-block-spacer\"><\/div>\n\n\n\n<h5 class=\"wp-block-heading\"><a href=\"https:\/\/litteraturbanken.se\/ljudochbild\/forfattare\/sodergrane\/\">H\u00d6R FLER EDITH S\u00d6DERGRAN-INL\u00c4SNINGAR H\u00c4R.<\/a><\/h5>\n\n\n\n<div style=\"height:20px\" aria-hidden=\"true\" class=\"wp-block-spacer\"><\/div>\n\n\n\n<figure class=\"wp-block-gallery has-nested-images columns-4 is-cropped wp-block-gallery-17 is-layout-flex wp-block-gallery-is-layout-flex\">\n<figure class=\"wp-block-image size-large\"><img loading=\"lazy\" decoding=\"async\" width=\"421\" height=\"550\" data-id=\"852\" src=\"https:\/\/litteraturbanken.se\/ljudochbild\/wp-content\/uploads\/2019\/08\/SodergranE_large.jpeg\" alt=\"\" class=\"wp-image-852\" srcset=\"https:\/\/litteraturbanken.se\/ljudochbild\/wp-content\/uploads\/2019\/08\/SodergranE_large.jpeg 421w, https:\/\/litteraturbanken.se\/ljudochbild\/wp-content\/uploads\/2019\/08\/SodergranE_large-230x300.jpeg 230w\" sizes=\"auto, (max-width: 421px) 100vw, 421px\" \/><\/figure>\n\n\n\n<figure class=\"wp-block-image size-large\"><img loading=\"lazy\" decoding=\"async\" width=\"600\" height=\"769\" data-id=\"9831\" src=\"https:\/\/litteraturbanken.se\/ljudochbild\/wp-content\/uploads\/2023\/09\/sodergran4.jpg\" alt=\"\" class=\"wp-image-9831\" srcset=\"https:\/\/litteraturbanken.se\/ljudochbild\/wp-content\/uploads\/2023\/09\/sodergran4.jpg 600w, https:\/\/litteraturbanken.se\/ljudochbild\/wp-content\/uploads\/2023\/09\/sodergran4-234x300.jpg 234w, https:\/\/litteraturbanken.se\/ljudochbild\/wp-content\/uploads\/2023\/09\/sodergran4-480x615.jpg 480w\" sizes=\"auto, (max-width: 600px) 100vw, 600px\" \/><\/figure>\n\n\n\n<figure class=\"wp-block-image size-large\"><img loading=\"lazy\" decoding=\"async\" width=\"600\" height=\"729\" data-id=\"9829\" src=\"https:\/\/litteraturbanken.se\/ljudochbild\/wp-content\/uploads\/2023\/09\/sodergran2.jpg\" alt=\"\" class=\"wp-image-9829\" srcset=\"https:\/\/litteraturbanken.se\/ljudochbild\/wp-content\/uploads\/2023\/09\/sodergran2.jpg 600w, https:\/\/litteraturbanken.se\/ljudochbild\/wp-content\/uploads\/2023\/09\/sodergran2-247x300.jpg 247w, https:\/\/litteraturbanken.se\/ljudochbild\/wp-content\/uploads\/2023\/09\/sodergran2-480x583.jpg 480w\" sizes=\"auto, (max-width: 600px) 100vw, 600px\" \/><\/figure>\n\n\n\n<figure class=\"wp-block-image size-large\"><img loading=\"lazy\" decoding=\"async\" width=\"600\" height=\"867\" data-id=\"9830\" src=\"https:\/\/litteraturbanken.se\/ljudochbild\/wp-content\/uploads\/2023\/09\/sodergran3.jpg\" alt=\"\" class=\"wp-image-9830\" srcset=\"https:\/\/litteraturbanken.se\/ljudochbild\/wp-content\/uploads\/2023\/09\/sodergran3.jpg 600w, https:\/\/litteraturbanken.se\/ljudochbild\/wp-content\/uploads\/2023\/09\/sodergran3-208x300.jpg 208w, https:\/\/litteraturbanken.se\/ljudochbild\/wp-content\/uploads\/2023\/09\/sodergran3-480x694.jpg 480w\" sizes=\"auto, (max-width: 600px) 100vw, 600px\" \/><\/figure>\n<\/figure>\n\n\n\n<div style=\"height:70px\" aria-hidden=\"true\" class=\"wp-block-spacer\"><\/div>\n\n\n\n<h2 class=\"wp-block-heading\">ANNA GRETA WIDE<\/h2>\n\n\n\n<div style=\"height:10px\" aria-hidden=\"true\" class=\"wp-block-spacer\"><\/div>\n\n\n<div class=\"wp-playlist wp-audio-playlist wp-playlist-light\">\n\t\t\t<div class=\"wp-playlist-current-item\"><\/div>\n\t\t<audio controls=\"controls\" preload=\"none\" width=\"618\"\n\t\t\t><\/audio>\n\t<div class=\"wp-playlist-next\"><\/div>\n\t<div class=\"wp-playlist-prev\"><\/div>\n\t<noscript>\n\t<ol>\n\t\t<li><a href='https:\/\/litteraturbanken.se\/ljudochbild\/wp-content\/uploads\/2019\/09\/wide_detarnagotmeddoden_1962_wide.mp3'>Det \u00e4r n\u00e5got med d\u00f6den<\/a><\/li><li><a href='https:\/\/litteraturbanken.se\/ljudochbild\/wp-content\/uploads\/2019\/09\/wide_vilkenardennatonart_1962_wide.mp3'>Vilken \u00e4r denna tonart<\/a><\/li><li><a href='https:\/\/litteraturbanken.se\/ljudochbild\/wp-content\/uploads\/2019\/09\/wide_jagartillfortvivlanled_1962_wide.mp3'>Jag \u00e4r till f\u00f6rtvivlan led<\/a><\/li><li><a href='https:\/\/litteraturbanken.se\/ljudochbild\/wp-content\/uploads\/2019\/09\/wide_bonhorelsen_1962_wide.mp3'>B\u00f6nh\u00f6relsen<\/a><\/li><li><a href='https:\/\/litteraturbanken.se\/ljudochbild\/wp-content\/uploads\/2020\/03\/wide_manmasteborjadarmanstar_1964_wide.mp3'>Man m\u00e5ste b\u00f6rja d\u00e4r man st\u00e5r<\/a><\/li><li><a href='https:\/\/litteraturbanken.se\/ljudochbild\/wp-content\/uploads\/2020\/03\/wide_overgemigaldrig_1964_wide.mp3'>\u00d6verge mig aldrig<\/a><\/li><li><a href='https:\/\/litteraturbanken.se\/ljudochbild\/wp-content\/uploads\/2019\/09\/wide_duardentystestoraren_1962_wide.mp3'>Du \u00e4r den tyste st\u00f6raren<\/a><\/li><li><a href='https:\/\/litteraturbanken.se\/ljudochbild\/wp-content\/uploads\/2020\/03\/wide_dettasomuppenbarade_1960_wide.mp3'>Detta som uppenbarade<\/a><\/li><li><a href='https:\/\/litteraturbanken.se\/ljudochbild\/wp-content\/uploads\/2020\/03\/wide_klaravag_1960_wide.mp3'>Klara v\u00e5g<\/a><\/li>\t<\/ol>\n\t<\/noscript>\n\t<script type=\"application\/json\" class=\"wp-playlist-script\">{\"type\":\"audio\",\"tracklist\":true,\"tracknumbers\":true,\"images\":true,\"artists\":true,\"tracks\":[{\"src\":\"https:\/\/litteraturbanken.se\/ljudochbild\/wp-content\/uploads\/2019\/09\/wide_detarnagotmeddoden_1962_wide.mp3\",\"type\":\"audio\/mpeg\",\"title\":\"Det \\u00e4r n\\u00e5got med d\\u00f6den\",\"caption\":\"\",\"description\":\"\\\"Det \\u00e4r n\\u00e5got med d\\u00f6den\\\" fr\\u00e5n Diktuppl\\u00e4sning den 10 november 1962 av Anna Greta Wide. Sp\\u00e5r 15 av 25.\",\"meta\":{\"artist\":\"Anna Greta Wide l\\u00e4ser egna dikter (1962)\",\"album\":\"Anna Greta Wide\"},\"image\":{\"src\":\"https:\/\/litteraturbanken.se\/ljudochbild\/wp-content\/uploads\/2019\/09\/wide_gub_wide-mp3-image.png\",\"width\":580,\"height\":612},\"thumb\":{\"src\":\"https:\/\/litteraturbanken.se\/ljudochbild\/wp-content\/uploads\/2019\/09\/wide_gub_wide-mp3-image-150x150.png\",\"width\":150,\"height\":150}},{\"src\":\"https:\/\/litteraturbanken.se\/ljudochbild\/wp-content\/uploads\/2019\/09\/wide_vilkenardennatonart_1962_wide.mp3\",\"type\":\"audio\/mpeg\",\"title\":\"Vilken \\u00e4r denna tonart\",\"caption\":\"\",\"description\":\"\\\"Vilken \\u00e4r denna tonart\\\" fr\\u00e5n Diktuppl\\u00e4sning den 10 november 1962 av Anna Greta Wide. Sp\\u00e5r 1 av 25.\",\"meta\":{\"artist\":\"Anna Greta Wide l\\u00e4ser egna dikter (1962)\",\"album\":\"Anna Greta Wide\"},\"image\":{\"src\":\"https:\/\/litteraturbanken.se\/ljudochbild\/wp-content\/uploads\/2019\/09\/wide_gub_wide-mp3-image.png\",\"width\":580,\"height\":612},\"thumb\":{\"src\":\"https:\/\/litteraturbanken.se\/ljudochbild\/wp-content\/uploads\/2019\/09\/wide_gub_wide-mp3-image-150x150.png\",\"width\":150,\"height\":150}},{\"src\":\"https:\/\/litteraturbanken.se\/ljudochbild\/wp-content\/uploads\/2019\/09\/wide_jagartillfortvivlanled_1962_wide.mp3\",\"type\":\"audio\/mpeg\",\"title\":\"Jag \\u00e4r till f\\u00f6rtvivlan led\",\"caption\":\"\",\"description\":\"\\\"Jag \\u00e4r till f\\u00f6rtvivlan led\\\" fr\\u00e5n Diktuppl\\u00e4sning den 10 november 1962 av Anna Greta Wide. Sp\\u00e5r 8 av 25.\",\"meta\":{\"artist\":\"Anna Greta Wide l\\u00e4ser egna dikter (1962)\",\"album\":\"Anna Greta Wide\"},\"image\":{\"src\":\"https:\/\/litteraturbanken.se\/ljudochbild\/wp-content\/uploads\/2019\/09\/wide_gub_wide-mp3-image.png\",\"width\":580,\"height\":612},\"thumb\":{\"src\":\"https:\/\/litteraturbanken.se\/ljudochbild\/wp-content\/uploads\/2019\/09\/wide_gub_wide-mp3-image-150x150.png\",\"width\":150,\"height\":150}},{\"src\":\"https:\/\/litteraturbanken.se\/ljudochbild\/wp-content\/uploads\/2019\/09\/wide_bonhorelsen_1962_wide.mp3\",\"type\":\"audio\/mpeg\",\"title\":\"B\\u00f6nh\\u00f6relsen\",\"caption\":\"\",\"description\":\"\\\"B\\u00f6nh\\u00f6relsen\\\" fr\\u00e5n Diktuppl\\u00e4sning den 10 november 1962 av Anna Greta Wide. Sp\\u00e5r 14 av 25.\",\"meta\":{\"artist\":\"Anna Greta Wide l\\u00e4ser egna dikter (1962)\",\"album\":\"Anna Greta Wide\"},\"image\":{\"src\":\"https:\/\/litteraturbanken.se\/ljudochbild\/wp-content\/uploads\/2019\/09\/wide_gub_wide-mp3-image.png\",\"width\":580,\"height\":612},\"thumb\":{\"src\":\"https:\/\/litteraturbanken.se\/ljudochbild\/wp-content\/uploads\/2019\/09\/wide_gub_wide-mp3-image-150x150.png\",\"width\":150,\"height\":150}},{\"src\":\"https:\/\/litteraturbanken.se\/ljudochbild\/wp-content\/uploads\/2020\/03\/wide_manmasteborjadarmanstar_1964_wide.mp3\",\"type\":\"audio\/mpeg\",\"title\":\"Man m\\u00e5ste b\\u00f6rja d\\u00e4r man st\\u00e5r\",\"caption\":\"\",\"description\":\"\\\"Man m\\u00e5ste b\\u00f6rja d\\u00e4r man st\\u00e5r\\\" fr\\u00e5n Anna Greta Wide l\\u00e4ser dikter i Den fr\\u00e4mmande musiken 1963 av Wide, Anna Greta. Sl\\u00e4ppt: 1963. Sp\\u00e5r 8.\",\"meta\":{\"artist\":\"Anna Greta Wide l\\u00e4ser dikter i Den fr\\u00e4mmande musiken 1963\",\"album\":\"Anna Greta Wide\",\"year\":\"1964\",\"length_formatted\":\"1:29\"},\"image\":{\"src\":\"https:\/\/litteraturbanken.se\/ljudochbild\/wp-content\/uploads\/2019\/09\/wide_gub_wide-mp3-image.png\",\"width\":580,\"height\":612},\"thumb\":{\"src\":\"https:\/\/litteraturbanken.se\/ljudochbild\/wp-content\/uploads\/2019\/09\/wide_gub_wide-mp3-image-150x150.png\",\"width\":150,\"height\":150}},{\"src\":\"https:\/\/litteraturbanken.se\/ljudochbild\/wp-content\/uploads\/2020\/03\/wide_overgemigaldrig_1964_wide.mp3\",\"type\":\"audio\/mpeg\",\"title\":\"\\u00d6verge mig aldrig\",\"caption\":\"\",\"description\":\"\\\"\\u00d6verge mig aldrig\\\" fr\\u00e5n Anna Greta Wide l\\u00e4ser dikter i Den fr\\u00e4mmande musiken 1963 av Wide, Anna Greta. Sl\\u00e4ppt: 1963. Sp\\u00e5r 2.\",\"meta\":{\"artist\":\"Anna Greta Wide l\\u00e4ser dikter i Den fr\\u00e4mmande musiken 1963\",\"album\":\"Anna Greta Wide\",\"year\":\"1964\",\"length_formatted\":\"1:06\"},\"image\":{\"src\":\"https:\/\/litteraturbanken.se\/ljudochbild\/wp-content\/uploads\/2019\/09\/wide_gub_wide-mp3-image.png\",\"width\":580,\"height\":612},\"thumb\":{\"src\":\"https:\/\/litteraturbanken.se\/ljudochbild\/wp-content\/uploads\/2019\/09\/wide_gub_wide-mp3-image-150x150.png\",\"width\":150,\"height\":150}},{\"src\":\"https:\/\/litteraturbanken.se\/ljudochbild\/wp-content\/uploads\/2019\/09\/wide_duardentystestoraren_1962_wide.mp3\",\"type\":\"audio\/mpeg\",\"title\":\"Du \\u00e4r den tyste st\\u00f6raren\",\"caption\":\"\",\"description\":\"\\\"Du \\u00e4r den tyste st\\u00f6raren\\\" fr\\u00e5n Diktuppl\\u00e4sning den 10 november 1962 av Anna Greta Wide. Sp\\u00e5r 9 av 25.\",\"meta\":{\"artist\":\"Anna Greta Wide l\\u00e4ser egna dikter (1962)\",\"album\":\"Anna Greta Wide\"},\"image\":{\"src\":\"https:\/\/litteraturbanken.se\/ljudochbild\/wp-content\/uploads\/2019\/09\/wide_gub_wide-mp3-image.png\",\"width\":580,\"height\":612},\"thumb\":{\"src\":\"https:\/\/litteraturbanken.se\/ljudochbild\/wp-content\/uploads\/2019\/09\/wide_gub_wide-mp3-image-150x150.png\",\"width\":150,\"height\":150}},{\"src\":\"https:\/\/litteraturbanken.se\/ljudochbild\/wp-content\/uploads\/2020\/03\/wide_dettasomuppenbarade_1960_wide.mp3\",\"type\":\"audio\/mpeg\",\"title\":\"Detta som uppenbarade\",\"caption\":\"\",\"description\":\"\\\"Detta som uppenbarade\\\" fr\\u00e5n Anna Greta Wide l\\u00e4ser dikter i Lyriskt forum 1960 av Wide, Anna Greta. Sl\\u00e4ppt: 1960. Sp\\u00e5r 5.\",\"meta\":{\"artist\":\"Anna Greta Wide l\\u00e4ser dikter i Lyriskt forum 1960\",\"album\":\"Anna Greta Wide\",\"year\":\"1960\",\"length_formatted\":\"0:32\"},\"image\":{\"src\":\"https:\/\/litteraturbanken.se\/ljudochbild\/wp-content\/uploads\/2019\/09\/wide_gub_wide-mp3-image.png\",\"width\":580,\"height\":612},\"thumb\":{\"src\":\"https:\/\/litteraturbanken.se\/ljudochbild\/wp-content\/uploads\/2019\/09\/wide_gub_wide-mp3-image-150x150.png\",\"width\":150,\"height\":150}},{\"src\":\"https:\/\/litteraturbanken.se\/ljudochbild\/wp-content\/uploads\/2020\/03\/wide_klaravag_1960_wide.mp3\",\"type\":\"audio\/mpeg\",\"title\":\"Klara v\\u00e5g\",\"caption\":\"\",\"description\":\"\\\"Klara v\\u00e5g\\\" fr\\u00e5n Anna Greta Wide l\\u00e4ser dikter i Lyriskt forum 1960 av Wide, Anna Greta. Sl\\u00e4ppt: 1960. Sp\\u00e5r 7.\",\"meta\":{\"artist\":\"Anna Greta Wide l\\u00e4ser dikter i Lyriskt forum 1960\",\"album\":\"Anna Greta Wide\",\"year\":\"1960\",\"length_formatted\":\"0:43\"},\"image\":{\"src\":\"https:\/\/litteraturbanken.se\/ljudochbild\/wp-content\/uploads\/2019\/09\/wide_gub_wide-mp3-image.png\",\"width\":580,\"height\":612},\"thumb\":{\"src\":\"https:\/\/litteraturbanken.se\/ljudochbild\/wp-content\/uploads\/2019\/09\/wide_gub_wide-mp3-image-150x150.png\",\"width\":150,\"height\":150}}]}<\/script>\n<\/div>\n\t\n\n\n\n<div style=\"height:1px\" aria-hidden=\"true\" class=\"wp-block-spacer\"><\/div>\n\n\n\n<h5 class=\"wp-block-heading\"><a href=\"https:\/\/litteraturbanken.se\/ljudochbild\/forfattare\/wideag\/\">H\u00d6R FLER ANNA GRETA WIDE-INL\u00c4SNINGAR H\u00c4R.<\/a><\/h5>\n\n\n\n<div style=\"height:20px\" aria-hidden=\"true\" class=\"wp-block-spacer\"><\/div>\n\n\n\n<figure class=\"wp-block-gallery has-nested-images columns-4 is-cropped wp-block-gallery-18 is-layout-flex wp-block-gallery-is-layout-flex\">\n<figure class=\"wp-block-image size-large\"><img loading=\"lazy\" decoding=\"async\" width=\"1200\" height=\"1525\" data-id=\"6377\" src=\"https:\/\/litteraturbanken.se\/ljudochbild\/wp-content\/uploads\/2022\/01\/wide_svampexkursion_vinjett.jpg\" alt=\"\" class=\"wp-image-6377\" srcset=\"https:\/\/litteraturbanken.se\/ljudochbild\/wp-content\/uploads\/2022\/01\/wide_svampexkursion_vinjett.jpg 1200w, https:\/\/litteraturbanken.se\/ljudochbild\/wp-content\/uploads\/2022\/01\/wide_svampexkursion_vinjett-236x300.jpg 236w, https:\/\/litteraturbanken.se\/ljudochbild\/wp-content\/uploads\/2022\/01\/wide_svampexkursion_vinjett-806x1024.jpg 806w, https:\/\/litteraturbanken.se\/ljudochbild\/wp-content\/uploads\/2022\/01\/wide_svampexkursion_vinjett-768x976.jpg 768w, https:\/\/litteraturbanken.se\/ljudochbild\/wp-content\/uploads\/2022\/01\/wide_svampexkursion_vinjett-480x610.jpg 480w\" sizes=\"auto, (max-width: 1200px) 100vw, 1200px\" \/><\/figure>\n\n\n\n<figure class=\"wp-block-image size-large\"><img loading=\"lazy\" decoding=\"async\" width=\"600\" height=\"613\" data-id=\"9833\" src=\"https:\/\/litteraturbanken.se\/ljudochbild\/wp-content\/uploads\/2023\/09\/wide1.jpg\" alt=\"\" class=\"wp-image-9833\" srcset=\"https:\/\/litteraturbanken.se\/ljudochbild\/wp-content\/uploads\/2023\/09\/wide1.jpg 600w, https:\/\/litteraturbanken.se\/ljudochbild\/wp-content\/uploads\/2023\/09\/wide1-294x300.jpg 294w, https:\/\/litteraturbanken.se\/ljudochbild\/wp-content\/uploads\/2023\/09\/wide1-480x490.jpg 480w\" sizes=\"auto, (max-width: 600px) 100vw, 600px\" \/><\/figure>\n\n\n\n<figure class=\"wp-block-image size-large\"><img loading=\"lazy\" decoding=\"async\" width=\"2000\" height=\"2215\" data-id=\"7661\" src=\"https:\/\/litteraturbanken.se\/ljudochbild\/wp-content\/uploads\/2022\/09\/wide_64.jpg\" alt=\"\" class=\"wp-image-7661\" srcset=\"https:\/\/litteraturbanken.se\/ljudochbild\/wp-content\/uploads\/2022\/09\/wide_64.jpg 2000w, https:\/\/litteraturbanken.se\/ljudochbild\/wp-content\/uploads\/2022\/09\/wide_64-271x300.jpg 271w, https:\/\/litteraturbanken.se\/ljudochbild\/wp-content\/uploads\/2022\/09\/wide_64-925x1024.jpg 925w, https:\/\/litteraturbanken.se\/ljudochbild\/wp-content\/uploads\/2022\/09\/wide_64-768x851.jpg 768w, https:\/\/litteraturbanken.se\/ljudochbild\/wp-content\/uploads\/2022\/09\/wide_64-1387x1536.jpg 1387w, https:\/\/litteraturbanken.se\/ljudochbild\/wp-content\/uploads\/2022\/09\/wide_64-1849x2048.jpg 1849w, https:\/\/litteraturbanken.se\/ljudochbild\/wp-content\/uploads\/2022\/09\/wide_64-480x532.jpg 480w\" sizes=\"auto, (max-width: 2000px) 100vw, 2000px\" \/><\/figure>\n\n\n\n<figure class=\"wp-block-image size-large\"><img loading=\"lazy\" decoding=\"async\" width=\"600\" height=\"823\" data-id=\"9834\" src=\"https:\/\/litteraturbanken.se\/ljudochbild\/wp-content\/uploads\/2023\/09\/wide3.jpg\" alt=\"\" class=\"wp-image-9834\" srcset=\"https:\/\/litteraturbanken.se\/ljudochbild\/wp-content\/uploads\/2023\/09\/wide3.jpg 600w, https:\/\/litteraturbanken.se\/ljudochbild\/wp-content\/uploads\/2023\/09\/wide3-219x300.jpg 219w, https:\/\/litteraturbanken.se\/ljudochbild\/wp-content\/uploads\/2023\/09\/wide3-480x658.jpg 480w\" sizes=\"auto, (max-width: 600px) 100vw, 600px\" \/><\/figure>\n<\/figure>\n","protected":false},"excerpt":{"rendered":"<p>Nedanf\u00f6r finner du ett litet smakprov p\u00e5 Litteraturbankens ljudsamlingar. H\u00e4r listar vi i huvudsak historiska inl\u00e4sningar av f\u00f6rfattarna sj\u00e4lva, men h\u00e4r l\u00e4r du ocks\u00e5 st\u00f6ta p\u00e5 samtida inl\u00e4sare som Dan Berglund, Stina Ekblad och Agneta Pleijel. Vill du [&hellip;]<\/p>\n","protected":false},"author":5,"featured_media":0,"parent":0,"menu_order":0,"comment_status":"closed","ping_status":"closed","template":"","meta":{"footnotes":""},"class_list":["post-9744","page","type-page","status-publish","hentry"],"yoast_head":"<!-- This site is optimized with the Yoast SEO plugin v27.1.1 - https:\/\/yoast.com\/product\/yoast-seo-wordpress\/ -->\n<title>Lyssna p\u00e5 Litteraturbanken - Ljud &amp; Bild<\/title>\n<meta name=\"robots\" content=\"noindex, follow\" \/>\n<meta property=\"og:locale\" content=\"sv_SE\" \/>\n<meta property=\"og:type\" content=\"article\" \/>\n<meta property=\"og:title\" content=\"Lyssna p\u00e5 Litteraturbanken - Ljud &amp; Bild\" \/>\n<meta property=\"og:description\" content=\"Nedanf\u00f6r finner du ett litet smakprov p\u00e5 Litteraturbankens ljudsamlingar. H\u00e4r listar vi i huvudsak historiska inl\u00e4sningar av f\u00f6rfattarna sj\u00e4lva, men h\u00e4r l\u00e4r du ocks\u00e5 st\u00f6ta p\u00e5 samtida inl\u00e4sare som Dan Berglund, Stina Ekblad och Agneta Pleijel. Vill du [&hellip;]\" \/>\n<meta property=\"og:url\" content=\"https:\/\/litteraturbanken.se\/ljudochbild\/lyssna\/\" \/>\n<meta property=\"og:site_name\" content=\"Ljud &amp; Bild\" \/>\n<meta property=\"article:publisher\" content=\"https:\/\/www.facebook.com\/Litteraturbanken.se\" \/>\n<meta property=\"article:modified_time\" content=\"2023-12-13T14:41:21+00:00\" \/>\n<meta property=\"og:image\" content=\"https:\/\/litteraturbanken.se\/ljudochbild\/wp-content\/uploads\/2023\/09\/aspenstrom1.jpg\" \/>\n<meta name=\"twitter:card\" content=\"summary_large_image\" \/>\n<meta name=\"twitter:site\" content=\"@litteraturbank\" \/>\n<meta name=\"twitter:label1\" content=\"Ber\u00e4knad l\u00e4stid\" \/>\n\t<meta name=\"twitter:data1\" content=\"16 minuter\" \/>\n<script type=\"application\/ld+json\" class=\"yoast-schema-graph\">{\"@context\":\"https:\/\/schema.org\",\"@graph\":[{\"@type\":\"WebPage\",\"@id\":\"https:\/\/litteraturbanken.se\/ljudochbild\/lyssna\/\",\"url\":\"https:\/\/litteraturbanken.se\/ljudochbild\/lyssna\/\",\"name\":\"Lyssna p\u00e5 Litteraturbanken - Ljud &amp; Bild\",\"isPartOf\":{\"@id\":\"https:\/\/litteraturbanken.se\/ljudochbild\/#website\"},\"primaryImageOfPage\":{\"@id\":\"https:\/\/litteraturbanken.se\/ljudochbild\/lyssna\/#primaryimage\"},\"image\":{\"@id\":\"https:\/\/litteraturbanken.se\/ljudochbild\/lyssna\/#primaryimage\"},\"thumbnailUrl\":\"https:\/\/litteraturbanken.se\/ljudochbild\/wp-content\/uploads\/2023\/09\/aspenstrom1.jpg\",\"datePublished\":\"2023-09-25T14:34:15+00:00\",\"dateModified\":\"2023-12-13T14:41:21+00:00\",\"breadcrumb\":{\"@id\":\"https:\/\/litteraturbanken.se\/ljudochbild\/lyssna\/#breadcrumb\"},\"inLanguage\":\"sv-SE\",\"potentialAction\":[{\"@type\":\"ReadAction\",\"target\":[\"https:\/\/litteraturbanken.se\/ljudochbild\/lyssna\/\"]}]},{\"@type\":\"ImageObject\",\"inLanguage\":\"sv-SE\",\"@id\":\"https:\/\/litteraturbanken.se\/ljudochbild\/lyssna\/#primaryimage\",\"url\":\"https:\/\/litteraturbanken.se\/ljudochbild\/wp-content\/uploads\/2023\/09\/aspenstrom1.jpg\",\"contentUrl\":\"https:\/\/litteraturbanken.se\/ljudochbild\/wp-content\/uploads\/2023\/09\/aspenstrom1.jpg\",\"width\":600,\"height\":821},{\"@type\":\"BreadcrumbList\",\"@id\":\"https:\/\/litteraturbanken.se\/ljudochbild\/lyssna\/#breadcrumb\",\"itemListElement\":[{\"@type\":\"ListItem\",\"position\":1,\"name\":\"Hem\",\"item\":\"https:\/\/litteraturbanken.se\/ljudochbild\/\"},{\"@type\":\"ListItem\",\"position\":2,\"name\":\"Lyssna p\u00e5 Litteraturbanken\"}]},{\"@type\":\"WebSite\",\"@id\":\"https:\/\/litteraturbanken.se\/ljudochbild\/#website\",\"url\":\"https:\/\/litteraturbanken.se\/ljudochbild\/\",\"name\":\"Ljud & Bild\",\"description\":\"Ur Litteraturbankens samlingar\",\"potentialAction\":[{\"@type\":\"SearchAction\",\"target\":{\"@type\":\"EntryPoint\",\"urlTemplate\":\"https:\/\/litteraturbanken.se\/ljudochbild\/?s={search_term_string}\"},\"query-input\":{\"@type\":\"PropertyValueSpecification\",\"valueRequired\":true,\"valueName\":\"search_term_string\"}}],\"inLanguage\":\"sv-SE\"}]}<\/script>\n<!-- \/ Yoast SEO plugin. -->","yoast_head_json":{"title":"Lyssna p\u00e5 Litteraturbanken - Ljud &amp; Bild","robots":{"index":"noindex","follow":"follow"},"og_locale":"sv_SE","og_type":"article","og_title":"Lyssna p\u00e5 Litteraturbanken - Ljud &amp; Bild","og_description":"Nedanf\u00f6r finner du ett litet smakprov p\u00e5 Litteraturbankens ljudsamlingar. H\u00e4r listar vi i huvudsak historiska inl\u00e4sningar av f\u00f6rfattarna sj\u00e4lva, men h\u00e4r l\u00e4r du ocks\u00e5 st\u00f6ta p\u00e5 samtida inl\u00e4sare som Dan Berglund, Stina Ekblad och Agneta Pleijel. Vill du [&hellip;]","og_url":"https:\/\/litteraturbanken.se\/ljudochbild\/lyssna\/","og_site_name":"Ljud &amp; Bild","article_publisher":"https:\/\/www.facebook.com\/Litteraturbanken.se","article_modified_time":"2023-12-13T14:41:21+00:00","og_image":[{"url":"https:\/\/litteraturbanken.se\/ljudochbild\/wp-content\/uploads\/2023\/09\/aspenstrom1.jpg","type":"","width":"","height":""}],"twitter_card":"summary_large_image","twitter_site":"@litteraturbank","twitter_misc":{"Ber\u00e4knad l\u00e4stid":"16 minuter"},"schema":{"@context":"https:\/\/schema.org","@graph":[{"@type":"WebPage","@id":"https:\/\/litteraturbanken.se\/ljudochbild\/lyssna\/","url":"https:\/\/litteraturbanken.se\/ljudochbild\/lyssna\/","name":"Lyssna p\u00e5 Litteraturbanken - Ljud &amp; Bild","isPartOf":{"@id":"https:\/\/litteraturbanken.se\/ljudochbild\/#website"},"primaryImageOfPage":{"@id":"https:\/\/litteraturbanken.se\/ljudochbild\/lyssna\/#primaryimage"},"image":{"@id":"https:\/\/litteraturbanken.se\/ljudochbild\/lyssna\/#primaryimage"},"thumbnailUrl":"https:\/\/litteraturbanken.se\/ljudochbild\/wp-content\/uploads\/2023\/09\/aspenstrom1.jpg","datePublished":"2023-09-25T14:34:15+00:00","dateModified":"2023-12-13T14:41:21+00:00","breadcrumb":{"@id":"https:\/\/litteraturbanken.se\/ljudochbild\/lyssna\/#breadcrumb"},"inLanguage":"sv-SE","potentialAction":[{"@type":"ReadAction","target":["https:\/\/litteraturbanken.se\/ljudochbild\/lyssna\/"]}]},{"@type":"ImageObject","inLanguage":"sv-SE","@id":"https:\/\/litteraturbanken.se\/ljudochbild\/lyssna\/#primaryimage","url":"https:\/\/litteraturbanken.se\/ljudochbild\/wp-content\/uploads\/2023\/09\/aspenstrom1.jpg","contentUrl":"https:\/\/litteraturbanken.se\/ljudochbild\/wp-content\/uploads\/2023\/09\/aspenstrom1.jpg","width":600,"height":821},{"@type":"BreadcrumbList","@id":"https:\/\/litteraturbanken.se\/ljudochbild\/lyssna\/#breadcrumb","itemListElement":[{"@type":"ListItem","position":1,"name":"Hem","item":"https:\/\/litteraturbanken.se\/ljudochbild\/"},{"@type":"ListItem","position":2,"name":"Lyssna p\u00e5 Litteraturbanken"}]},{"@type":"WebSite","@id":"https:\/\/litteraturbanken.se\/ljudochbild\/#website","url":"https:\/\/litteraturbanken.se\/ljudochbild\/","name":"Ljud & Bild","description":"Ur Litteraturbankens samlingar","potentialAction":[{"@type":"SearchAction","target":{"@type":"EntryPoint","urlTemplate":"https:\/\/litteraturbanken.se\/ljudochbild\/?s={search_term_string}"},"query-input":{"@type":"PropertyValueSpecification","valueRequired":true,"valueName":"search_term_string"}}],"inLanguage":"sv-SE"}]}},"_links":{"self":[{"href":"https:\/\/litteraturbanken.se\/ljudochbild\/wp-json\/wp\/v2\/pages\/9744","targetHints":{"allow":["GET"]}}],"collection":[{"href":"https:\/\/litteraturbanken.se\/ljudochbild\/wp-json\/wp\/v2\/pages"}],"about":[{"href":"https:\/\/litteraturbanken.se\/ljudochbild\/wp-json\/wp\/v2\/types\/page"}],"author":[{"embeddable":true,"href":"https:\/\/litteraturbanken.se\/ljudochbild\/wp-json\/wp\/v2\/users\/5"}],"replies":[{"embeddable":true,"href":"https:\/\/litteraturbanken.se\/ljudochbild\/wp-json\/wp\/v2\/comments?post=9744"}],"version-history":[{"count":77,"href":"https:\/\/litteraturbanken.se\/ljudochbild\/wp-json\/wp\/v2\/pages\/9744\/revisions"}],"predecessor-version":[{"id":10339,"href":"https:\/\/litteraturbanken.se\/ljudochbild\/wp-json\/wp\/v2\/pages\/9744\/revisions\/10339"}],"wp:attachment":[{"href":"https:\/\/litteraturbanken.se\/ljudochbild\/wp-json\/wp\/v2\/media?parent=9744"}],"curies":[{"name":"wp","href":"https:\/\/api.w.org\/{rel}","templated":true}]}}