{"id":3582,"date":"2018-07-19T12:36:00","date_gmt":"2018-07-19T10:36:00","guid":{"rendered":"https:\/\/litteraturbanken.se\/skoladev\/?page_id=3582"},"modified":"2020-03-09T16:17:28","modified_gmt":"2020-03-09T15:17:28","slug":"poesi-forfattare-edith-sodergran-om","status":"publish","type":"page","link":"https:\/\/litteraturbanken.se\/skolan\/poesi-forfattare-edith-sodergran-om\/","title":{"rendered":"Poesi\/F\u00f6rfattare\/Edith S\u00f6dergran\/Mer om"},"content":{"rendered":"\t\t<div data-elementor-type=\"wp-post\" data-elementor-id=\"3582\" class=\"elementor elementor-3582\">\n\t\t\t\t\t\t<section class=\"elementor-section elementor-top-section elementor-element elementor-element-c9f3bb2 elementor-section-full_width elementor-section-height-default elementor-section-height-default\" data-id=\"c9f3bb2\" data-element_type=\"section\" data-e-type=\"section\" data-settings=\"{&quot;background_background&quot;:&quot;classic&quot;}\">\n\t\t\t\t\t\t<div class=\"elementor-container elementor-column-gap-default\">\n\t\t\t\t\t<div class=\"elementor-column elementor-col-25 elementor-top-column elementor-element elementor-element-d640e4e\" data-id=\"d640e4e\" data-element_type=\"column\" data-e-type=\"column\">\n\t\t\t<div class=\"elementor-widget-wrap\">\n\t\t\t\t\t\t\t<\/div>\n\t\t<\/div>\n\t\t\t\t<div class=\"elementor-column elementor-col-25 elementor-top-column elementor-element elementor-element-3aa142a\" data-id=\"3aa142a\" data-element_type=\"column\" data-e-type=\"column\" data-settings=\"{&quot;background_background&quot;:&quot;classic&quot;}\">\n\t\t\t<div class=\"elementor-widget-wrap elementor-element-populated\">\n\t\t\t\t\t\t<div class=\"elementor-element elementor-element-3128f36 elementor-widget elementor-widget-spacer\" data-id=\"3128f36\" data-element_type=\"widget\" data-e-type=\"widget\" data-widget_type=\"spacer.default\">\n\t\t\t\t<div class=\"elementor-widget-container\">\n\t\t\t\t\t\t\t<div class=\"elementor-spacer\">\n\t\t\t<div class=\"elementor-spacer-inner\"><\/div>\n\t\t<\/div>\n\t\t\t\t\t\t<\/div>\n\t\t\t\t<\/div>\n\t\t\t\t<div class=\"elementor-element elementor-element-785d970 elementor-widget elementor-widget-text-editor\" data-id=\"785d970\" data-element_type=\"widget\" data-e-type=\"widget\" data-widget_type=\"text-editor.default\">\n\t\t\t\t<div class=\"elementor-widget-container\">\n\t\t\t\t\t\t\t\t\t<h1 class=\"elementor-heading-title elementor-size-default\">Edith S\u00f6dergran<\/h1>\t\t\t\t\t\t\t\t<\/div>\n\t\t\t\t<\/div>\n\t\t\t\t<div class=\"elementor-element elementor-element-43623ff elementor-widget elementor-widget-text-editor\" data-id=\"43623ff\" data-element_type=\"widget\" data-e-type=\"widget\" data-widget_type=\"text-editor.default\">\n\t\t\t\t<div class=\"elementor-widget-container\">\n\t\t\t\t\t\t\t\t\t<div class=\"ng-binding\"><div class=\"ng-binding\"><div class=\"ng-binding\"><div class=\"ng-binding\"><p><em>EDITH S\u00d6DERGRAN (1892\u20131923) kom till v\u00e4rlden i Sankt Petersburg och b\u00f6rjade redan tidigt skriva dikt, d\u00e5 bunden p\u00e5\u00a0rim\u00a0och meter och skriven p\u00e5 skolspr\u00e5ket tyska. <\/em><\/p><p><em>D\u00e5 hon var femton \u00e5r gammal dog hennes far i tuberkulos; en sjukdom som ocks\u00e5 strax d\u00e4refter fick sitt grepp om henne. L\u00e5nga vistelser p\u00e5 sanatorier i Finland och Schweiz f\u00f6ljde, men med revolutionen 1917 f\u00f6rsvann familjens pengar och S\u00f6dergran kom att bo med sin mor, under sv\u00e5ra f\u00f6rh\u00e5llanden, i byn Raivola p\u00e5 Karelska n\u00e4set. Hon hade d\u00e5 redan debuterat med samlingen\u00a0Dikter\u00a0(1916) pr\u00e4glad av ett m\u00e5leriskt spr\u00e5k st\u00f6pt i den <a href=\"https:\/\/litteraturbanken.se\/skolan\/termer-och-begrepp\/\">fria<\/a>, associativa versens form. N\u00e5gon st\u00f6rre uppm\u00e4rksamhet r\u00f6nte verket inte. <\/em><\/p><p>Hennes andra diktsamling \u2013\u00a0<i>Septemberlyran<\/i>\u00a0\u2013 utkom 1918 och var, enligt S\u00f6dergran sj\u00e4lv, avsedd \u201dendast f\u00f6r de f\u00e5 individer som st\u00e5 n\u00e4rmast framtidens gr\u00e4ns\u201d. Kraften i hennes visioner gick de flesta l\u00e4sare f\u00f6rbi, och samlingen har ocks\u00e5 ryktbarhet som den om vilken den f\u00f6rsta debatten om obegriplig svensk lyrik kom att handla.<\/p><p>Diktsamlingen\u00a0<i>Rosenaltaret<\/i>\u00a0(1919) f\u00e4rgas av v\u00e4nskapen med f\u00f6rfattaren Hagar Olsson i vilken S\u00f6dergran fann en fr\u00e4nde och v\u00e4pnare i kampen f\u00f6r den nya dikten. Samma \u00e5r kom aforismsamlingen\u00a0<i>Brokiga iakttagelser<\/i>\u00a0d\u00e4r en dr\u00f6m om en ny och b\u00e4ttre m\u00e4nniska f\u00e4sts i k\u00e4rnfulla tankekorn. Diktsamlingen\u00a0<i>Framtidens skugga<\/i>\u00a0(1920) pr\u00e4glas av kriget; Raivola hade varit en krigszon och S\u00f6dergran hade levt n\u00e4ra f\u00f6r\u00f6delse och sk\u00f6vling. Hennes uttryck \u00e4r h\u00e4r starkt, kosmiskt svepande och vision\u00e4rt. Den nietzscheanska \u00f6verm\u00e4nniskan skall bringa nyordning och styrka till v\u00e4rlden.<\/p><p>Under de sista \u00e5ren av sitt liv skrev S\u00f6dergran endast under en kort period, n\u00e5gra m\u00e5nader f\u00f6re sin d\u00f6d. De sista dikterna, samt ett urval tidigare ej publicerad lyrik, utgavs posthumt av Hagar Olsson i samlingen\u00a0<i>Landet som icke \u00e4r<\/i>\u00a0(1925).<\/p><\/div><div class=\"introauthor\"><em class=\"ng-binding\">Lotta Lotass<\/em><\/div><div class=\"source ng-scope\"><span class=\"source_header sc ng-scope\">k\u00e4lla:\u00a0<\/span><i>Den svenska litteraturen. V: Modernister och arbetardiktare 1920\u20131950<\/i>, red. Lars L\u00f6nnroth &amp; Sven Delblanc<\/div><\/div><\/div><\/div>\t\t\t\t\t\t\t\t<\/div>\n\t\t\t\t<\/div>\n\t\t\t\t\t<\/div>\n\t\t<\/div>\n\t\t\t\t<div class=\"elementor-column elementor-col-25 elementor-top-column elementor-element elementor-element-48a77f0\" data-id=\"48a77f0\" data-element_type=\"column\" data-e-type=\"column\">\n\t\t\t<div class=\"elementor-widget-wrap elementor-element-populated\">\n\t\t\t\t\t\t<div class=\"elementor-element elementor-element-705a895 elementor-widget elementor-widget-spacer\" data-id=\"705a895\" data-element_type=\"widget\" data-e-type=\"widget\" data-widget_type=\"spacer.default\">\n\t\t\t\t<div class=\"elementor-widget-container\">\n\t\t\t\t\t\t\t<div class=\"elementor-spacer\">\n\t\t\t<div class=\"elementor-spacer-inner\"><\/div>\n\t\t<\/div>\n\t\t\t\t\t\t<\/div>\n\t\t\t\t<\/div>\n\t\t\t\t<div class=\"elementor-element elementor-element-1f3066d elementor-widget elementor-widget-image\" data-id=\"1f3066d\" data-element_type=\"widget\" data-e-type=\"widget\" data-widget_type=\"image.default\">\n\t\t\t\t<div class=\"elementor-widget-container\">\n\t\t\t\t\t\t\t\t\t\t\t\t\t\t\t<img fetchpriority=\"high\" decoding=\"async\" width=\"300\" height=\"300\" src=\"https:\/\/litteraturbanken.se\/skolan\/wp-content\/uploads\/2019\/03\/lb_skolan_2019_knapp_f\u00f6rfattarbild_s\u00f6dergran_gul-e1553013169957.jpg\" class=\"attachment-full size-full wp-image-13792\" alt=\"\" \/>\t\t\t\t\t\t\t\t\t\t\t\t\t\t\t<\/div>\n\t\t\t\t<\/div>\n\t\t\t\t<div class=\"elementor-element elementor-element-d71336d elementor-icon-list--layout-traditional elementor-list-item-link-full_width elementor-widget elementor-widget-icon-list\" data-id=\"d71336d\" data-element_type=\"widget\" data-e-type=\"widget\" data-widget_type=\"icon-list.default\">\n\t\t\t\t<div class=\"elementor-widget-container\">\n\t\t\t\t\t\t\t<ul class=\"elementor-icon-list-items\">\n\t\t\t\t\t\t\t<li class=\"elementor-icon-list-item\">\n\t\t\t\t\t\t\t\t\t\t\t<a href=\"https:\/\/litteraturbanken.se\/skolan\/wp-content\/uploads\/2019\/01\/SodergranE_presentation.pdf\" target=\"_blank\">\n\n\t\t\t\t\t\t\t\t\t\t\t\t<span class=\"elementor-icon-list-icon\">\n\t\t\t\t\t\t\t\t\t\t\t\t\t\t\t\t<i class=\"fa fa-file-text-o\" aria-hidden=\"true\"><\/i>\n\t\t\t\t\t\t\t\t\t\t\t\t\t<\/span>\n\t\t\t\t\t\t\t\t\t\t<span class=\"elementor-icon-list-text\">L\u00e4s \u00e4nnu mer om Edith S\u00f6dergran (PDF)<\/span>\n\t\t\t\t\t\t\t\t\t\t\t<\/a>\n\t\t\t\t\t\t\t\t\t<\/li>\n\t\t\t\t\t\t<\/ul>\n\t\t\t\t\t\t<\/div>\n\t\t\t\t<\/div>\n\t\t\t\t<div class=\"elementor-element elementor-element-aa25aa4 elementor-widget elementor-widget-spacer\" data-id=\"aa25aa4\" data-element_type=\"widget\" data-e-type=\"widget\" data-widget_type=\"spacer.default\">\n\t\t\t\t<div class=\"elementor-widget-container\">\n\t\t\t\t\t\t\t<div class=\"elementor-spacer\">\n\t\t\t<div class=\"elementor-spacer-inner\"><\/div>\n\t\t<\/div>\n\t\t\t\t\t\t<\/div>\n\t\t\t\t<\/div>\n\t\t\t\t\t<\/div>\n\t\t<\/div>\n\t\t\t\t<div class=\"elementor-column elementor-col-25 elementor-top-column elementor-element elementor-element-0e44f47\" data-id=\"0e44f47\" data-element_type=\"column\" data-e-type=\"column\">\n\t\t\t<div class=\"elementor-widget-wrap elementor-element-populated\">\n\t\t\t\t\t\t<div class=\"elementor-element elementor-element-19e5374 elementor-widget elementor-widget-spacer\" data-id=\"19e5374\" data-element_type=\"widget\" data-e-type=\"widget\" data-widget_type=\"spacer.default\">\n\t\t\t\t<div class=\"elementor-widget-container\">\n\t\t\t\t\t\t\t<div class=\"elementor-spacer\">\n\t\t\t<div class=\"elementor-spacer-inner\"><\/div>\n\t\t<\/div>\n\t\t\t\t\t\t<\/div>\n\t\t\t\t<\/div>\n\t\t\t\t<div class=\"elementor-element elementor-element-a40d775 elementor-widget elementor-widget-spacer\" data-id=\"a40d775\" data-element_type=\"widget\" data-e-type=\"widget\" data-widget_type=\"spacer.default\">\n\t\t\t\t<div class=\"elementor-widget-container\">\n\t\t\t\t\t\t\t<div class=\"elementor-spacer\">\n\t\t\t<div class=\"elementor-spacer-inner\"><\/div>\n\t\t<\/div>\n\t\t\t\t\t\t<\/div>\n\t\t\t\t<\/div>\n\t\t\t\t\t<\/div>\n\t\t<\/div>\n\t\t\t\t\t<\/div>\n\t\t<\/section>\n\t\t\t\t<\/div>\n\t\t","protected":false},"excerpt":{"rendered":"<p>Edith S\u00f6dergran EDITH S\u00d6DERGRAN (1892\u20131923) kom till v\u00e4rlden i Sankt Petersburg och b\u00f6rjade redan tidigt skriva dikt, d\u00e5 bunden p\u00e5\u00a0rim\u00a0och meter och skriven p\u00e5 skolspr\u00e5ket tyska. D\u00e5 hon var femton \u00e5r gammal dog hennes far i tuberkulos; en sjukdom som ocks\u00e5 strax d\u00e4refter fick sitt grepp om henne. L\u00e5nga vistelser p\u00e5 sanatorier i Finland och [&hellip;]<\/p>\n","protected":false},"author":5,"featured_media":0,"parent":0,"menu_order":0,"comment_status":"closed","ping_status":"closed","template":"","meta":{"ocean_post_layout":"full-screen","ocean_both_sidebars_style":"","ocean_both_sidebars_content_width":0,"ocean_both_sidebars_sidebars_width":0,"ocean_sidebar":"0","ocean_second_sidebar":"0","ocean_disable_margins":"enable","ocean_add_body_class":"","ocean_shortcode_before_top_bar":"","ocean_shortcode_after_top_bar":"","ocean_shortcode_before_header":"","ocean_shortcode_after_header":"","ocean_has_shortcode":"","ocean_shortcode_after_title":"","ocean_shortcode_before_footer_widgets":"","ocean_shortcode_after_footer_widgets":"","ocean_shortcode_before_footer_bottom":"","ocean_shortcode_after_footer_bottom":"","ocean_display_top_bar":"default","ocean_display_header":"default","ocean_header_style":"","ocean_center_header_left_menu":"0","ocean_custom_header_template":"0","ocean_custom_logo":0,"ocean_custom_retina_logo":0,"ocean_custom_logo_max_width":0,"ocean_custom_logo_tablet_max_width":0,"ocean_custom_logo_mobile_max_width":0,"ocean_custom_logo_max_height":0,"ocean_custom_logo_tablet_max_height":0,"ocean_custom_logo_mobile_max_height":0,"ocean_header_custom_menu":"0","ocean_menu_typo_font_family":"0","ocean_menu_typo_font_subset":"","ocean_menu_typo_font_size":0,"ocean_menu_typo_font_size_tablet":0,"ocean_menu_typo_font_size_mobile":0,"ocean_menu_typo_font_size_unit":"px","ocean_menu_typo_font_weight":"","ocean_menu_typo_font_weight_tablet":"","ocean_menu_typo_font_weight_mobile":"","ocean_menu_typo_transform":"","ocean_menu_typo_transform_tablet":"","ocean_menu_typo_transform_mobile":"","ocean_menu_typo_line_height":0,"ocean_menu_typo_line_height_tablet":0,"ocean_menu_typo_line_height_mobile":0,"ocean_menu_typo_line_height_unit":"","ocean_menu_typo_spacing":0,"ocean_menu_typo_spacing_tablet":0,"ocean_menu_typo_spacing_mobile":0,"ocean_menu_typo_spacing_unit":"","ocean_menu_link_color":"","ocean_menu_link_color_hover":"","ocean_menu_link_color_active":"","ocean_menu_link_background":"","ocean_menu_link_hover_background":"","ocean_menu_link_active_background":"","ocean_menu_social_links_bg":"","ocean_menu_social_hover_links_bg":"","ocean_menu_social_links_color":"","ocean_menu_social_hover_links_color":"","ocean_disable_title":"on","ocean_disable_heading":"default","ocean_post_title":"","ocean_post_subheading":"","ocean_post_title_style":"","ocean_post_title_background_color":"","ocean_post_title_background":0,"ocean_post_title_bg_image_position":"","ocean_post_title_bg_image_attachment":"","ocean_post_title_bg_image_repeat":"","ocean_post_title_bg_image_size":"","ocean_post_title_height":0,"ocean_post_title_bg_overlay":0.5,"ocean_post_title_bg_overlay_color":"","ocean_disable_breadcrumbs":"default","ocean_breadcrumbs_color":"","ocean_breadcrumbs_separator_color":"","ocean_breadcrumbs_links_color":"","ocean_breadcrumbs_links_hover_color":"","ocean_display_footer_widgets":"default","ocean_display_footer_bottom":"default","ocean_custom_footer_template":"0","footnotes":""},"class_list":["post-3582","page","type-page","status-publish","hentry","entry"],"_links":{"self":[{"href":"https:\/\/litteraturbanken.se\/skolan\/wp-json\/wp\/v2\/pages\/3582","targetHints":{"allow":["GET"]}}],"collection":[{"href":"https:\/\/litteraturbanken.se\/skolan\/wp-json\/wp\/v2\/pages"}],"about":[{"href":"https:\/\/litteraturbanken.se\/skolan\/wp-json\/wp\/v2\/types\/page"}],"author":[{"embeddable":true,"href":"https:\/\/litteraturbanken.se\/skolan\/wp-json\/wp\/v2\/users\/5"}],"replies":[{"embeddable":true,"href":"https:\/\/litteraturbanken.se\/skolan\/wp-json\/wp\/v2\/comments?post=3582"}],"version-history":[{"count":13,"href":"https:\/\/litteraturbanken.se\/skolan\/wp-json\/wp\/v2\/pages\/3582\/revisions"}],"predecessor-version":[{"id":20516,"href":"https:\/\/litteraturbanken.se\/skolan\/wp-json\/wp\/v2\/pages\/3582\/revisions\/20516"}],"wp:attachment":[{"href":"https:\/\/litteraturbanken.se\/skolan\/wp-json\/wp\/v2\/media?parent=3582"}],"curies":[{"name":"wp","href":"https:\/\/api.w.org\/{rel}","templated":true}]}}